{"id":64,"date":"2019-11-24T15:16:11","date_gmt":"2019-11-24T15:16:11","guid":{"rendered":"http:\/\/website.feuerwehr-altenglan.de\/?page_id=64"},"modified":"2025-02-20T15:38:17","modified_gmt":"2025-02-20T14:38:17","slug":"einsaetze-2020","status":"publish","type":"page","link":"https:\/\/www.feuerwehr-altenglan.de\/?page_id=64","title":{"rendered":"Eins\u00e4tze 2020"},"content":{"rendered":"<p>[et_pb_section fb_built=&#8220;1&#8243; _builder_version=&#8220;4.27.4&#8243; _module_preset=&#8220;default&#8220; custom_padding=&#8220;0px||0px||true|false&#8220; global_colors_info=&#8220;{}&#8220;][et_pb_row column_structure=&#8220;2_3,1_3&#8243; _builder_version=&#8220;4.27.4&#8243; _module_preset=&#8220;default&#8220; width=&#8220;100%&#8220; max_width=&#8220;80%&#8220; module_alignment=&#8220;center&#8220; global_colors_info=&#8220;{}&#8220;][et_pb_column type=&#8220;2_3&#8243; _builder_version=&#8220;4.27.4&#8243; _module_preset=&#8220;default&#8220; background_color=&#8220;#f5f5f5&#8243; custom_padding=&#8220;3em|3em|3em|3em|true|true&#8220; border_radii=&#8220;on|15px|15px|15px|15px&#8220; global_colors_info=&#8220;{}&#8220;][et_pb_heading title=&#8220;Eins\u00e4tze im Jahr 2020&#8243; _builder_version=&#8220;4.27.4&#8243; _module_preset=&#8220;default&#8220; title_text_align=&#8220;center&#8220; global_colors_info=&#8220;{}&#8220;][\/et_pb_heading][et_pb_text _builder_version=&#8220;4.27.4&#8243; _module_preset=&#8220;default&#8220; hover_enabled=&#8220;0&#8243; global_colors_info=&#8220;{}&#8220; sticky_enabled=&#8220;0&#8243;]<\/p>\n<table>\n<tbody>\n<tr>\n<td width=\"94\">\n<p><strong>Lfd. Nr.<\/strong><\/p>\n<\/td>\n<td width=\"123\">\n<p><strong>Datum<\/strong><\/p>\n<\/td>\n<td width=\"387\">\n<p><strong>Einsatz<\/strong><\/p>\n<\/td>\n<\/tr>\n<tr>\n<td width=\"94\">\n<p>95<\/p>\n<\/td>\n<td width=\"123\">\n<p>17.12.2020<\/p>\n<\/td>\n<td width=\"387\">\n<p>S1 Einsatz nach R\u00fccksprache<\/p>\n<\/td>\n<\/tr>\n<tr>\n<td width=\"94\">\n<p>94<\/p>\n<\/td>\n<td width=\"123\">\n<p>10.12.2020<\/p>\n<\/td>\n<td width=\"387\">\n<p>Absichern einer Unfallstelle in Altenglan<\/p>\n<\/td>\n<\/tr>\n<tr>\n<td width=\"94\">\n<p>93<\/p>\n<\/td>\n<td width=\"123\">\n<p>09.12.2020<\/p>\n<\/td>\n<td width=\"387\">\n<p>Amtshilfe f\u00fcr die Polizei in Oberstaufenbach<\/p>\n<\/td>\n<\/tr>\n<tr>\n<td width=\"94\">\n<p>92<\/p>\n<\/td>\n<td width=\"123\">\n<p>08.12.2020<\/p>\n<\/td>\n<td width=\"387\">\n<p>B1 Rauchentwicklung im Freien in Bosenbach<\/p>\n<\/td>\n<\/tr>\n<tr>\n<td width=\"94\">\n<p>91<\/p>\n<\/td>\n<td width=\"123\">\n<p>07.12.2020<\/p>\n<\/td>\n<td width=\"387\">\n<p>B2 Rauchentwicklung aus Geb\u00e4ude unklar in Welchweiler<\/p>\n<\/td>\n<\/tr>\n<tr>\n<td width=\"94\">\n<p>90<\/p>\n<\/td>\n<td width=\"123\">\n<p>04.12.2020<\/p>\n<\/td>\n<td width=\"387\">\n<p>H2 Verkehrsunfall auf der B420 in Rammelsbach<\/p>\n<\/td>\n<\/tr>\n<tr>\n<td width=\"94\">\n<p>89<\/p>\n<\/td>\n<td width=\"123\">\n<p>04.12.2020<\/p>\n<\/td>\n<td width=\"387\">\n<p>Unterst\u00fctzung TLF 20\/40 bei einem Geb\u00e4udebrand in Unterjeckenbach (VG Lauterecken\/Wolfstein)<\/p>\n<\/td>\n<\/tr>\n<tr>\n<td width=\"94\">\n<p>88<\/p>\n<\/td>\n<td width=\"123\">\n<p>27.11.2020<\/p>\n<\/td>\n<td width=\"387\">\n<p>H2 Verkehrsunfall auf der B423 Altenglan i.R M\u00fchlbach<\/p>\n<\/td>\n<\/tr>\n<tr>\n<td width=\"94\">\n<p>87<\/p>\n<\/td>\n<td width=\"123\">\n<p>27.11.2020<\/p>\n<\/td>\n<td width=\"387\">\n<p>B2 Fahrzeugbrand gro\u00df in Rammelsbach<\/p>\n<\/td>\n<\/tr>\n<tr>\n<td width=\"94\">\n<p>86<\/p>\n<\/td>\n<td width=\"123\">\n<p>25.11.2020<\/p>\n<\/td>\n<td width=\"387\">\n<p>B2 Rauchentwicklung aus Geb\u00e4ude unklar in Erdesbach<\/p>\n<\/td>\n<\/tr>\n<tr>\n<td width=\"94\">\n<p>85<\/p>\n<\/td>\n<td width=\"123\">\n<p>21.11.2020<\/p>\n<\/td>\n<td width=\"387\">\n<p>H2 Notfallt\u00fcr\u00f6ffnung dringend in Altenglan<\/p>\n<\/td>\n<\/tr>\n<tr>\n<td width=\"94\">\n<p>84<\/p>\n<\/td>\n<td width=\"123\">\n<p>18.11.2020<\/p>\n<\/td>\n<td width=\"387\">\n<p>H2 Notfallt\u00fcr\u00f6ffnung dringend in Altenglan<\/p>\n<\/td>\n<\/tr>\n<tr>\n<td width=\"94\">\n<p>83<\/p>\n<\/td>\n<td width=\"123\">\n<p>05.11.2020<\/p>\n<\/td>\n<td width=\"387\">\n<p>B2 Brandmeldealarm in Altenglan<\/p>\n<\/td>\n<\/tr>\n<tr>\n<td width=\"94\">\n<p>82<\/p>\n<\/td>\n<td width=\"123\">\n<p>29.10.2020<\/p>\n<\/td>\n<td width=\"387\">\n<p>H2 Notfallt\u00fcr\u00f6ffnung dringend in Rammelsbach<\/p>\n<\/td>\n<\/tr>\n<tr>\n<td width=\"94\">\n<p>81<\/p>\n<\/td>\n<td width=\"123\">\n<p>22.10.2020<\/p>\n<\/td>\n<td width=\"387\">\n<p>H2 Tragehilfe f\u00fcr den Rettungsdienst in Ulmet<\/p>\n<\/td>\n<\/tr>\n<tr>\n<td width=\"94\">\n<p>80<\/p>\n<\/td>\n<td width=\"123\">\n<p>20.10.2020<\/p>\n<\/td>\n<td width=\"387\">\n<p>Kaminbrand in Ulmet<\/p>\n<\/td>\n<\/tr>\n<tr>\n<td width=\"94\">\n<p>79<\/p>\n<\/td>\n<td width=\"123\">\n<p>19.10.2020<\/p>\n<\/td>\n<td width=\"387\">\n<p>B1 PKW-Brand in Ulmet<\/p>\n<\/td>\n<\/tr>\n<tr>\n<td width=\"94\">\n<p>78<\/p>\n<\/td>\n<td width=\"123\">\n<p>19.10.2020<\/p>\n<\/td>\n<td width=\"387\">\n<p>H2 Verkehrsunfall auf der L169 Niederalben i.R Baumholder<\/p>\n<\/td>\n<\/tr>\n<tr>\n<td width=\"94\">\n<p>77<\/p>\n<\/td>\n<td width=\"123\">\n<p>13.10.2020<\/p>\n<\/td>\n<td width=\"387\">\n<p>H2 Tragehilfe f\u00fcr den Rettungsdienst in Niederalben<\/p>\n<\/td>\n<\/tr>\n<tr>\n<td width=\"94\">\n<p>76<\/p>\n<\/td>\n<td width=\"123\">\n<p>03.10.2020<\/p>\n<\/td>\n<td width=\"387\">\n<p>H1 Tragehilfe f\u00fcr den Rettungsdienst in Ulmet<\/p>\n<\/td>\n<\/tr>\n<tr>\n<td width=\"94\">\n<p>75<\/p>\n<\/td>\n<td width=\"123\">\n<p>22.09.2020<\/p>\n<\/td>\n<td width=\"387\">\n<p>B2 Ausgel\u00f6ste Brandmeldeanlage in Rammelsbach<\/p>\n<\/td>\n<\/tr>\n<tr>\n<td width=\"94\">\n<p>74<\/p>\n<\/td>\n<td width=\"123\">\n<p>21.09.2020<\/p>\n<\/td>\n<td width=\"387\">\n<p>H2 Motorradunfall auf der L169 Niederalben i.R Baumholder<\/p>\n<\/td>\n<\/tr>\n<tr>\n<td width=\"94\">\n<p>73<\/p>\n<\/td>\n<td width=\"123\">\n<p>18.09.2020<\/p>\n<\/td>\n<td width=\"387\">\n<p>S1 Einsatz nach R\u00fccksprache<\/p>\n<\/td>\n<\/tr>\n<tr>\n<td width=\"94\">\n<p>72<\/p>\n<\/td>\n<td width=\"123\">\n<p>16.09.2020<\/p>\n<\/td>\n<td width=\"387\">\n<p>B2 Ausgel\u00f6ste Brandmeldeanlage in Rammelsbach<\/p>\n<\/td>\n<\/tr>\n<tr>\n<td width=\"94\">\n<p>71<\/p>\n<\/td>\n<td width=\"123\">\n<p>14.09.2020<\/p>\n<\/td>\n<td width=\"387\">\n<p>B2 Ausgel\u00f6ste Brandmeldeanlage in Rammelsbach<\/p>\n<\/td>\n<\/tr>\n<tr>\n<td width=\"94\">\n<p>70<\/p>\n<\/td>\n<td width=\"123\">\n<p>13.09.2020<\/p>\n<\/td>\n<td width=\"387\">\n<p>G1 auslaufende Betriebsmittel nach Verkehrsunfall in Altenglan<\/p>\n<\/td>\n<\/tr>\n<tr>\n<td width=\"94\">\n<p>69<\/p>\n<\/td>\n<td width=\"123\">\n<p>09.09.2020<\/p>\n<\/td>\n<td width=\"387\">\n<p>H2 Motorradunfall auf der L367 Niederstaufenbach i.R Friedelhausen<\/p>\n<\/td>\n<\/tr>\n<tr>\n<td width=\"94\">\n<p>68<\/p>\n<\/td>\n<td width=\"123\">\n<p>04.09.2020<\/p>\n<\/td>\n<td width=\"387\">\n<p>H2 Notfallt\u00fcr\u00f6ffnung dringend in Erdesbach<\/p>\n<\/td>\n<\/tr>\n<tr>\n<td width=\"94\">\n<p>67<\/p>\n<\/td>\n<td width=\"123\">\n<p>29.08.2020<\/p>\n<\/td>\n<td width=\"387\">\n<p>H2 Person in Zwangslage in Elzweiler<\/p>\n<\/td>\n<\/tr>\n<tr>\n<td width=\"94\">\n<p>66<\/p>\n<\/td>\n<td width=\"123\">\n<p>29.08.2020<\/p>\n<\/td>\n<td width=\"387\">\n<p>MZF-Gruppe Materialaustausch in Pfeffelbach<\/p>\n<\/td>\n<\/tr>\n<tr>\n<td width=\"94\">\n<p>65<\/p>\n<\/td>\n<td width=\"123\">\n<p>28.08.2020<\/p>\n<\/td>\n<td width=\"387\">\n<p>MZF-Gruppe Materialaustausch in Kusel<\/p>\n<\/td>\n<\/tr>\n<tr>\n<td width=\"94\">\n<p>64<\/p>\n<\/td>\n<td width=\"123\">\n<p>26.08.2020<\/p>\n<\/td>\n<td width=\"387\">\n<p>Personensuche in Bedesbach<\/p>\n<\/td>\n<\/tr>\n<tr>\n<td width=\"94\">\n<p>63<\/p>\n<\/td>\n<td width=\"123\">\n<p>26.08.2020<\/p>\n<\/td>\n<td width=\"387\">\n<p>H1 umgest\u00fcrzter Baum in Erdesbach<\/p>\n<\/td>\n<\/tr>\n<tr>\n<td width=\"94\">\n<p>62<\/p>\n<\/td>\n<td width=\"123\">\n<p>21.08.2020<\/p>\n<\/td>\n<td width=\"387\">\n<p>H1 Tragehilfe f\u00fcr den Rettungsdienst in Rammelsbach<\/p>\n<\/td>\n<\/tr>\n<tr>\n<td width=\"94\">\n<p>61<\/p>\n<\/td>\n<td width=\"123\">\n<p>20.08.2020<\/p>\n<\/td>\n<td width=\"387\">\n<p>Personensuche in Altenglan<\/p>\n<\/td>\n<\/tr>\n<tr>\n<td width=\"94\">\n<p>60<\/p>\n<\/td>\n<td width=\"123\">\n<p>20.08.2020<\/p>\n<\/td>\n<td width=\"387\">\n<p>H2 Person unter Baum eingeklemmt in Oberstaufenbach<\/p>\n<\/td>\n<\/tr>\n<tr>\n<td width=\"94\">\n<p>59<\/p>\n<\/td>\n<td width=\"123\">\n<p>06.08.2020<\/p>\n<\/td>\n<td width=\"387\">\n<p>B1 Rauchentwicklung im Freien Niederalben i.R Baumholder<\/p>\n<\/td>\n<\/tr>\n<tr>\n<td width=\"94\">\n<p>58<\/p>\n<\/td>\n<td width=\"123\">\n<p>05.08.2020<\/p>\n<\/td>\n<td width=\"387\">\n<p>S1 unbekannte Fl\u00fcssigkeit auf Gew\u00e4sser in Ulmet<\/p>\n<\/td>\n<\/tr>\n<tr>\n<td width=\"94\">\n<p>57<\/p>\n<\/td>\n<td width=\"123\">\n<p>05.08.2020<\/p>\n<\/td>\n<td width=\"387\">\n<p>B1 Fl\u00e4chenbrand Niederalben i.R Baumholder<\/p>\n<\/td>\n<\/tr>\n<tr>\n<td width=\"94\">\n<p>56<\/p>\n<\/td>\n<td width=\"123\">\n<p>02.08.2020<\/p>\n<\/td>\n<td width=\"387\">\n<p>H2 Tragehilfe f\u00fcr den Rettungsdienst in M\u00fchlbach<\/p>\n<\/td>\n<\/tr>\n<tr>\n<td width=\"94\">\n<p>55<\/p>\n<\/td>\n<td width=\"123\">\n<p>31.07.2020<\/p>\n<\/td>\n<td width=\"387\">\n<p>Unterst\u00fctzung TLF 20\/40 bei einem Fl\u00e4chenbrand in Albessen i.R Ehweiler<\/p>\n<\/td>\n<\/tr>\n<tr>\n<td width=\"94\">\n<p>54<\/p>\n<\/td>\n<td width=\"123\">\n<p>30.07.2020<\/p>\n<\/td>\n<td width=\"387\">\n<p>MZF-Gruppe Materialaustausch in Osterbr\u00fccken (Saarland)<\/p>\n<\/td>\n<\/tr>\n<tr>\n<td width=\"94\">\n<p>53<\/p>\n<\/td>\n<td width=\"123\">\n<p>30.07.2020<\/p>\n<\/td>\n<td width=\"387\">\n<p>Wachbereitschaft f\u00fcr die Feuerwehr Kusel<\/p>\n<\/td>\n<\/tr>\n<tr>\n<td width=\"94\">\n<p>52<\/p>\n<\/td>\n<td width=\"123\">\n<p>30.07.2020<\/p>\n<\/td>\n<td width=\"387\">\n<p>Unterst\u00fctzung TLF 20\/40 bei einem Waldbrand in Osterbr\u00fccken (Saarland)<\/p>\n<\/td>\n<\/tr>\n<tr>\n<td width=\"94\">\n<p>51<\/p>\n<\/td>\n<td width=\"123\">\n<p>29.07.2020<\/p>\n<\/td>\n<td width=\"387\">\n<p>B1 M\u00fcllcontainerbrand in M\u00fchlbach<\/p>\n<\/td>\n<\/tr>\n<tr>\n<td width=\"94\">\n<p>50<\/p>\n<\/td>\n<td width=\"123\">\n<p>27.07.2020<\/p>\n<\/td>\n<td width=\"387\">\n<p>Fl\u00e4chenbrand in Konken<\/p>\n<\/td>\n<\/tr>\n<tr>\n<td width=\"94\">\n<p>49<\/p>\n<\/td>\n<td width=\"123\">\n<p>25.07.2020<\/p>\n<\/td>\n<td width=\"387\">\n<p>Notfallt\u00fcr\u00f6ffnung dringend in M\u00fchlbach<\/p>\n<\/td>\n<\/tr>\n<tr>\n<td width=\"94\">\n<p>48<\/p>\n<\/td>\n<td width=\"123\">\n<p>20.07.2020<\/p>\n<\/td>\n<td width=\"387\">\n<p>Notfallt\u00fcr\u00f6ffnung dringend in Altenglan<\/p>\n<\/td>\n<\/tr>\n<tr>\n<td width=\"94\">\n<p>47<\/p>\n<\/td>\n<td width=\"123\">\n<p>10.07.2020<\/p>\n<\/td>\n<td width=\"387\">\n<p>H1 Tierhilfe in Oberstaufenbach<\/p>\n<\/td>\n<\/tr>\n<tr>\n<td width=\"94\">\n<p>46<\/p>\n<\/td>\n<td width=\"123\">\n<p>09.07.2020<\/p>\n<\/td>\n<td width=\"387\">\n<p>Stromausfall in Ulmet , Patersbach und Bedesbach<\/p>\n<\/td>\n<\/tr>\n<tr>\n<td width=\"94\">\n<p>45<\/p>\n<\/td>\n<td width=\"123\">\n<p>01.07.2020<\/p>\n<\/td>\n<td width=\"387\">\n<p>H1 Tierhilfe in Ulmet<\/p>\n<\/td>\n<\/tr>\n<tr>\n<td width=\"94\">\n<p>44<\/p>\n<\/td>\n<td width=\"123\">\n<p>28.06.2020<\/p>\n<\/td>\n<td width=\"387\">\n<p>H1 umgest\u00fcrzter Baum auf der L367 Niederstaufenbach i.R. Friedelhausen<\/p>\n<\/td>\n<\/tr>\n<tr>\n<td width=\"94\">\n<p>43<\/p>\n<\/td>\n<td width=\"123\">\n<p>25.06.2020<\/p>\n<\/td>\n<td width=\"387\">\n<p>Brandmeldealarm in Altenglan<\/p>\n<\/td>\n<\/tr>\n<tr>\n<td width=\"94\">\n<p>42<\/p>\n<\/td>\n<td width=\"123\">\n<p>25.06.2020<\/p>\n<\/td>\n<td width=\"387\">\n<p>H1 Tragehilfe f\u00fcr den Rettungsdienst in M\u00fchlbach<\/p>\n<\/td>\n<\/tr>\n<tr>\n<td width=\"94\">\n<p>41<\/p>\n<\/td>\n<td width=\"123\">\n<p>08.06.2020<\/p>\n<\/td>\n<td width=\"387\">\n<p>Notfallt\u00fcr\u00f6ffnung dringend in Bedesbach<\/p>\n<\/td>\n<\/tr>\n<tr>\n<td width=\"94\">\n<p>40<\/p>\n<\/td>\n<td width=\"123\">\n<p>03.06.2020<\/p>\n<\/td>\n<td width=\"387\">\n<p>B1 PKW-Brand auf der K22 Ulmet i.R Mayweilerhof<\/p>\n<\/td>\n<\/tr>\n<tr>\n<td width=\"94\">\n<p>39<\/p>\n<\/td>\n<td width=\"123\">\n<p>01.06.2020<\/p>\n<\/td>\n<td width=\"387\">\n<p>B1 Rauchentwicklung im Freien in Altenglan<\/p>\n<\/td>\n<\/tr>\n<tr>\n<td width=\"94\">\n<p>38<\/p>\n<\/td>\n<td width=\"123\">\n<p>30.05.2020<\/p>\n<\/td>\n<td width=\"387\">\n<p>Materialaustausch nach Brandeinsatz in Herchweiler i.O.<\/p>\n<\/td>\n<\/tr>\n<tr>\n<td width=\"94\">\n<p>37<\/p>\n<\/td>\n<td width=\"123\">\n<p>16.05.2020<\/p>\n<\/td>\n<td width=\"387\">\n<p>W2 \u00d6l auf Gew\u00e4sser in Ulmet<\/p>\n<\/td>\n<\/tr>\n<tr>\n<td width=\"94\">\n<p>36<\/p>\n<\/td>\n<td width=\"123\">\n<p>15.05.2020<\/p>\n<\/td>\n<td width=\"387\">\n<p>G1 Auslaufende Betriebsmittel nach Verkehrsunfall auf der B420 Erdesbach i.R Ulmet<\/p>\n<\/td>\n<\/tr>\n<tr>\n<td width=\"94\">\n<p>35<\/p>\n<\/td>\n<td width=\"123\">\n<p>15.05.2020<\/p>\n<\/td>\n<td width=\"387\">\n<p>G1 Auslaufende Betriebsmittel nach Verkehrsunfall auf der L370 Bosenbach i.R Jettenbach<\/p>\n<\/td>\n<\/tr>\n<tr>\n<td width=\"94\">\n<p>34<\/p>\n<\/td>\n<td width=\"123\">\n<p>02.05.2020<\/p>\n<\/td>\n<td width=\"387\">\n<p>H1 Baum \u00fcber Fahrbahn Oberstaufenbach i.R Neunkirchen<\/p>\n<\/td>\n<\/tr>\n<tr>\n<td width=\"94\">\n<p>33<\/p>\n<\/td>\n<td width=\"123\">\n<p>30.04.2020<\/p>\n<\/td>\n<td width=\"387\">\n<p>B2 Fahrzeugbrand in Altenglan<\/p>\n<\/td>\n<\/tr>\n<tr>\n<td width=\"94\">\n<p>32<\/p>\n<\/td>\n<td width=\"123\">\n<p>29.04.2020<\/p>\n<\/td>\n<td width=\"387\">\n<p>B1 Fl\u00e4chenbrand in Rammelsbach<\/p>\n<\/td>\n<\/tr>\n<tr>\n<td width=\"94\">\n<p>31<\/p>\n<\/td>\n<td width=\"123\">\n<p>25.04.2020<\/p>\n<\/td>\n<td width=\"387\">\n<p>B2 Kaminbrand in Rammelsbach<\/p>\n<\/td>\n<\/tr>\n<tr>\n<td width=\"94\">\n<p>30<\/p>\n<\/td>\n<td width=\"123\">\n<p>11.04.2020<\/p>\n<\/td>\n<td width=\"387\">\n<p>B1 Rauchentwicklung im Freien in Altenglan<\/p>\n<\/td>\n<\/tr>\n<tr>\n<td width=\"94\">\n<p>29<\/p>\n<\/td>\n<td width=\"123\">\n<p>11.04.2020<\/p>\n<\/td>\n<td width=\"387\">\n<p>H1 Tragehilfe f\u00fcr den Rettungsdienst in Rammelsbach<\/p>\n<\/td>\n<\/tr>\n<tr>\n<td width=\"94\">\n<p>28<\/p>\n<\/td>\n<td width=\"123\">\n<p>04.04.2020<\/p>\n<\/td>\n<td width=\"387\">\n<p>B2 Nebengeb\u00e4udebrand in Altenglan<\/p>\n<\/td>\n<\/tr>\n<tr>\n<td width=\"94\">\n<p>27<\/p>\n<\/td>\n<td width=\"123\">\n<p>26.03.2020<\/p>\n<\/td>\n<td width=\"387\">\n<p>B1 Brandnachschau in Altenglan<\/p>\n<\/td>\n<\/tr>\n<tr>\n<td width=\"94\">\n<p>26<\/p>\n<\/td>\n<td width=\"123\">\n<p>26.03.2020<\/p>\n<\/td>\n<td width=\"387\">\n<p>B3 Geb\u00e4udevollbrand in Altenglan<\/p>\n<\/td>\n<\/tr>\n<tr>\n<td width=\"94\">\n<p>25<\/p>\n<\/td>\n<td width=\"123\">\n<p>18.03.2020<\/p>\n<\/td>\n<td width=\"387\">\n<p>Rauchentwicklung im Freien in Elzweiler<\/p>\n<\/td>\n<\/tr>\n<tr>\n<td width=\"94\">\n<p>24<\/p>\n<\/td>\n<td width=\"123\">\n<p>18.03.2020<\/p>\n<\/td>\n<td width=\"387\">\n<p>Notfallt\u00fcr\u00f6ffnung dringend in Altenglan<\/p>\n<\/td>\n<\/tr>\n<tr>\n<td width=\"94\">\n<p>23<\/p>\n<\/td>\n<td width=\"123\">\n<p>14.03.2020<\/p>\n<\/td>\n<td width=\"387\">\n<p>Rauchentwicklung im Freien in Patersbach<\/p>\n<\/td>\n<\/tr>\n<tr>\n<td width=\"94\">\n<p>22<\/p>\n<\/td>\n<td width=\"123\">\n<p>07.03.2020<\/p>\n<\/td>\n<td width=\"387\">\n<p>Stromausfall in M\u00fchlbach und Rutsweiler<\/p>\n<\/td>\n<\/tr>\n<tr>\n<td width=\"94\">\n<p>21<\/p>\n<\/td>\n<td width=\"123\">\n<p>01.03.2020<\/p>\n<\/td>\n<td width=\"387\">\n<p>Notfallt\u00fcr\u00f6ffnung dringend in M\u00fchlbach<\/p>\n<\/td>\n<\/tr>\n<tr>\n<td width=\"94\">\n<p>20<\/p>\n<\/td>\n<td width=\"123\">\n<p>27.02.2020<\/p>\n<\/td>\n<td width=\"387\">\n<p>Mehrere umgest\u00fcrzte B\u00e4ume und Gro\u00dffl\u00e4chiger Stromausfall in der Verbandsgemeinde<\/p>\n<\/td>\n<\/tr>\n<tr>\n<td width=\"94\">\n<p>19<\/p>\n<\/td>\n<td width=\"123\">\n<p>27.02.2020<\/p>\n<\/td>\n<td width=\"387\">\n<p>B2 Zimmerbrand in Kusel<\/p>\n<\/td>\n<\/tr>\n<tr>\n<td width=\"94\">\n<p>18<\/p>\n<\/td>\n<td width=\"123\">\n<p>22.02.2020<\/p>\n<\/td>\n<td width=\"387\">\n<p>Notfallt\u00fcr\u00f6ffnung dringend in Neunkirchen am Potzberg<\/p>\n<\/td>\n<\/tr>\n<tr>\n<td width=\"94\">\n<p>17<\/p>\n<\/td>\n<td width=\"123\">\n<p>17.02.2020<\/p>\n<\/td>\n<td width=\"387\">\n<p>B2 Kaminbrand in Bosenbach<\/p>\n<\/td>\n<\/tr>\n<tr>\n<td width=\"94\">\n<p>16<\/p>\n<\/td>\n<td width=\"123\">\n<p>17.02.2020<\/p>\n<\/td>\n<td width=\"387\">\n<p>Stromausfall in Altenglan Friedelhausen Horschbach Elzweiler und Welchweiler<\/p>\n<\/td>\n<\/tr>\n<tr>\n<td width=\"94\">\n<p>15<\/p>\n<\/td>\n<td width=\"123\">\n<p>12.02.2020<\/p>\n<\/td>\n<td width=\"387\">\n<p>Notfallt\u00fcr\u00f6ffnung dringend in Altenglan<\/p>\n<\/td>\n<\/tr>\n<tr>\n<td width=\"94\">\n<p>14<\/p>\n<\/td>\n<td width=\"123\">\n<p>11.02.2020<\/p>\n<\/td>\n<td width=\"387\">\n<p>Wassernotstand in Altenglan<\/p>\n<\/td>\n<\/tr>\n<tr>\n<td width=\"94\">\n<p>13<\/p>\n<\/td>\n<td width=\"123\">\n<p>10.02.2020<\/p>\n<\/td>\n<td width=\"387\">\n<p>Wassernotstand in Ulmet<\/p>\n<\/td>\n<\/tr>\n<tr>\n<td width=\"94\">\n<p>12<\/p>\n<\/td>\n<td width=\"123\">\n<p>10.02.2020<\/p>\n<\/td>\n<td width=\"387\">\n<p>BMA in Rammelsbach<\/p>\n<\/td>\n<\/tr>\n<tr>\n<td width=\"94\">\n<p>11<\/p>\n<\/td>\n<td width=\"123\">\n<p>10.02.2020<\/p>\n<\/td>\n<td width=\"387\">\n<p>Mehrere Unwettereins\u00e4tze in der Verbandsgemeinde<\/p>\n<\/td>\n<\/tr>\n<tr>\n<td width=\"94\">\n<p>10<\/p>\n<\/td>\n<td width=\"123\">\n<p>09.02.2020<\/p>\n<\/td>\n<td width=\"387\">\n<p>S1 Abgedecktes Dach in Rammelsbach<\/p>\n<\/td>\n<\/tr>\n<tr>\n<td width=\"94\">\n<p>9<\/p>\n<\/td>\n<td width=\"123\">\n<p>09.02.2020<\/p>\n<\/td>\n<td width=\"387\">\n<p>H1 umgest\u00fcrzter Baum B420 Patersbach i.R Erdesbach<\/p>\n<\/td>\n<\/tr>\n<tr>\n<td width=\"94\">\n<p>8<\/p>\n<\/td>\n<td width=\"123\">\n<p>09.02.2020<\/p>\n<\/td>\n<td width=\"387\">\n<p>S1 undefinierbarer Geruch in Niederstaufenbach<\/p>\n<\/td>\n<\/tr>\n<tr>\n<td width=\"94\">\n<p>7<\/p>\n<\/td>\n<td width=\"123\">\n<p>04.02.2020<\/p>\n<\/td>\n<td width=\"387\">\n<p>H1 Wassernotstand in Niederalben<\/p>\n<\/td>\n<\/tr>\n<tr>\n<td width=\"94\">\n<p>6<\/p>\n<\/td>\n<td width=\"123\">\n<p>04.02.2020<\/p>\n<\/td>\n<td width=\"387\">\n<p>H1 Wassernotstand in Rammelsbach<\/p>\n<\/td>\n<\/tr>\n<tr>\n<td width=\"94\">\n<p>5<\/p>\n<\/td>\n<td width=\"123\">\n<p>02.02.2020<\/p>\n<\/td>\n<td width=\"387\">\n<p>Baum \u00fcber Fahrbahn auf der L367<\/p>\n<\/td>\n<\/tr>\n<tr>\n<td width=\"94\">\n<p>4<\/p>\n<\/td>\n<td width=\"123\">\n<p>01.02.2020<\/p>\n<\/td>\n<td width=\"387\">\n<p>Mehrere Unwettereins\u00e4tze in Altenglan Bedesbach und Horschbach<\/p>\n<\/td>\n<\/tr>\n<tr>\n<td width=\"94\">\n<p>3<\/p>\n<\/td>\n<td width=\"123\">\n<p>15.01.2020<\/p>\n<\/td>\n<td width=\"387\">\n<p>Verkehrsunfall Person klemmt in M\u00fchlbach<\/p>\n<\/td>\n<\/tr>\n<tr>\n<td width=\"94\">\n<p>2<\/p>\n<\/td>\n<td width=\"123\">\n<p>06.01.2020<\/p>\n<\/td>\n<td width=\"387\">\n<p>Verkehrsunfall auf der K22 Ulmet i.R Mayweilerhof<\/p>\n<\/td>\n<\/tr>\n<tr>\n<td width=\"94\">\n<p>1<\/p>\n<\/td>\n<td width=\"123\">\n<p>04.01.2020<\/p>\n<\/td>\n<td width=\"387\">\n<p>Tragehilfe f\u00fcr den Rettungsdienst in Altenglan<\/p>\n<\/td>\n<\/tr>\n<\/tbody>\n<\/table>\n<p>[\/et_pb_text][\/et_pb_column][et_pb_column type=&#8220;1_3&#8243; _builder_version=&#8220;4.27.4&#8243; _module_preset=&#8220;default&#8220; background_color=&#8220;#f5f5f5&#8243; custom_padding=&#8220;3em|3em|3em|3em|true|true&#8220; border_radii=&#8220;on|15px|15px|15px|15px&#8220; global_colors_info=&#8220;{}&#8220;][et_pb_blurb title=&#8220;N\u00e4chste Termine&#8220; _builder_version=&#8220;4.27.4&#8243; _module_preset=&#8220;default&#8220; header_font=&#8220;|600|||||||&#8220; header_text_align=&#8220;center&#8220; header_line_height=&#8220;2em&#8220; body_line_height=&#8220;1em&#8220; custom_padding=&#8220;1em|1em|1em|1em|true|true&#8220; border_width_all=&#8220;2px&#8220; border_color_all=&#8220;#dbdbdb&#8220; global_colors_info=&#8220;{}&#8220;]\n<section class=\" ics-calendar layout-basic stickymonths\" id=\"r69f2e4f02e03ce6\" style=\"opacity: 1;\">\n\n\t\t\t<article class=\"ics-calendar-basic-wrapper\">\n\n\t\t\t\n\t\t\t<ul class=\"events r34ics-basic-events\">\n\t\t\t\t\t\t\t\t\t\n\t\t\t\t\t\t\t\t\t\t<li class=\"event t190000\" data-dow=\"4\" data-wknum=\"18\" data-rel2today=\"today\" data-feed-key=\"0\">\n\t\t\t\t\t\t\t\t\t\t\t<div class=\"date\"><span data-date-format=\"l\">Donnerstag<\/span> <span data-date-format=\"j\">30<\/span> <span data-date-format=\"F\">April<\/span><\/div>\n\n\t\t\t\t\t\t\t\t\t\t\t<div class=\"event-info\">\n\t\t\t\t\t\t\t\t\t\t\t\t\t\t\t\t\t\t\t\t\t\t\t\t\t<div class=\"time\">\n\t\t\t\t\t\t\t\t\t\t\t\t\t\t<span class=\"start_time\">19:00<\/span>\n\t\t\t\t\t\t\t\t\t\t\t\t\t\t\t\t\t\t\t\t\t\t\t\t\t\t\t\t\t<span class=\"end_time\">&#8211; 21:00<\/span>\n\t\t\t\t\t\t\t\t\t\t\t\t\t\t\t\t\t\t\t\t\t\t\t\t\t\t\t\t<\/div>\n\t\t\t\t\t\t\t\t\t\t\t\t\t<div class=\"title\">\u00dcbung<\/div>\t\t\t\t\t\t\t\t\t\t\t<\/div>\n\t\t\t\t\t\t\t\t\t\t\n\t\t\t\t\t\t\t\t\t\t<\/li>\n\n\t\t\t\t\t\t\t\t\t\t\t\t\t\t\t\n\t\t\t\t\t\t\t\t\t\t<li class=\"event t190000\" data-dow=\"4\" data-wknum=\"19\" data-rel2today=\"future\" data-feed-key=\"0\">\n\t\t\t\t\t\t\t\t\t\t\t<div class=\"date\"><span data-date-format=\"l\">Donnerstag<\/span> <span data-date-format=\"j\">7<\/span> <span data-date-format=\"F\">Mai<\/span><\/div>\n\n\t\t\t\t\t\t\t\t\t\t\t<div class=\"event-info\">\n\t\t\t\t\t\t\t\t\t\t\t\t\t\t\t\t\t\t\t\t\t\t\t\t\t<div class=\"time\">\n\t\t\t\t\t\t\t\t\t\t\t\t\t\t<span class=\"start_time\">19:00<\/span>\n\t\t\t\t\t\t\t\t\t\t\t\t\t\t\t\t\t\t\t\t\t\t\t\t\t\t\t\t\t<span class=\"end_time\">&#8211; 21:00<\/span>\n\t\t\t\t\t\t\t\t\t\t\t\t\t\t\t\t\t\t\t\t\t\t\t\t\t\t\t\t<\/div>\n\t\t\t\t\t\t\t\t\t\t\t\t\t<div class=\"title\">\u00dcbung<\/div>\t\t\t\t\t\t\t\t\t\t\t<\/div>\n\t\t\t\t\t\t\t\t\t\t\n\t\t\t\t\t\t\t\t\t\t<\/li>\n\n\t\t\t\t\t\t\t\t\t\t\t\t\t<\/ul>\n\t\t<\/article>\n\n\t\t\n<\/section>\n[\/et_pb_blurb][et_pb_blurb title=&#8220;Katwarn&#8220; _builder_version=&#8220;4.27.4&#8243; _module_preset=&#8220;default&#8220; header_font=&#8220;|600|||||||&#8220; header_text_align=&#8220;center&#8220; header_line_height=&#8220;2em&#8220; body_line_height=&#8220;1em&#8220; custom_padding=&#8220;1em|1em|1em|1em|true|true&#8220; border_width_all=&#8220;2px&#8220; border_color_all=&#8220;#dbdbdb&#8220; global_colors_info=&#8220;{}&#8220;]<a href=\"https:\/\/warnungen.katwarn.de\/\" target=\"_blank\" rel=\"noopener noreferrer\"><img decoding=\"async\" style=\"display: block; margin-left: auto; margin-right: auto;\" src=\"https:\/\/warnungen.katwarn.de\/widget\/kus_box.png\" alt=\"Katwarn Warnungen\" \/><\/a>[\/et_pb_blurb][et_pb_blurb title=&#8220;Wetterwarnungen&#8220; _builder_version=&#8220;4.27.4&#8243; _module_preset=&#8220;default&#8220; header_font=&#8220;|600|||||||&#8220; header_text_align=&#8220;center&#8220; header_line_height=&#8220;2em&#8220; body_line_height=&#8220;1em&#8220; custom_padding=&#8220;1em|1em|1em|1em|true|true&#8220; border_width_all=&#8220;2px&#8220; border_color_all=&#8220;#dbdbdb&#8220; global_colors_info=&#8220;{}&#8220;]<\/p>\n<p><img decoding=\"async\" src=\"https:\/\/www.dwd.de\/DWD\/warnungen\/warnapp_gemeinden\/json\/warnungen_gemeinde_map_rps.png\" \/><\/p>\n<p>[\/et_pb_blurb][\/et_pb_column][\/et_pb_row][\/et_pb_section]<\/p>\n","protected":false},"excerpt":{"rendered":"<p>Lfd. Nr. Datum Einsatz 95 17.12.2020 S1 Einsatz nach R\u00fccksprache 94 10.12.2020 Absichern einer Unfallstelle in Altenglan 93 09.12.2020 Amtshilfe f\u00fcr die Polizei in Oberstaufenbach 92 08.12.2020 B1 Rauchentwicklung im Freien in Bosenbach 91 07.12.2020 B2 Rauchentwicklung aus Geb\u00e4ude unklar in Welchweiler 90 04.12.2020 H2 Verkehrsunfall auf der B420 in Rammelsbach 89 04.12.2020 Unterst\u00fctzung TLF [&hellip;]<\/p>\n","protected":false},"author":1,"featured_media":0,"parent":0,"menu_order":0,"comment_status":"closed","ping_status":"closed","template":"","meta":{"_et_pb_use_builder":"on","_et_pb_old_content":"<!-- wp:divi\/placeholder \/-->","_et_gb_content_width":"","footnotes":""},"class_list":["post-64","page","type-page","status-publish","hentry"],"_links":{"self":[{"href":"https:\/\/www.feuerwehr-altenglan.de\/index.php?rest_route=\/wp\/v2\/pages\/64","targetHints":{"allow":["GET"]}}],"collection":[{"href":"https:\/\/www.feuerwehr-altenglan.de\/index.php?rest_route=\/wp\/v2\/pages"}],"about":[{"href":"https:\/\/www.feuerwehr-altenglan.de\/index.php?rest_route=\/wp\/v2\/types\/page"}],"author":[{"embeddable":true,"href":"https:\/\/www.feuerwehr-altenglan.de\/index.php?rest_route=\/wp\/v2\/users\/1"}],"replies":[{"embeddable":true,"href":"https:\/\/www.feuerwehr-altenglan.de\/index.php?rest_route=%2Fwp%2Fv2%2Fcomments&post=64"}],"version-history":[{"count":5,"href":"https:\/\/www.feuerwehr-altenglan.de\/index.php?rest_route=\/wp\/v2\/pages\/64\/revisions"}],"predecessor-version":[{"id":1863,"href":"https:\/\/www.feuerwehr-altenglan.de\/index.php?rest_route=\/wp\/v2\/pages\/64\/revisions\/1863"}],"wp:attachment":[{"href":"https:\/\/www.feuerwehr-altenglan.de\/index.php?rest_route=%2Fwp%2Fv2%2Fmedia&parent=64"}],"curies":[{"name":"wp","href":"https:\/\/api.w.org\/{rel}","templated":true}]}}