{"id":62,"date":"2019-11-24T15:16:03","date_gmt":"2019-11-24T15:16:03","guid":{"rendered":"http:\/\/website.feuerwehr-altenglan.de\/?page_id=62"},"modified":"2025-01-20T09:16:53","modified_gmt":"2025-01-20T08:16:53","slug":"einsaetze-2019","status":"publish","type":"page","link":"https:\/\/www.feuerwehr-altenglan.de\/?page_id=62","title":{"rendered":"Eins\u00e4tze 2019"},"content":{"rendered":"<p>[et_pb_section fb_built=&#8220;1&#8243; _builder_version=&#8220;4.27.4&#8243; _module_preset=&#8220;default&#8220; custom_padding=&#8220;0px||0px||true|false&#8220; global_colors_info=&#8220;{}&#8220; theme_builder_area=&#8220;post_content&#8220;][et_pb_row column_structure=&#8220;2_3,1_3&#8243; _builder_version=&#8220;4.27.4&#8243; _module_preset=&#8220;default&#8220; width=&#8220;100%&#8220; max_width=&#8220;80%&#8220; module_alignment=&#8220;center&#8220; global_colors_info=&#8220;{}&#8220; theme_builder_area=&#8220;post_content&#8220;][et_pb_column type=&#8220;2_3&#8243; _builder_version=&#8220;4.27.4&#8243; _module_preset=&#8220;default&#8220; background_color=&#8220;#f5f5f5&#8243; custom_padding=&#8220;3em|3em|3em|3em|true|true&#8220; border_radii=&#8220;on|15px|15px|15px|15px&#8220; global_colors_info=&#8220;{}&#8220; theme_builder_area=&#8220;post_content&#8220;][et_pb_heading title=&#8220;Eins\u00e4tze im Jahr 2019&#8243; _builder_version=&#8220;4.27.4&#8243; _module_preset=&#8220;default&#8220; title_text_align=&#8220;center&#8220; hover_enabled=&#8220;0&#8243; global_colors_info=&#8220;{}&#8220; theme_builder_area=&#8220;post_content&#8220; sticky_enabled=&#8220;0&#8243;][\/et_pb_heading][et_pb_text module_class=&#8220;einsaetze-tabelle&#8220; _builder_version=&#8220;4.27.4&#8243; _module_preset=&#8220;default&#8220; text_font_size=&#8220;16px&#8220; hover_enabled=&#8220;0&#8243; global_colors_info=&#8220;{}&#8220; theme_builder_area=&#8220;post_content&#8220; sticky_enabled=&#8220;0&#8243;]<\/p>\n<table>\n<thead>\n<tr>\n<th>Lfd. Nr.<\/th>\n<th>Datum<\/th>\n<th>Einsatz<\/th>\n<\/tr>\n<\/thead>\n<tbody>\n<tr>\n<td style=\"width: 32.1167px;\">91<\/td>\n<td style=\"width: 85.7167px;\">21.12.2019<\/td>\n<td style=\"width: 463.167px;\">Notfallt\u00fcr\u00f6ffnung in Bosenbach<\/td>\n<\/tr>\n<tr>\n<td style=\"width: 32.1167px;\">90<\/td>\n<td style=\"width: 85.7167px;\">16.12.2019<\/td>\n<td style=\"width: 463.167px;\">Ausgel\u00f6ste Brandmeldeanlage Haus im Glantal<\/td>\n<\/tr>\n<tr>\n<td style=\"width: 32.1167px;\">89<\/td>\n<td style=\"width: 85.7167px;\">12.12.2019<\/td>\n<td style=\"width: 463.167px;\">Wassernotstand in Neunkirchen<\/td>\n<\/tr>\n<tr>\n<td style=\"width: 32.1167px;\">88<\/td>\n<td style=\"width: 85.7167px;\">09.12.2019<\/td>\n<td style=\"width: 463.167px;\">Notfallt\u00fcr\u00f6ffnung in M\u00fchlbach<\/td>\n<\/tr>\n<tr>\n<td style=\"width: 32.1167px;\">87<\/td>\n<td style=\"width: 85.7167px;\">26.11.2019<\/td>\n<td style=\"width: 463.167px;\">Notfallt\u00fcr\u00f6ffnung in F\u00f6ckelberg<\/td>\n<\/tr>\n<tr>\n<td style=\"width: 32.1167px;\">86<\/td>\n<td style=\"width: 85.7167px;\">26.11.2019<\/td>\n<td style=\"width: 463.167px;\">Auslaufende Betriebsstoffe in Rathsweiler<\/td>\n<\/tr>\n<tr>\n<td style=\"width: 32.1167px;\">85<\/td>\n<td style=\"width: 85.7167px;\">25.11.2019<\/td>\n<td style=\"width: 463.167px;\">Person in Zwangslage in Rammelsbach<\/td>\n<\/tr>\n<tr>\n<td style=\"width: 32.1167px;\">84<\/td>\n<td style=\"width: 85.7167px;\">24.11.2019<\/td>\n<td style=\"width: 463.167px;\">Ausgel\u00f6ste Brandmeldeanlage Haus im Glantal<\/td>\n<\/tr>\n<tr>\n<td style=\"width: 32.1167px;\">83<\/td>\n<td style=\"width: 85.7167px;\">24.11.2019<\/td>\n<td style=\"width: 463.167px;\">Kellerbrand in Bosenbach<\/td>\n<\/tr>\n<tr>\n<td style=\"width: 32.1167px;\">82<\/td>\n<td style=\"width: 85.7167px;\">23.11.2019<\/td>\n<td style=\"width: 463.167px;\">Tier in Notlage in Ulmet<\/td>\n<\/tr>\n<tr>\n<td style=\"width: 32.1167px;\">81<\/td>\n<td style=\"width: 85.7167px;\">12.11.2019<\/td>\n<td style=\"width: 463.167px;\">Absicherung Martinsumzug in Altenglan<\/td>\n<\/tr>\n<tr>\n<td style=\"width: 32.1167px;\">80<\/td>\n<td style=\"width: 85.7167px;\">08.11.2019<\/td>\n<td style=\"width: 463.167px;\">Absicherung Martinsumzug in Bedesbach<\/td>\n<\/tr>\n<tr>\n<td style=\"width: 32.1167px;\">79<\/td>\n<td style=\"width: 85.7167px;\">30.10.2019<\/td>\n<td style=\"width: 463.167px;\">Auslaufende Betriebsstoffe in Ulmet<\/td>\n<\/tr>\n<tr>\n<td style=\"width: 32.1167px;\">78<\/td>\n<td style=\"width: 85.7167px;\">29.10.2019<\/td>\n<td style=\"width: 463.167px;\">Kaminbrand in Altenglan<\/td>\n<\/tr>\n<tr>\n<td style=\"width: 32.1167px;\">77<\/td>\n<td style=\"width: 85.7167px;\">26.10.2019<\/td>\n<td style=\"width: 463.167px;\">Absichern einer Gefahrenstelle in Rammelsbach<\/td>\n<\/tr>\n<tr>\n<td style=\"width: 32.1167px;\">76<\/td>\n<td style=\"width: 85.7167px;\">20.10.2019<\/td>\n<td style=\"width: 463.167px;\">Ausgel\u00f6ster Rauchwarnmelder in Rammelsbach<\/td>\n<\/tr>\n<tr>\n<td style=\"width: 32.1167px;\">75<\/td>\n<td style=\"width: 85.7167px;\">18.10.2019<\/td>\n<td style=\"width: 463.167px;\">Einsatz des Gefahrstoffzuges in Odenbach<\/td>\n<\/tr>\n<tr>\n<td style=\"width: 32.1167px;\">74<\/td>\n<td style=\"width: 85.7167px;\">17.10.2019<\/td>\n<td style=\"width: 463.167px;\">Einsatz der F\u00fchrungsstaffel in Lauterecken<\/td>\n<\/tr>\n<tr>\n<td style=\"width: 32.1167px;\">73<\/td>\n<td style=\"width: 85.7167px;\">16.10.2019<\/td>\n<td style=\"width: 463.167px;\">Einsatz des Gefahrstoffzuges in Odenbach<\/td>\n<\/tr>\n<tr>\n<td style=\"width: 32.1167px;\">72<\/td>\n<td style=\"width: 85.7167px;\">25.09.2019<\/td>\n<td style=\"width: 463.167px;\">Tier in Notlage in Altenglan<\/td>\n<\/tr>\n<tr>\n<td style=\"width: 32.1167px;\">71<\/td>\n<td style=\"width: 85.7167px;\">25.09.2019<\/td>\n<td style=\"width: 463.167px;\">Verkehrsunfall zwischen Altenglan und Rammelsbach<\/td>\n<\/tr>\n<tr>\n<td style=\"width: 32.1167px;\">70<\/td>\n<td style=\"width: 85.7167px;\">14.09.2019<\/td>\n<td style=\"width: 463.167px;\">Brandsicherheitswache in Rammelsbach<\/td>\n<\/tr>\n<tr>\n<td style=\"width: 32.1167px;\">69<\/td>\n<td style=\"width: 85.7167px;\">07.09.2019<\/td>\n<td style=\"width: 463.167px;\">Gasgeruch in Oberstaufenbach<\/td>\n<\/tr>\n<tr>\n<td style=\"width: 32.1167px;\">68<\/td>\n<td style=\"width: 85.7167px;\">06.09.2019<\/td>\n<td style=\"width: 463.167px;\">Scheunenbrand in Erdesbach<\/td>\n<\/tr>\n<tr>\n<td style=\"width: 32.1167px;\">67<\/td>\n<td style=\"width: 85.7167px;\">03.09.2019<\/td>\n<td style=\"width: 463.167px;\">Rauchentwicklung im Freien in Altenglan<\/td>\n<\/tr>\n<tr>\n<td style=\"width: 32.1167px;\">66<\/td>\n<td style=\"width: 85.7167px;\">24.08.2019<\/td>\n<td style=\"width: 463.167px;\">Ausgel\u00f6ster Rauchwarnmelder in Rammelsbach<\/td>\n<\/tr>\n<tr>\n<td style=\"width: 32.1167px;\">65<\/td>\n<td style=\"width: 85.7167px;\">20.08.2019<\/td>\n<td style=\"width: 463.167px;\">Verkehrsunfall Person klemmt zwischen Altenglan und Welchweiler<\/td>\n<\/tr>\n<tr>\n<td style=\"width: 32.1167px;\">64<\/td>\n<td style=\"width: 85.7167px;\">18.08.2019<\/td>\n<td style=\"width: 463.167px;\">Notfallt\u00fcr\u00f6ffnung in Welchweiler<\/td>\n<\/tr>\n<tr>\n<td style=\"width: 32.1167px;\">63<\/td>\n<td style=\"width: 85.7167px;\">14.08.2019<\/td>\n<td style=\"width: 463.167px;\">Rauchentwicklu<a class=\"websiteCardLink_mainAreaLink__1FoAm\" href=\"https:\/\/dash.e.jimdo.com\/websites\/8581752\" target=\"_top\"><\/a>ng im Freien in Erdesbach<\/td>\n<\/tr>\n<tr>\n<td style=\"width: 32.1167px;\">62<\/td>\n<td style=\"width: 85.7167px;\">12.08.2019<\/td>\n<td style=\"width: 463.167px;\">Umgest\u00fcrzter Baum in Altenglan<\/td>\n<\/tr>\n<tr>\n<td style=\"width: 32.1167px;\">61<\/td>\n<td style=\"width: 85.7167px;\">09.08.2019<\/td>\n<td style=\"width: 463.167px;\">Stromausfall in mehreren Ortsgemeinden<\/td>\n<\/tr>\n<tr>\n<td style=\"width: 32.1167px;\">60 &#8211;<\/p>\n<p>58<\/td>\n<td style=\"width: 85.7167px;\">09.08.2019<\/td>\n<td style=\"width: 463.167px;\">Mehrere Unwettereins\u00e4tze<\/td>\n<\/tr>\n<tr>\n<td style=\"width: 32.1167px;\">57<\/td>\n<td style=\"width: 85.7167px;\">06.08.2019<\/td>\n<td style=\"width: 463.167px;\">Wassernotstand in Rutsweiler am Glan<\/td>\n<\/tr>\n<tr>\n<td style=\"width: 32.1167px;\">56<\/td>\n<td style=\"width: 85.7167px;\">03.08.2019<\/td>\n<td style=\"width: 463.167px;\">Tragehilfe f\u00fcr den Rettungsdienst in Niederalben<\/td>\n<\/tr>\n<tr>\n<td style=\"width: 32.1167px;\">55<\/td>\n<td style=\"width: 85.7167px;\">01.08.2019<\/td>\n<td style=\"width: 463.167px;\">Fl\u00e4chenbrand gro\u00df in Bosenbach<\/td>\n<\/tr>\n<tr>\n<td style=\"width: 32.1167px;\">54<\/td>\n<td style=\"width: 85.7167px;\">01.08.2019<\/td>\n<td style=\"width: 463.167px;\">Brandgeruch im Freien in Ulmet<\/td>\n<\/tr>\n<tr>\n<td style=\"width: 32.1167px;\">53<\/td>\n<td style=\"width: 85.7167px;\">31.07.2019<\/td>\n<td style=\"width: 463.167px;\">Auslaufende Betriebsstoffe in Rathsweiler<\/td>\n<\/tr>\n<tr>\n<td style=\"width: 32.1167px;\">52<\/td>\n<td style=\"width: 85.7167px;\">29.07.2019<\/td>\n<td style=\"width: 463.167px;\">Absichern einer Gefahrenstelle in Rammelsbach<\/td>\n<\/tr>\n<tr>\n<td style=\"width: 32.1167px;\">51<\/td>\n<td style=\"width: 85.7167px;\">25.07.2019<\/td>\n<td style=\"width: 463.167px;\">Fl\u00e4chenbrand in Welchweiler<\/td>\n<\/tr>\n<tr>\n<td style=\"width: 32.1167px;\">50<\/td>\n<td style=\"width: 85.7167px;\">25.07.2019<\/td>\n<td style=\"width: 463.167px;\">Fl\u00e4chenbrand in Offenbach Hundheim<\/td>\n<\/tr>\n<tr>\n<td style=\"width: 32.1167px;\">49<\/td>\n<td style=\"width: 85.7167px;\">21.07.2019<\/td>\n<td style=\"width: 463.167px;\">Herstellen einer Wachbereitschaft wegen Einsatz Nr. 47<\/td>\n<\/tr>\n<tr>\n<td style=\"width: 32.1167px;\">48<\/td>\n<td style=\"width: 85.7167px;\">21.07.2019<\/td>\n<td style=\"width: 463.167px;\">Brand einer Scheune in Matzenbach<\/td>\n<\/tr>\n<tr>\n<td style=\"width: 32.1167px;\">47<\/td>\n<td style=\"width: 85.7167px;\">18.07.2019<\/td>\n<td style=\"width: 463.167px;\">Rundballenbrand in Hinzweiler<\/td>\n<\/tr>\n<tr>\n<td style=\"width: 32.1167px;\">46<\/td>\n<td style=\"width: 85.7167px;\">15.07.2019<\/td>\n<td style=\"width: 463.167px;\">Fl\u00e4chenbrand K36 i.R. Welchweiler<\/td>\n<\/tr>\n<tr>\n<td style=\"width: 32.1167px;\">45<\/td>\n<td style=\"width: 85.7167px;\">12.07.2019<\/td>\n<td style=\"width: 463.167px;\">Stromausfall in mehreren Ortsgemeinden<\/td>\n<\/tr>\n<tr>\n<td style=\"width: 32.1167px;\">44<\/td>\n<td style=\"width: 85.7167px;\">11.07.2019<\/td>\n<td style=\"width: 463.167px;\">Person in Zwangslage in Elzweiler<\/td>\n<\/tr>\n<tr>\n<td style=\"width: 32.1167px;\">43<\/td>\n<td style=\"width: 85.7167px;\">03.07.2019<\/td>\n<td style=\"width: 463.167px;\">Verkehrsunfall B420 Altenglan i.R. Patersbach<\/td>\n<\/tr>\n<tr>\n<td style=\"width: 32.1167px;\">42<\/td>\n<td style=\"width: 85.7167px;\">01.07.2019<\/td>\n<td style=\"width: 463.167px;\">Ausgel\u00f6ster Rauchwarnmelder in Bosenbach<\/td>\n<\/tr>\n<tr>\n<td style=\"width: 32.1167px;\">41<\/td>\n<td style=\"width: 85.7167px;\">01.07.2019<\/td>\n<td style=\"width: 463.167px;\">Auslaufende Betriebsstoffe aus LKW in Altenglan<\/td>\n<\/tr>\n<tr>\n<td style=\"width: 32.1167px;\">40<\/td>\n<td style=\"width: 85.7167px;\">14.06.2019<\/td>\n<td style=\"width: 463.167px;\">Fl\u00e4chenbrand klein in Niederstaufenbach<\/td>\n<\/tr>\n<tr>\n<td style=\"width: 32.1167px;\">39<\/td>\n<td style=\"width: 85.7167px;\">10.06.2019<\/td>\n<td style=\"width: 463.167px;\">Personensuche in F\u00f6ckelberg<\/td>\n<\/tr>\n<tr>\n<td style=\"width: 32.1167px;\">38<\/td>\n<td style=\"width: 85.7167px;\">08.06.2019<\/td>\n<td style=\"width: 463.167px;\">Geb\u00e4udebrand in Welchweiler<\/td>\n<\/tr>\n<tr>\n<td style=\"width: 32.1167px;\">37<\/td>\n<td style=\"width: 85.7167px;\">07.06.2019<\/td>\n<td style=\"width: 463.167px;\">IuK F\u00fchrungsunerst\u00fctzung bei Stromausfall<\/td>\n<\/tr>\n<tr>\n<td style=\"width: 32.1167px;\">36<\/td>\n<td style=\"width: 85.7167px;\">31.05.2019<\/td>\n<td style=\"width: 463.167px;\">T\u00fcr \u00f6ffen dringend in Oberstaufenbach<\/td>\n<\/tr>\n<tr>\n<td style=\"width: 32.1167px;\">35<\/td>\n<td style=\"width: 85.7167px;\">12.05.2019<\/td>\n<td style=\"width: 463.167px;\">Person in Zwangslage in Patersbach<\/td>\n<\/tr>\n<tr>\n<td style=\"width: 32.1167px;\">34<\/td>\n<td style=\"width: 85.7167px;\">05.05.2019<\/td>\n<td style=\"width: 463.167px;\">Brand einer Gartenlaube in Kusel<\/td>\n<\/tr>\n<tr>\n<td style=\"width: 32.1167px;\">33<\/td>\n<td style=\"width: 85.7167px;\">29.04.2019<\/td>\n<td style=\"width: 463.167px;\">Einsatz nach R\u00fccksprache<\/td>\n<\/tr>\n<tr>\n<td style=\"width: 32.1167px;\">32<\/td>\n<td style=\"width: 85.7167px;\">18.04.2019<\/td>\n<td style=\"width: 463.167px;\">Kaminbrand in Niederalben<\/td>\n<\/tr>\n<tr>\n<td style=\"width: 32.1167px;\">31<\/td>\n<td style=\"width: 85.7167px;\">17.04.2019<\/td>\n<td style=\"width: 463.167px;\">Auslaufende Betriebsstoffe in Ulmet<\/td>\n<\/tr>\n<tr>\n<td style=\"width: 32.1167px;\">30<\/td>\n<td style=\"width: 85.7167px;\">08.04.2019<\/td>\n<td style=\"width: 463.167px;\">Auslaufende Betriebsstoffe in Altenglan<\/td>\n<\/tr>\n<tr>\n<td style=\"width: 32.1167px;\">29<\/td>\n<td style=\"width: 85.7167px;\">03.04.2019<\/td>\n<td style=\"width: 463.167px;\">T\u00fcr\u00f6ffnung dringend in Rammelsbach<\/td>\n<\/tr>\n<tr>\n<td style=\"width: 32.1167px;\">28<\/td>\n<td style=\"width: 85.7167px;\">27.03.2019<\/td>\n<td style=\"width: 463.167px;\">Wassereinbruch in Altenglan<\/td>\n<\/tr>\n<tr>\n<td style=\"width: 32.1167px;\">27<\/td>\n<td style=\"width: 85.7167px;\">26.03.2019<\/td>\n<td style=\"width: 463.167px;\">\u00d6l auf Bahn\u00fcbergang in Rammelsbach<\/td>\n<\/tr>\n<tr>\n<td style=\"width: 32.1167px;\">26<\/td>\n<td style=\"width: 85.7167px;\">26.03.2019<\/td>\n<td style=\"width: 463.167px;\">\u00d6l auf Gew\u00e4sser B420 i.R. Altenglan<\/td>\n<\/tr>\n<tr>\n<td style=\"width: 32.1167px;\">25<\/td>\n<td style=\"width: 85.7167px;\">25.03.2019<\/td>\n<td style=\"width: 463.167px;\">Auslaufende Betriebsstoffe aus Zug in Rammelsbach<\/td>\n<\/tr>\n<tr>\n<td style=\"width: 32.1167px;\">24 &#8211;<\/p>\n<p>13<\/td>\n<td style=\"width: 85.7167px;\">10.03.2019<\/td>\n<td style=\"width: 463.167px;\">Mehrere Unwettereins\u00e4tze<\/td>\n<\/tr>\n<tr>\n<td style=\"width: 32.1167px;\">12<\/td>\n<td style=\"width: 85.7167px;\">06.03.2019<\/td>\n<td style=\"width: 463.167px;\">Auslaufende Betriebsstoffe in Altenglan<\/td>\n<\/tr>\n<tr>\n<td style=\"width: 32.1167px;\">11<\/td>\n<td style=\"width: 85.7167px;\">04.03.2019<\/td>\n<td style=\"width: 463.167px;\">Tragehilfe f\u00fcr den Rettungsdienst in Bosenbach<\/td>\n<\/tr>\n<tr>\n<td style=\"width: 32.1167px;\">10<\/td>\n<td style=\"width: 85.7167px;\">28.02.2019<\/td>\n<td style=\"width: 463.167px;\">Kaminbrand in Patersbach<\/td>\n<\/tr>\n<tr>\n<td style=\"width: 32.1167px;\">9<\/td>\n<td style=\"width: 85.7167px;\">10.02.2019<\/td>\n<td style=\"width: 463.167px;\">Baum auf Fahrbahn L169 Niederalben i.R. Baumholder<\/td>\n<\/tr>\n<tr>\n<td style=\"width: 32.1167px;\">8<\/td>\n<td style=\"width: 85.7167px;\">06.02.2019<\/td>\n<td style=\"width: 463.167px;\">Tragehilfe f\u00fcr den Rettungsdienst in Elzweiler<\/td>\n<\/tr>\n<tr>\n<td style=\"width: 32.1167px;\">7<\/td>\n<td style=\"width: 85.7167px;\">19.01.2019<\/td>\n<td style=\"width: 463.167px;\">Geb\u00e4udebrand in M\u00fchlbach<\/td>\n<\/tr>\n<tr>\n<td style=\"width: 32.1167px;\">6<\/td>\n<td style=\"width: 85.7167px;\">15.01.2019<\/td>\n<td style=\"width: 463.167px;\">Wohnungsbrand in Niederalben<\/td>\n<\/tr>\n<tr>\n<td style=\"width: 32.1167px;\">5<\/td>\n<td style=\"width: 85.7167px;\">15.01.2019<\/td>\n<td style=\"width: 463.167px;\">Verkehrsunfall B420 Ulmet i.R. Rathsweiler<\/td>\n<\/tr>\n<tr>\n<td style=\"width: 32.1167px;\">4<\/td>\n<td style=\"width: 85.7167px;\">11.01.2019<\/td>\n<td style=\"width: 463.167px;\">Verkehrsunfall in Altenglan<\/td>\n<\/tr>\n<tr>\n<td style=\"width: 32.1167px;\">3<\/td>\n<td style=\"width: 85.7167px;\">07.01.2019<\/td>\n<td style=\"width: 463.167px;\">Tragehilfe f\u00fcr den Rettungsdienst in Welchweiler<\/td>\n<\/tr>\n<tr>\n<td style=\"width: 32.1167px;\">2<\/td>\n<td style=\"width: 85.7167px;\">07.01.2019<\/td>\n<td style=\"width: 463.167px;\">B2 Kaminbrand in M\u00fchlbach<\/td>\n<\/tr>\n<tr>\n<td style=\"width: 32.1167px;\">1<\/td>\n<td style=\"width: 85.7167px;\">01.01.2019<\/td>\n<td style=\"width: 463.167px;\">Umgefahrener Strommast in Altenglan<\/td>\n<\/tr>\n<\/tbody>\n<\/table>\n<p>[\/et_pb_text][\/et_pb_column][et_pb_column type=&#8220;1_3&#8243; _builder_version=&#8220;4.27.4&#8243; _module_preset=&#8220;default&#8220; background_color=&#8220;#f5f5f5&#8243; custom_padding=&#8220;3em|3em|3em|3em|true|true&#8220; border_radii=&#8220;on|15px|15px|15px|15px&#8220; global_colors_info=&#8220;{}&#8220; theme_builder_area=&#8220;post_content&#8220;][et_pb_blurb title=&#8220;N\u00e4chste Termine&#8220; _builder_version=&#8220;4.27.4&#8243; _module_preset=&#8220;default&#8220; header_font=&#8220;|600|||||||&#8220; header_text_align=&#8220;center&#8220; header_line_height=&#8220;2em&#8220; body_line_height=&#8220;1em&#8220; custom_padding=&#8220;1em|1em|1em|1em|true|true&#8220; border_width_all=&#8220;2px&#8220; border_color_all=&#8220;#dbdbdb&#8220; global_colors_info=&#8220;{}&#8220; theme_builder_area=&#8220;post_content&#8220;]\n<section class=\" ics-calendar layout-basic stickymonths\" id=\"r69f2e4f02e03ce6\" style=\"opacity: 1;\">\n\n\t\t\t<article class=\"ics-calendar-basic-wrapper\">\n\n\t\t\t\n\t\t\t<ul class=\"events r34ics-basic-events\">\n\t\t\t\t\t\t\t\t\t\n\t\t\t\t\t\t\t\t\t\t<li class=\"event t190000\" data-dow=\"4\" data-wknum=\"18\" data-rel2today=\"today\" data-feed-key=\"0\">\n\t\t\t\t\t\t\t\t\t\t\t<div class=\"date\"><span data-date-format=\"l\">Donnerstag<\/span> <span data-date-format=\"j\">30<\/span> <span data-date-format=\"F\">April<\/span><\/div>\n\n\t\t\t\t\t\t\t\t\t\t\t<div class=\"event-info\">\n\t\t\t\t\t\t\t\t\t\t\t\t\t\t\t\t\t\t\t\t\t\t\t\t\t<div class=\"time\">\n\t\t\t\t\t\t\t\t\t\t\t\t\t\t<span class=\"start_time\">19:00<\/span>\n\t\t\t\t\t\t\t\t\t\t\t\t\t\t\t\t\t\t\t\t\t\t\t\t\t\t\t\t\t<span class=\"end_time\">&#8211; 21:00<\/span>\n\t\t\t\t\t\t\t\t\t\t\t\t\t\t\t\t\t\t\t\t\t\t\t\t\t\t\t\t<\/div>\n\t\t\t\t\t\t\t\t\t\t\t\t\t<div class=\"title\">\u00dcbung<\/div>\t\t\t\t\t\t\t\t\t\t\t<\/div>\n\t\t\t\t\t\t\t\t\t\t\n\t\t\t\t\t\t\t\t\t\t<\/li>\n\n\t\t\t\t\t\t\t\t\t\t\t\t\t\t\t\n\t\t\t\t\t\t\t\t\t\t<li class=\"event t190000\" data-dow=\"4\" data-wknum=\"19\" data-rel2today=\"future\" data-feed-key=\"0\">\n\t\t\t\t\t\t\t\t\t\t\t<div class=\"date\"><span data-date-format=\"l\">Donnerstag<\/span> <span data-date-format=\"j\">7<\/span> <span data-date-format=\"F\">Mai<\/span><\/div>\n\n\t\t\t\t\t\t\t\t\t\t\t<div class=\"event-info\">\n\t\t\t\t\t\t\t\t\t\t\t\t\t\t\t\t\t\t\t\t\t\t\t\t\t<div class=\"time\">\n\t\t\t\t\t\t\t\t\t\t\t\t\t\t<span class=\"start_time\">19:00<\/span>\n\t\t\t\t\t\t\t\t\t\t\t\t\t\t\t\t\t\t\t\t\t\t\t\t\t\t\t\t\t<span class=\"end_time\">&#8211; 21:00<\/span>\n\t\t\t\t\t\t\t\t\t\t\t\t\t\t\t\t\t\t\t\t\t\t\t\t\t\t\t\t<\/div>\n\t\t\t\t\t\t\t\t\t\t\t\t\t<div class=\"title\">\u00dcbung<\/div>\t\t\t\t\t\t\t\t\t\t\t<\/div>\n\t\t\t\t\t\t\t\t\t\t\n\t\t\t\t\t\t\t\t\t\t<\/li>\n\n\t\t\t\t\t\t\t\t\t\t\t\t\t<\/ul>\n\t\t<\/article>\n\n\t\t\n<\/section>\n[\/et_pb_blurb][et_pb_blurb title=&#8220;Katwarn&#8220; _builder_version=&#8220;4.27.4&#8243; _module_preset=&#8220;default&#8220; header_font=&#8220;|600|||||||&#8220; header_text_align=&#8220;center&#8220; header_line_height=&#8220;2em&#8220; body_line_height=&#8220;1em&#8220; custom_padding=&#8220;1em|1em|1em|1em|true|true&#8220; border_width_all=&#8220;2px&#8220; border_color_all=&#8220;#dbdbdb&#8220; global_colors_info=&#8220;{}&#8220; theme_builder_area=&#8220;post_content&#8220;]<a href=\"https:\/\/warnungen.katwarn.de\/\" target=\"_blank\" rel=\"noopener noreferrer\"><img decoding=\"async\" style=\"display: block; margin-left: auto; margin-right: auto;\" src=\"https:\/\/warnungen.katwarn.de\/widget\/kus_box.png\" alt=\"Katwarn Warnungen\" \/><\/a>[\/et_pb_blurb][et_pb_blurb title=&#8220;Wetterwarnungen&#8220; _builder_version=&#8220;4.27.4&#8243; _module_preset=&#8220;default&#8220; header_font=&#8220;|600|||||||&#8220; header_text_align=&#8220;center&#8220; header_line_height=&#8220;2em&#8220; body_line_height=&#8220;1em&#8220; custom_padding=&#8220;1em|1em|1em|1em|true|true&#8220; border_width_all=&#8220;2px&#8220; border_color_all=&#8220;#dbdbdb&#8220; global_colors_info=&#8220;{}&#8220; theme_builder_area=&#8220;post_content&#8220;]<\/p>\n<p><img decoding=\"async\" src=\"https:\/\/www.dwd.de\/DWD\/warnungen\/warnapp_gemeinden\/json\/warnungen_gemeinde_map_rps.png\" \/><\/p>\n<p>[\/et_pb_blurb][\/et_pb_column][\/et_pb_row][\/et_pb_section]<\/p>\n","protected":false},"excerpt":{"rendered":"<p>Lfd. Nr. Datum Einsatz 91 21.12.2019 Notfallt\u00fcr\u00f6ffnung in Bosenbach 90 16.12.2019 Ausgel\u00f6ste Brandmeldeanlage Haus im Glantal 89 12.12.2019 Wassernotstand in Neunkirchen 88 09.12.2019 Notfallt\u00fcr\u00f6ffnung in M\u00fchlbach 87 26.11.2019 Notfallt\u00fcr\u00f6ffnung in F\u00f6ckelberg 86 26.11.2019 Auslaufende Betriebsstoffe in Rathsweiler 85 25.11.2019 Person in Zwangslage in Rammelsbach 84 24.11.2019 Ausgel\u00f6ste Brandmeldeanlage Haus im Glantal 83 24.11.2019 Kellerbrand in [&hellip;]<\/p>\n","protected":false},"author":1,"featured_media":0,"parent":0,"menu_order":0,"comment_status":"closed","ping_status":"closed","template":"","meta":{"_et_pb_use_builder":"on","_et_pb_old_content":"<!-- wp:divi\/placeholder \/-->","_et_gb_content_width":"","footnotes":""},"class_list":["post-62","page","type-page","status-publish","hentry"],"_links":{"self":[{"href":"https:\/\/www.feuerwehr-altenglan.de\/index.php?rest_route=\/wp\/v2\/pages\/62","targetHints":{"allow":["GET"]}}],"collection":[{"href":"https:\/\/www.feuerwehr-altenglan.de\/index.php?rest_route=\/wp\/v2\/pages"}],"about":[{"href":"https:\/\/www.feuerwehr-altenglan.de\/index.php?rest_route=\/wp\/v2\/types\/page"}],"author":[{"embeddable":true,"href":"https:\/\/www.feuerwehr-altenglan.de\/index.php?rest_route=\/wp\/v2\/users\/1"}],"replies":[{"embeddable":true,"href":"https:\/\/www.feuerwehr-altenglan.de\/index.php?rest_route=%2Fwp%2Fv2%2Fcomments&post=62"}],"version-history":[{"count":6,"href":"https:\/\/www.feuerwehr-altenglan.de\/index.php?rest_route=\/wp\/v2\/pages\/62\/revisions"}],"predecessor-version":[{"id":1544,"href":"https:\/\/www.feuerwehr-altenglan.de\/index.php?rest_route=\/wp\/v2\/pages\/62\/revisions\/1544"}],"wp:attachment":[{"href":"https:\/\/www.feuerwehr-altenglan.de\/index.php?rest_route=%2Fwp%2Fv2%2Fmedia&parent=62"}],"curies":[{"name":"wp","href":"https:\/\/api.w.org\/{rel}","templated":true}]}}