{"id":1449,"date":"2025-01-19T13:51:57","date_gmt":"2025-01-19T12:51:57","guid":{"rendered":"https:\/\/www.feuerwehr-altenglan.de\/?page_id=1449"},"modified":"2025-02-27T17:06:27","modified_gmt":"2025-02-27T16:06:27","slug":"einsaetze-2023","status":"publish","type":"page","link":"https:\/\/www.feuerwehr-altenglan.de\/?page_id=1449","title":{"rendered":"Eins\u00e4tze 2023"},"content":{"rendered":"<p>[et_pb_section fb_built=&#8220;1&#8243; _builder_version=&#8220;4.27.4&#8243; _module_preset=&#8220;default&#8220; custom_padding=&#8220;0px||0px||true|false&#8220; global_colors_info=&#8220;{}&#8220;][et_pb_row column_structure=&#8220;2_3,1_3&#8243; _builder_version=&#8220;4.27.4&#8243; _module_preset=&#8220;default&#8220; width=&#8220;100%&#8220; max_width=&#8220;80%&#8220; module_alignment=&#8220;center&#8220; global_colors_info=&#8220;{}&#8220;][et_pb_column type=&#8220;2_3&#8243; _builder_version=&#8220;4.27.4&#8243; _module_preset=&#8220;default&#8220; background_color=&#8220;#f5f5f5&#8243; custom_padding=&#8220;3em|3em|3em|3em|true|true&#8220; border_radii=&#8220;on|15px|15px|15px|15px&#8220; global_colors_info=&#8220;{}&#8220;][et_pb_heading title=&#8220;Eins\u00e4tze im Jahr 2023&#8243; _builder_version=&#8220;4.27.4&#8243; _module_preset=&#8220;default&#8220; title_text_align=&#8220;center&#8220; global_colors_info=&#8220;{}&#8220;][\/et_pb_heading][et_pb_text module_class=&#8220;einsaetze-tabelle&#8220; _builder_version=&#8220;4.27.4&#8243; _module_preset=&#8220;default&#8220; hover_enabled=&#8220;0&#8243; locked=&#8220;off&#8220; global_colors_info=&#8220;{}&#8220; sticky_enabled=&#8220;0&#8243;]<\/p>\n<table>\n<tbody>\n<tr>\n<td width=\"94\" style=\"text-align: left;\"><strong>Lfd. Nr.<\/strong><\/td>\n<td width=\"123\" style=\"text-align: left;\"><strong>Datum<\/strong><\/td>\n<td width=\"387\" style=\"text-align: left;\"><strong>Einsatz<\/strong><\/td>\n<\/tr>\n<tr>\n<td width=\"94\">267<\/td>\n<td width=\"123\">29.12.2023<\/td>\n<td width=\"387\">FEZ &#8211; H2 Tragehilfe f\u00fcr den Rettungsdienst in Kusel<\/td>\n<\/tr>\n<tr>\n<td width=\"94\">266<\/td>\n<td width=\"123\">28.12.2023<\/td>\n<td width=\"387\">FEZ &#8211; S1 Einsatz nach R\u00fccksprache in Kusel<\/td>\n<\/tr>\n<tr>\n<td width=\"94\">265<\/td>\n<td width=\"123\">28.12.2023<\/td>\n<td width=\"387\">FEZ &#8211; H1 T\u00fcr\u00f6ffnung f\u00fcr die Polizei in Kusel<\/td>\n<\/tr>\n<tr>\n<td width=\"94\">264<\/td>\n<td width=\"123\">28.12.2023<\/td>\n<td width=\"387\">FEZ &#8211; H2 Tragehilfe f\u00fcr den Rettungsdienst in Kusel<\/td>\n<\/tr>\n<tr>\n<td width=\"94\">263<\/td>\n<td width=\"123\">27.12.2023<\/td>\n<td width=\"387\">FEZ &#8211; H2 Verkehrsunfall in Ruthweiler<\/td>\n<\/tr>\n<tr>\n<td width=\"94\">262<\/td>\n<td width=\"123\">26.12.2023<\/td>\n<td width=\"387\">FEZ &#8211; H1 Baum \u00fcber Fahrbahn in Kusel<\/td>\n<\/tr>\n<tr>\n<td width=\"94\">261<\/td>\n<td width=\"123\">25.12.2023<\/td>\n<td width=\"387\">FEZ &#8211; H1 Wassernotstand in Konken<\/td>\n<\/tr>\n<tr>\n<td width=\"94\">260<\/td>\n<td width=\"123\">25.12.2023<\/td>\n<td width=\"387\">FEZ &#8211; H2 T\u00fcr\u00f6ffnung dringend in Konken<\/td>\n<\/tr>\n<tr>\n<td width=\"94\">259<\/td>\n<td width=\"123\">25.12.2023<\/td>\n<td width=\"387\">H2 T\u00fcr\u00f6ffnung dringend in M\u00fchlbach<\/td>\n<\/tr>\n<tr>\n<td width=\"94\">258<\/td>\n<td width=\"123\">23.12.2023<\/td>\n<td width=\"387\">FEZ &#8211; G1 \u00d6lspur in Kusel<\/td>\n<\/tr>\n<tr>\n<td width=\"94\">257<\/td>\n<td width=\"123\">23.12.2023<\/td>\n<td width=\"387\">G1 auslaufende Betriebsmittel nach Verkehrsunfall auf der B420 Altenglan i.R. Rammelsbach<\/td>\n<\/tr>\n<tr>\n<td width=\"94\">256<\/td>\n<td width=\"123\">23.12.2023<\/td>\n<td width=\"387\">FEZ &#8211; H2 T\u00fcr\u00f6ffnung dringend in Reichweiler<\/td>\n<\/tr>\n<tr>\n<td width=\"94\">255<\/td>\n<td width=\"123\">22.12.2023<\/td>\n<td width=\"387\">B1 Brand von einem Altkleidercontainer in Altenglan<\/td>\n<\/tr>\n<tr>\n<td width=\"94\">254<\/td>\n<td width=\"123\">21.12.2023<\/td>\n<td width=\"387\">H2 T\u00fcr\u00f6ffnung dringend in Neunkirchen am Potzberg<\/td>\n<\/tr>\n<tr>\n<td width=\"94\">253<\/td>\n<td width=\"123\">19.12.2023<\/td>\n<td width=\"387\">FEZ &#8211; B2 Brandmeldealarm in Kusel<\/td>\n<\/tr>\n<tr>\n<td width=\"94\">252<\/td>\n<td width=\"123\">17.12.2023<\/td>\n<td width=\"387\">H2 T\u00fcr\u00f6ffnung dringend in Erdesbach<\/td>\n<\/tr>\n<tr>\n<td width=\"94\">251<\/td>\n<td width=\"123\">17.12.2023<\/td>\n<td width=\"387\">H2 Verkehrsunfall (Person klemmt) in Neunkirchen am Potzberg<\/td>\n<\/tr>\n<tr>\n<td width=\"94\">250<\/td>\n<td width=\"123\">15.12.2023<\/td>\n<td width=\"387\">FEZ &#8211; B1 Brandnachschau in Ruthweiler<\/td>\n<\/tr>\n<tr>\n<td width=\"94\">249<\/td>\n<td width=\"123\">15.12.2023<\/td>\n<td width=\"387\">B2 Rauchentwicklung aus Geb\u00e4ude in Friedelhausen<\/td>\n<\/tr>\n<tr>\n<td width=\"94\">248<\/td>\n<td width=\"123\">15.12.2023<\/td>\n<td width=\"387\">FEZ &#8211; B2 Nebengeb\u00e4udebrand in Ruthweiler<\/td>\n<\/tr>\n<tr>\n<td width=\"94\">247<\/td>\n<td width=\"123\">13.12.2023<\/td>\n<td width=\"387\">FEZ &#8211; S1 Erkundung &#8211; gemeldet eine Rauchentwicklung im Wald in Rathsweiler<\/td>\n<\/tr>\n<tr>\n<td width=\"94\">246<\/td>\n<td width=\"123\">10.12.2023<\/td>\n<td width=\"387\">FEZ &#8211; H1 Tragehilfe f\u00fcr den Rettungsdienst in Pfeffelbach<\/td>\n<\/tr>\n<tr>\n<td width=\"94\">245<\/td>\n<td width=\"123\">09.12.2023<\/td>\n<td width=\"387\">FEZ &#8211; B2 Brandmeldealarm in Thallichtenberg<\/td>\n<\/tr>\n<tr>\n<td width=\"94\">244<\/td>\n<td width=\"123\">09.12.2023<\/td>\n<td width=\"387\">FEZ &#8211; G1 auslaufende Betriebsstoffe aus PKW in Kusel<\/td>\n<\/tr>\n<tr>\n<td width=\"94\">243<\/td>\n<td width=\"123\">08.12.2023<\/td>\n<td width=\"387\">FEZ &#8211; S1 Personensuche in Kusel<\/td>\n<\/tr>\n<tr>\n<td width=\"94\">242<\/td>\n<td width=\"123\">07.12.2023<\/td>\n<td width=\"387\">H2 Unfall mit Bahn &#8211; Person klemmt in Rammelsbach<\/td>\n<\/tr>\n<tr>\n<td width=\"94\">241<\/td>\n<td width=\"123\">04.12.2023<\/td>\n<td width=\"387\">FEZ &#8211; B1 M\u00fcllbrand in Reichweiler<\/td>\n<\/tr>\n<tr>\n<td width=\"94\">240<\/td>\n<td width=\"123\">27.11.2023<\/td>\n<td width=\"387\">FEZ &#8211; H1 Baum \u00fcber Fahrbahn auf der L176 Thallichtenberg i.R Breitsesterhof<\/td>\n<\/tr>\n<tr>\n<td width=\"94\">239<\/td>\n<td width=\"123\">27.11.2023<\/td>\n<td width=\"387\">FEZ &#8211; B2 Brandmeldealarm in Kusel<\/td>\n<\/tr>\n<tr>\n<td width=\"94\">238<\/td>\n<td width=\"123\">26.11.2023<\/td>\n<td width=\"387\">FEZ &#8211; H2 T\u00fcr\u00f6ffnung dringend in Kusel<\/td>\n<\/tr>\n<tr>\n<td width=\"94\">237<\/td>\n<td width=\"123\">25.11.2023<\/td>\n<td width=\"387\">FEZ &#8211; B1 M\u00fcllbrand in Reichweiler<\/td>\n<\/tr>\n<tr>\n<td width=\"94\">236<\/td>\n<td width=\"123\">23.11.2023<\/td>\n<td width=\"387\">FEZ &#8211; G2 Gasgeruch in Geb\u00e4ude in Kusel<\/td>\n<\/tr>\n<tr>\n<td width=\"94\">235<\/td>\n<td width=\"123\">22.11.2023<\/td>\n<td width=\"387\">H2 Person in Zwangslage in Rammelsbach<\/td>\n<\/tr>\n<tr>\n<td width=\"94\">234<\/td>\n<td width=\"123\">20.11.2023<\/td>\n<td width=\"387\">FEZ &#8211; H1 Wassernotstand in Oberalben<\/td>\n<\/tr>\n<tr>\n<td width=\"94\">233-229<\/td>\n<td width=\"123\">13.11.2023<\/td>\n<td width=\"387\">FEZ &#8211; U2 Mehrere Unwettereins\u00e4tze in der Verbandsgemeinde<\/td>\n<\/tr>\n<tr>\n<td width=\"94\">228<\/td>\n<td width=\"123\">13.11.2023<\/td>\n<td width=\"387\">FEZ &#8211; S1 Stromausfall in mehreren Orten der Verbandsgemeinde<\/td>\n<\/tr>\n<tr>\n<td width=\"94\">227<\/td>\n<td width=\"123\">13.11.2023<\/td>\n<td width=\"387\">FEZ &#8211; S1 Stromausfall in mehreren Orten der Verbandsgemeinde<\/td>\n<\/tr>\n<tr>\n<td width=\"94\">226<\/td>\n<td width=\"123\">05.11.2023<\/td>\n<td width=\"387\">B3 Geb\u00e4udebrand mit Menschenrettung in Kusel<\/td>\n<\/tr>\n<tr>\n<td width=\"94\">225<\/td>\n<td width=\"123\">05.11.2023<\/td>\n<td width=\"387\">FEZ &#8211; U2 \u00dcberflutete Fahrbahn auf der B423 Rutsweiler i.R Theisbergstegen<\/td>\n<\/tr>\n<tr>\n<td width=\"94\">224<\/td>\n<td width=\"123\">05.11.2023<\/td>\n<td width=\"387\">H1 Baum \u00fcber Fahrbahn in Rutsweiler<\/td>\n<\/tr>\n<tr>\n<td width=\"94\">223<\/td>\n<td width=\"123\">05.11.2023<\/td>\n<td width=\"387\">FEZ &#8211; G1 Gasgeruch in Kusel<\/td>\n<\/tr>\n<tr>\n<td width=\"94\">222<\/td>\n<td width=\"123\">04.11.2023<\/td>\n<td width=\"387\">H2 Verkehrsunfall auf der L370 Bosenbach i.R Friedelhausen<\/td>\n<\/tr>\n<tr>\n<td width=\"94\">221<\/td>\n<td width=\"123\">03.11.2023<\/td>\n<td width=\"387\">FEZ &#8211; B2 Rauchentwicklung aus Geb\u00e4ude in Kusel<\/td>\n<\/tr>\n<tr>\n<td width=\"94\">220<\/td>\n<td width=\"123\">02.11.2023<\/td>\n<td width=\"387\">FEZ &#8211; G3 Gasausstr\u00f6mung in K\u00f6rborn<\/td>\n<\/tr>\n<tr>\n<td width=\"94\">219<\/td>\n<td width=\"123\">02.11.2023<\/td>\n<td width=\"387\">FEZ &#8211; S1 Stromausfall in mehreren Orten in der Verbandsgemeinde<\/td>\n<\/tr>\n<tr>\n<td width=\"94\">218<\/td>\n<td width=\"123\">28.10.2023<\/td>\n<td width=\"387\">FEZ &#8211; H2 Tragehilfe f\u00fcr den Rettungsdienst mittels DLK in Rammelsbach<\/td>\n<\/tr>\n<tr>\n<td width=\"94\">217<\/td>\n<td width=\"123\">28.10.2023<\/td>\n<td width=\"387\">FEZ &#8211; B2 Nebengeb\u00e4udebrand in Kusel<\/td>\n<\/tr>\n<tr>\n<td width=\"94\">216<\/td>\n<td width=\"123\">21.10.2023<\/td>\n<td width=\"387\">FEZ &#8211; H1 Absicherung einer Gefahrenstelle in Kusel<\/td>\n<\/tr>\n<tr>\n<td width=\"94\">215<\/td>\n<td width=\"123\">11.10.2023<\/td>\n<td width=\"387\">FEZ &#8211; B2 Brandmeldealarm in Thallichtenberg<\/td>\n<\/tr>\n<tr>\n<td width=\"94\">214<\/td>\n<td width=\"123\">10.10.2023<\/td>\n<td width=\"387\">FEZ &#8211; G1 auslaufende Betriebsmittel nach Verkehrsunfall in Ulmet<\/td>\n<\/tr>\n<tr>\n<td width=\"94\">213<\/td>\n<td width=\"123\">09.10.2023<\/td>\n<td width=\"387\">FEZ &#8211; B1 Kleinbrand in Kusel<\/td>\n<\/tr>\n<tr>\n<td width=\"94\">212<\/td>\n<td width=\"123\">09.10.2023<\/td>\n<td width=\"387\">FEZ &#8211; G1 auslaufende Betriebsmittel aus PKW in Kusel<\/td>\n<\/tr>\n<tr>\n<td width=\"94\">211<\/td>\n<td width=\"123\">05.10.2023<\/td>\n<td width=\"387\">FEZ &#8211; B2 ausgel\u00f6ster Rauchwarnmelder in Haschbach<\/td>\n<\/tr>\n<tr>\n<td width=\"94\">210<\/td>\n<td width=\"123\">04.10.2023<\/td>\n<td width=\"387\">B1 Kleinbrand in Altenglan<\/td>\n<\/tr>\n<tr>\n<td width=\"94\">209<\/td>\n<td width=\"123\">04.10.2023<\/td>\n<td width=\"387\">FEZ &#8211; B2 Brandmeldealarm in Kusel<\/td>\n<\/tr>\n<tr>\n<td width=\"94\">208<\/td>\n<td width=\"123\">02.10.2023<\/td>\n<td width=\"387\">FEZ &#8211; H2 Verkehrsunfall auf der BAB 62 Reichweiler i.R Kusel<\/td>\n<\/tr>\n<tr>\n<td width=\"94\">207<\/td>\n<td width=\"123\">30.09.2023<\/td>\n<td width=\"387\">B1 Brandnachschau in Bedesbach<\/td>\n<\/tr>\n<tr>\n<td width=\"94\">206<\/td>\n<td width=\"123\">30.09.2023<\/td>\n<td width=\"387\">B3 Dachstuhlbrand in Bedesbach<\/td>\n<\/tr>\n<tr>\n<td width=\"94\">205<\/td>\n<td width=\"123\">29.09.2023<\/td>\n<td width=\"387\">FEZ &#8211; B2 Brandmeldealarm in Kusel<\/td>\n<\/tr>\n<tr>\n<td width=\"94\">204<\/td>\n<td width=\"123\">27.09.2023<\/td>\n<td width=\"387\">H2 Verkehrsunfall mit Quad in Erdesbach<\/td>\n<\/tr>\n<tr>\n<td width=\"94\">203<\/td>\n<td width=\"123\">27.09.2023<\/td>\n<td width=\"387\">FEZ &#8211; B2 Kaminbrand in Kusel<\/td>\n<\/tr>\n<tr>\n<td width=\"94\">202<\/td>\n<td width=\"123\">24.09.2023<\/td>\n<td width=\"387\">FEZ &#8211; G1 auslaufende Betriebsmittel nach Verkehrsunfall auf der L368 Altenglan i.R. Friedelhausen<\/td>\n<\/tr>\n<tr>\n<td width=\"94\">201<\/td>\n<td width=\"123\">21.09.2023<\/td>\n<td width=\"387\">FEZ &#8211; S1 Stromausf\u00e4lle in der Verbandsgemeinde<\/td>\n<\/tr>\n<tr>\n<td width=\"94\">200<\/td>\n<td width=\"123\">18.09.2023<\/td>\n<td width=\"387\">FEZ &#8211; B2 LKW Brand auf der BAB 62 Kusel i.R. Reichweiler<\/td>\n<\/tr>\n<tr>\n<td width=\"94\">199<\/td>\n<td width=\"123\">16.09.2023<\/td>\n<td width=\"387\">FEZ &#8211; B1 PKW Brand auf der L350 Herschweiler-Pettersheim i.R Konken<\/td>\n<\/tr>\n<tr>\n<td width=\"94\">198<\/td>\n<td width=\"123\">15.09.2023<\/td>\n<td width=\"387\">FEZ &#8211; H2 Verkehrsunfall auf der B420 Kusel i.R Konken<\/td>\n<\/tr>\n<tr>\n<td width=\"94\">197<\/td>\n<td width=\"123\">13.09.2023<\/td>\n<td width=\"387\">FEZ &#8211; B2 ausgel\u00f6ster Rauchwarnmelder in Konken<\/td>\n<\/tr>\n<tr>\n<td width=\"94\">196<\/td>\n<td width=\"123\">13.09.2023<\/td>\n<td width=\"387\">FEZ &#8211; H1 Tierrettung in Konken<\/td>\n<\/tr>\n<tr>\n<td width=\"94\">195<\/td>\n<td width=\"123\">12.09.2023<\/td>\n<td width=\"387\">H1 Baum \u00fcber Fahrbahn in Altenglan<\/td>\n<\/tr>\n<tr>\n<td width=\"94\">194<\/td>\n<td width=\"123\">12.09.2023<\/td>\n<td width=\"387\">FEZ &#8211; U2 Mehrere \u00fcberflutete Fahrbahnen in Kusel<\/td>\n<\/tr>\n<tr>\n<td width=\"94\">193<\/td>\n<td width=\"123\">12.09.2023<\/td>\n<td width=\"387\">FEZ &#8211; H1 Baum \u00fcber Fahrbahn auf der B420 Kusel i.R Konken<\/td>\n<\/tr>\n<tr>\n<td width=\"94\">192<\/td>\n<td width=\"123\">11.09.2023<\/td>\n<td width=\"387\">FEZ &#8211; H2 T\u00fcr\u00f6ffnung dringend in Kusel<\/td>\n<\/tr>\n<tr>\n<td width=\"94\">191<\/td>\n<td width=\"123\">11.09.2023<\/td>\n<td width=\"387\">FEZ &#8211; H2 Verkehrsunfall auf der B420 Konken i.R Selchenbach<\/td>\n<\/tr>\n<tr>\n<td width=\"94\">190<\/td>\n<td width=\"123\">09.09.2023<\/td>\n<td width=\"387\">FEZ &#8211; B2 Brandmeldealarm in Kusel<\/td>\n<\/tr>\n<tr>\n<td width=\"94\">189<\/td>\n<td width=\"123\">09.09.2023<\/td>\n<td width=\"387\">H2 Verkehrsunfall mit Motorrad auf der B420 Patersbach i.R Erdesbach<\/td>\n<\/tr>\n<tr>\n<td width=\"94\">188<\/td>\n<td width=\"123\">08.09.2023<\/td>\n<td width=\"387\">B2 Brandmeldealarm in Rammelsbach<\/td>\n<\/tr>\n<tr>\n<td width=\"94\">187<\/td>\n<td width=\"123\">06.09.2023<\/td>\n<td width=\"387\">H2 Verkehrsunfall in Altenglan<\/td>\n<\/tr>\n<tr>\n<td width=\"94\">186<\/td>\n<td width=\"123\">06.09.2023<\/td>\n<td width=\"387\">FEZ &#8211; B2 Brandmeldealarm in Rammelsbach<\/td>\n<\/tr>\n<tr>\n<td width=\"94\">185<\/td>\n<td width=\"123\">06.09.2023<\/td>\n<td width=\"387\">FEZ &#8211; B2 Brandmeldealarm in Kusel<\/td>\n<\/tr>\n<tr>\n<td width=\"94\">184<\/td>\n<td width=\"123\">06.09.2023<\/td>\n<td width=\"387\">FEZ &#8211; B2 Brandmeldealarm in Kusel<\/td>\n<\/tr>\n<tr>\n<td width=\"94\">183<\/td>\n<td width=\"123\">05.09.2023<\/td>\n<td width=\"387\">H3 Verkehrsunfall mit LKW (Eine Person klemmt) auf der L368 Altenglan i.R. Welchweiler<\/td>\n<\/tr>\n<tr>\n<td width=\"94\">182<\/td>\n<td width=\"123\">04.09.2023<\/td>\n<td width=\"387\">B1 Anh\u00e4ngerbrand in Patersbach<\/td>\n<\/tr>\n<tr>\n<td width=\"94\">181<\/td>\n<td width=\"123\">01.09.2023<\/td>\n<td width=\"387\">FEZ &#8211; H2 Verkehrsunfall in Konken<\/td>\n<\/tr>\n<tr>\n<td width=\"94\">180<\/td>\n<td width=\"123\">31.08.2023<\/td>\n<td width=\"387\">FEZ &#8211; B2 Brandmeldealarm in Kusel<\/td>\n<\/tr>\n<tr>\n<td width=\"94\">179<\/td>\n<td width=\"123\">31.08.2023<\/td>\n<td width=\"387\">FEZ &#8211; H2 Verkehrsunfall auf der L360 Kusel i.R Bledesbach<\/td>\n<\/tr>\n<tr>\n<td width=\"94\">178<\/td>\n<td width=\"123\">29.08.2023<\/td>\n<td width=\"387\">FEZ &#8211; B1 Rauchentwicklung im Freien in Kusel<\/td>\n<\/tr>\n<tr>\n<td width=\"94\">177<\/td>\n<td width=\"123\">27.08.2023<\/td>\n<td width=\"387\">FEZ &#8211; H2 Tragehilfe f\u00fcr den Rettungsdienst mittels DLK in Rammelsbach<\/td>\n<\/tr>\n<tr>\n<td width=\"94\">176<\/td>\n<td width=\"123\">26.08.2023<\/td>\n<td width=\"387\">FEZ &#8211; B2 Brandmeldealarm in Kusel<\/td>\n<\/tr>\n<tr>\n<td width=\"94\">175<\/td>\n<td width=\"123\">22.08.2023<\/td>\n<td width=\"387\">G2 Chemischer Geruch unklar in Ulmet<\/td>\n<\/tr>\n<tr>\n<td width=\"94\">174<\/td>\n<td width=\"123\">21.08.2023<\/td>\n<td width=\"387\">FEZ &#8211; B2 Brandmeldealarm in Rammelsbach<\/td>\n<\/tr>\n<tr>\n<td width=\"94\">173<\/td>\n<td width=\"123\">21.08.2023<\/td>\n<td width=\"387\">FEZ &#8211; B2 Brandmeldealarm in Kusel<\/td>\n<\/tr>\n<tr>\n<td width=\"94\">172<\/td>\n<td width=\"123\">21.08.2023<\/td>\n<td width=\"387\">FEZ &#8211; H2 Verkehrsunfall auf der BAB 62 Reichweiler i.R Kusel<\/td>\n<\/tr>\n<tr>\n<td width=\"94\">171<\/td>\n<td width=\"123\">16.08.2023<\/td>\n<td width=\"387\">Rauchentwicklung im Freien in Altenglan<\/td>\n<\/tr>\n<tr>\n<td width=\"94\">170<\/td>\n<td width=\"123\">15.08.2023<\/td>\n<td width=\"387\">FEZ &#8211; B2 ausgel\u00f6ster Rauchwarnmelder in Erdesbach<\/td>\n<\/tr>\n<tr>\n<td width=\"94\">169<\/td>\n<td width=\"123\">15.08.2023<\/td>\n<td width=\"387\">FEZ &#8211; B2 Brandmeldealarm in Konken<\/td>\n<\/tr>\n<tr>\n<td width=\"94\">168<\/td>\n<td width=\"123\">13.08.2023<\/td>\n<td width=\"387\">FEZ &#8211; H1 Tragehilfe f\u00fcr den Rettungsdienst in Thallichtenberg<\/td>\n<\/tr>\n<tr>\n<td width=\"94\">167<\/td>\n<td width=\"123\">13.08.2023<\/td>\n<td width=\"387\">FEZ &#8211; B2 Brandmeldealarm in Konken<\/td>\n<\/tr>\n<tr>\n<td width=\"94\">166<\/td>\n<td width=\"123\">12.08.2023<\/td>\n<td width=\"387\">B1 Motorradbrand auf der K31 Horschbach i.R E\u00dfweiler<\/td>\n<\/tr>\n<tr>\n<td width=\"94\">165<\/td>\n<td width=\"123\">12.08.2023<\/td>\n<td width=\"387\">FEZ &#8211; H2 Verkehrsunfall auf der BAB 62 Reichweiler i.R Konken<\/td>\n<\/tr>\n<tr>\n<td width=\"94\">164<\/td>\n<td width=\"123\">11.08.2023<\/td>\n<td width=\"387\">FEZ &#8211; B2 Brandmeldealarm in Rammelsbach<\/td>\n<\/tr>\n<tr>\n<td width=\"94\">163<\/td>\n<td width=\"123\">11.08.2023<\/td>\n<td width=\"387\">FEZ &#8211; B2 Brandmeldealarm in Kusel<\/td>\n<\/tr>\n<tr>\n<td width=\"94\">162<\/td>\n<td width=\"123\">06.08.2023<\/td>\n<td width=\"387\">FEZ &#8211; B2 Nebengeb\u00e4udebrand in Ulmet<\/td>\n<\/tr>\n<tr>\n<td width=\"94\">161<\/td>\n<td width=\"123\">04.08.2023<\/td>\n<td width=\"387\">FEZ &#8211; H1 Baum \u00fcber Fahrbahn auf der B420 Konken i.R Selchenbach<\/td>\n<\/tr>\n<tr>\n<td width=\"94\">160<\/td>\n<td width=\"123\">03.08.2023<\/td>\n<td width=\"387\">FEZ &#8211; H1 Baum auf Stromleitung an der B420 Selchenbach i.R Marth (Saarland)<\/td>\n<\/tr>\n<tr>\n<td width=\"94\">159<\/td>\n<td width=\"123\">02.08.2023<\/td>\n<td width=\"387\">H1 Wassernotstand in Rammelsbach<\/td>\n<\/tr>\n<tr>\n<td width=\"94\">158<\/td>\n<td width=\"123\">02.08.2023<\/td>\n<td width=\"387\">FEZ &#8211; H2 Verkehrsunfall auf der BAB 62 Kusel i.R Reichweiler<\/td>\n<\/tr>\n<tr>\n<td width=\"94\">157<\/td>\n<td width=\"123\">02.08.2023<\/td>\n<td width=\"387\">FEZ &#8211; H1 Absicherung einer Gefahrenstelle in Kusel<\/td>\n<\/tr>\n<tr>\n<td width=\"94\">156<\/td>\n<td width=\"123\">01.08.2023<\/td>\n<td width=\"387\">H2 Verkehrsunfall in Ulmet<\/td>\n<\/tr>\n<tr>\n<td width=\"94\">155<\/td>\n<td width=\"123\">29.07.2023<\/td>\n<td width=\"387\">FEZ &#8211; H2 Verkehrsunfall auf der B420 Kusel i.R Rammelsbach<\/td>\n<\/tr>\n<tr>\n<td width=\"94\">154<\/td>\n<td width=\"123\">29.07.2023<\/td>\n<td width=\"387\">FEZ &#8211; B2 Brandmeldealarm in Konken<\/td>\n<\/tr>\n<tr>\n<td width=\"94\">153<\/td>\n<td width=\"123\">27.07.2023<\/td>\n<td width=\"387\">FEZ &#8211; H2 T\u00fcr\u00f6ffnung dringend in Kusel<\/td>\n<\/tr>\n<tr>\n<td width=\"94\">152<\/td>\n<td width=\"123\">26.07.2023<\/td>\n<td width=\"387\">FEZ &#8211; S1 Amtshilfe f\u00fcr die Polizei in Erdesbach<\/td>\n<\/tr>\n<tr>\n<td width=\"94\">151<\/td>\n<td width=\"123\">24.07.2023<\/td>\n<td width=\"387\">H2 T\u00fcr\u00f6ffnung dringend in Patersbach<\/td>\n<\/tr>\n<tr>\n<td width=\"94\">150<\/td>\n<td width=\"123\">22.07.2023<\/td>\n<td width=\"387\">B1 Brand von Unrat in Rammelsbach<\/td>\n<\/tr>\n<tr>\n<td width=\"94\">149<\/td>\n<td width=\"123\">22.07.2023<\/td>\n<td width=\"387\">FEZ &#8211; H1 Tragehilfe f\u00fcr den Rettungsdienst aus unwegsamem Gel\u00e4nde in Blaubach<\/td>\n<\/tr>\n<tr>\n<td width=\"94\">148<\/td>\n<td width=\"123\">22.07.2023<\/td>\n<td width=\"387\">FEZ &#8211; H2 Verkehrsunfall in Selchenbach<\/td>\n<\/tr>\n<tr>\n<td width=\"94\">147<\/td>\n<td width=\"123\">21.07.2023<\/td>\n<td width=\"387\">FEZ &#8211; B2 Nebengeb\u00e4udebrand in Kusel<\/td>\n<\/tr>\n<tr>\n<td width=\"94\">146<\/td>\n<td width=\"123\">20.07.2023<\/td>\n<td width=\"387\">FEZ &#8211; H1 Einfache Hilfeleistung in Kusel<\/td>\n<\/tr>\n<tr>\n<td width=\"94\">145<\/td>\n<td width=\"123\">18.07.2023<\/td>\n<td width=\"387\">FEZ &#8211; H2 Tragehilfe f\u00fcr den Rettungsdienst in Kusel<\/td>\n<\/tr>\n<tr>\n<td width=\"94\">144<\/td>\n<td width=\"123\">17.07.2023<\/td>\n<td width=\"387\">FEZ &#8211; B2 Rauchentwicklung aus Geb\u00e4ude in Blaubach<\/td>\n<\/tr>\n<tr>\n<td width=\"94\">143<\/td>\n<td width=\"123\">16.07.2023<\/td>\n<td width=\"387\">H2 Verkehrsunfall (PKW liegt auf Dach) auf der B420 in Rammelsbach<\/td>\n<\/tr>\n<tr>\n<td width=\"94\">142<\/td>\n<td width=\"123\">14.07.2023<\/td>\n<td width=\"387\">H2 Verkehrsunfall auf der B423 Rutsweiler i.R Theisbergstegen<\/td>\n<\/tr>\n<tr>\n<td width=\"94\">141<\/td>\n<td width=\"123\">13.07.2023<\/td>\n<td width=\"387\">B1 Rauchentwicklung im Freien in M\u00fchlbach<\/td>\n<\/tr>\n<tr>\n<td width=\"94\">140<\/td>\n<td width=\"123\">13.07.2023<\/td>\n<td width=\"387\">FEZ &#8211; B2 Waldbrand in Altenglan<\/td>\n<\/tr>\n<tr>\n<td width=\"94\">139<\/td>\n<td width=\"123\">12.07.2023<\/td>\n<td width=\"387\">FEZ &#8211; H1 Baum \u00fcber Fahrbahn auf der L169 Niederalben i.R Baumholder<\/td>\n<\/tr>\n<tr>\n<td width=\"94\">138<\/td>\n<td width=\"123\">11.07.2023<\/td>\n<td width=\"387\">B1 Rauchentwicklung im Freien in Altenglan<\/td>\n<\/tr>\n<tr>\n<td width=\"94\">137<\/td>\n<td width=\"123\">11.07.2023<\/td>\n<td width=\"387\">FEZ &#8211; B2 Fl\u00e4chenbrand gro\u00df in Schellweiler<\/td>\n<\/tr>\n<tr>\n<td width=\"94\">136<\/td>\n<td width=\"123\">11.07.2023<\/td>\n<td width=\"387\">FEZ &#8211; B2 Geb\u00e4ude\/Waldbrand in Dennweiler<\/td>\n<\/tr>\n<tr>\n<td width=\"94\">135<\/td>\n<td width=\"123\">07.07.2023<\/td>\n<td width=\"387\">FEZ &#8211; B2 Fl\u00e4chenbrand gro\u00df in Hohen\u00f6llen (Unterst\u00fctzung f\u00fcr die Feuerwehr Lauterecken-Wolfstein)<\/td>\n<\/tr>\n<tr>\n<td width=\"94\">134<\/td>\n<td width=\"123\">06.07.2023<\/td>\n<td width=\"387\">FEZ &#8211; H2 Verkehrsunfall auf der L350 Herschweiler-Pettersheim i.R Konken<\/td>\n<\/tr>\n<tr>\n<td width=\"94\">133<\/td>\n<td width=\"123\">05.07.2023<\/td>\n<td width=\"387\">FEZ &#8211; G1 auslaufende Betriebsstoffe aus Dieselh\u00e4nger auf der L368 Friedelhausen i.R Niederstaufenbach<\/td>\n<\/tr>\n<tr>\n<td width=\"94\">132<\/td>\n<td width=\"123\">05.07.2023<\/td>\n<td width=\"387\">FEZ &#8211; H2 Verkehrsunfall auf der K19 Konken i.R Wahnwegen<\/td>\n<\/tr>\n<tr>\n<td width=\"94\">131<\/td>\n<td width=\"123\">04.07.2023<\/td>\n<td width=\"387\">FEZ &#8211; B2 Fl\u00e4chenbrand gro\u00df in Oberstaufenbach<\/td>\n<\/tr>\n<tr>\n<td width=\"94\">130<\/td>\n<td width=\"123\">30.06.2023<\/td>\n<td width=\"387\">FEZ &#8211; B2 Brandmeldealarm in Kusel<\/td>\n<\/tr>\n<tr>\n<td width=\"94\">129<\/td>\n<td width=\"123\">26.06.2023<\/td>\n<td width=\"387\">FEZ &#8211; B2 Fl\u00e4chen-, Waldbrand in Rammelsbach<\/td>\n<\/tr>\n<tr>\n<td width=\"94\">128<\/td>\n<td width=\"123\">26.06.2023<\/td>\n<td width=\"387\">FEZ &#8211; B1 Fl\u00e4chenbrand klein in Rammelsbach<\/td>\n<\/tr>\n<tr>\n<td width=\"94\">127<\/td>\n<td width=\"123\">26.06.2023<\/td>\n<td width=\"387\">FEZ &#8211; H2 Verkehrsunfall auf der BAB 62 Kusel i.R Reichweiler<\/td>\n<\/tr>\n<tr>\n<td width=\"94\">126<\/td>\n<td width=\"123\">25.06.2023<\/td>\n<td width=\"387\">FEZ &#8211; B1 Rauchentwicklung im Freien in Bosenbach<\/td>\n<\/tr>\n<tr>\n<td width=\"94\">125<\/td>\n<td width=\"123\">24.06.2023<\/td>\n<td width=\"387\">G2 Propangasflasche bl\u00e4st unkontrolliert ab in Oberstaufenbach<\/td>\n<\/tr>\n<tr>\n<td width=\"94\">124<\/td>\n<td width=\"123\">22.06.2023<\/td>\n<td width=\"387\">FEZ &#8211; H1 Baum \u00fcber Fahrbahn auf der B420 in Kusel<\/td>\n<\/tr>\n<tr>\n<td width=\"94\">123<\/td>\n<td width=\"123\">22.06.2023<\/td>\n<td width=\"387\">FEZ &#8211; H1 Baum \u00fcber Fahrbahn auf der K17 Schellweiler i.R. Etschberg<\/td>\n<\/tr>\n<tr>\n<td width=\"94\">122<\/td>\n<td width=\"123\">21.06.2023<\/td>\n<td width=\"387\">H1 Tierrettung in Altenglan<\/td>\n<\/tr>\n<tr>\n<td width=\"94\">121<\/td>\n<td width=\"123\">21.06.2023<\/td>\n<td width=\"387\">FEZ &#8211; B2 Brandmeldealarm in Kusel<\/td>\n<\/tr>\n<tr>\n<td width=\"94\">120<\/td>\n<td width=\"123\">20.06.2023<\/td>\n<td width=\"387\">G1 auslaufende Betriebsstoffe nach Verkehrsunfall mit Motorrad in Erdesbach<\/td>\n<\/tr>\n<tr>\n<td width=\"94\">119<\/td>\n<td width=\"123\">19.06.2023<\/td>\n<td width=\"387\">FEZ &#8211; H2 Tragehilfe mittels DLK f\u00fcr den Rettungsdienst in Bledesbach<\/td>\n<\/tr>\n<tr>\n<td width=\"94\">118<\/td>\n<td width=\"123\">18.06.2023<\/td>\n<td width=\"387\">FEZ &#8211; B1 Brand einer Stra\u00dfenlaterne in Kusel<\/td>\n<\/tr>\n<tr>\n<td width=\"94\">117<\/td>\n<td width=\"123\">17.06.2023<\/td>\n<td width=\"387\">FEZ &#8211; H2 Verkehrsunfall auf der B420 Selchenbach i.R. Konken<\/td>\n<\/tr>\n<tr>\n<td width=\"94\">116<\/td>\n<td width=\"123\">16.06.2023<\/td>\n<td width=\"387\">FEZ &#8211; B1 PKW-Brand in Kusel<\/td>\n<\/tr>\n<tr>\n<td width=\"94\">115<\/td>\n<td width=\"123\">16.06.2023<\/td>\n<td width=\"387\">FEZ &#8211; B2 Brandmeldealarm in Kusel<\/td>\n<\/tr>\n<tr>\n<td width=\"94\">114<\/td>\n<td width=\"123\">15.06.2023<\/td>\n<td width=\"387\">FEZ &#8211; B1 Heckenbrand in Kusel<\/td>\n<\/tr>\n<tr>\n<td width=\"94\">113<\/td>\n<td width=\"123\">15.06.2023<\/td>\n<td width=\"387\">FEZ &#8211; G1 auslaufende Betriebsmittel aus PKW in Kusel<\/td>\n<\/tr>\n<tr>\n<td width=\"94\">112<\/td>\n<td width=\"123\">13.06.2023<\/td>\n<td width=\"387\">FEZ &#8211; H2 Verkehrsunfall (Quad gegen PKW) in Kusel<\/td>\n<\/tr>\n<tr>\n<td width=\"94\">111<\/td>\n<td width=\"123\">11.06.2023<\/td>\n<td width=\"387\">FEZ &#8211; B1 Rauchentwicklung im Freien in Dennweiler-Frohnbach<\/td>\n<\/tr>\n<tr>\n<td width=\"94\">110<\/td>\n<td width=\"123\">08.06.2023<\/td>\n<td width=\"387\">FEZ &#8211; G1 \u00d6lspur in Ruthweiler<\/td>\n<\/tr>\n<tr>\n<td width=\"94\">109<\/td>\n<td width=\"123\">08.06.2023<\/td>\n<td width=\"387\">H2 T\u00fcr\u00f6ffnung dringend in Altenglan<\/td>\n<\/tr>\n<tr>\n<td width=\"94\">108<\/td>\n<td width=\"123\">03.06.2023<\/td>\n<td width=\"387\">H2 T\u00fcr\u00f6ffnung dringend in Erdesbach<\/td>\n<\/tr>\n<tr>\n<td width=\"94\">107<\/td>\n<td width=\"123\">31.05.2023<\/td>\n<td width=\"387\">FEZ &#8211; S1 Stromausfall in Thallichtenberg<\/td>\n<\/tr>\n<tr>\n<td width=\"94\">106<\/td>\n<td width=\"123\">30.05.2023<\/td>\n<td width=\"387\">H3 Verkehrsunfall LKW auf Seite (2 Personen im Fahrzeug) auf der B423 Altenglan i.R M\u00fchlbach<\/td>\n<\/tr>\n<tr>\n<td width=\"94\">105<\/td>\n<td width=\"123\">29.05.2023<\/td>\n<td width=\"387\">FEZ &#8211; B1 Traktorbrand in Blaubach<\/td>\n<\/tr>\n<tr>\n<td width=\"94\">104<\/td>\n<td width=\"123\">28.05.2023<\/td>\n<td width=\"387\">FEZ &#8211; G1 Auslaufende Betriebsmittel nach Motorradunfall auf der L367 Altenglan i.R Friedelhausen<\/td>\n<\/tr>\n<tr>\n<td width=\"94\">103<\/td>\n<td width=\"123\">26.05.2023<\/td>\n<td width=\"387\">FEZ &#8211; B2 Rauchentwicklung aus Geb\u00e4ude in Thallichtenberg<\/td>\n<\/tr>\n<tr>\n<td width=\"94\">102<\/td>\n<td width=\"123\">25.05.2023<\/td>\n<td width=\"387\">H2 Tragehilfe f\u00fcr den Rettungsdienst mittels DLK in Altenglan<\/td>\n<\/tr>\n<tr>\n<td width=\"94\">101<\/td>\n<td width=\"123\">23.05.2023<\/td>\n<td width=\"387\">FEZ &#8211; G1 \u00d6lspur in Oberalben<\/td>\n<\/tr>\n<tr>\n<td width=\"94\">100<\/td>\n<td width=\"123\">23.05.2023<\/td>\n<td width=\"387\">H1 T\u00fcr\u00f6ffnung f\u00fcr die Polizei in Rammelsbach<\/td>\n<\/tr>\n<tr>\n<td width=\"94\">099<\/td>\n<td width=\"123\">18.05.2023<\/td>\n<td width=\"387\">FEZ &#8211; H2 Tragehilfe f\u00fcr den Rettungsdienst mittels DLK in Ulmet<\/td>\n<\/tr>\n<tr>\n<td width=\"94\">098<\/td>\n<td width=\"123\">16.05.2023<\/td>\n<td width=\"387\">FEZ &#8211; H2 T\u00fcr\u00f6ffnung dringend in Kusel<\/td>\n<\/tr>\n<tr>\n<td width=\"94\">097<\/td>\n<td width=\"123\">14.05.2023<\/td>\n<td width=\"387\">FEZ &#8211; B1 Brennendes \u00d6l l\u00e4uft aus Feuerschale in Kusel<\/td>\n<\/tr>\n<tr>\n<td width=\"94\">096<\/td>\n<td width=\"123\">14.05.2023<\/td>\n<td width=\"387\">FEZ &#8211; H1 T\u00fcr\u00f6ffnung f\u00fcr die Polizei in Kusel<\/td>\n<\/tr>\n<tr>\n<td width=\"94\">095<\/td>\n<td width=\"123\">13.05.2023<\/td>\n<td width=\"387\">FEZ &#8211; G1 \u00d6lspur in Kusel<\/td>\n<\/tr>\n<tr>\n<td width=\"94\">094<\/td>\n<td width=\"123\">09.05.2023<\/td>\n<td width=\"387\">FEZ &#8211; B2 Brandmeldealarm in Kusel<\/td>\n<\/tr>\n<tr>\n<td width=\"94\">093<\/td>\n<td width=\"123\">07.05.2023<\/td>\n<td width=\"387\">FEZ &#8211; B2 Brandmeldealarm in Kusel<\/td>\n<\/tr>\n<tr>\n<td width=\"94\">092<\/td>\n<td width=\"123\">07.05.2023<\/td>\n<td width=\"387\">FEZ &#8211; H1 Tierrettung in Theisbergstegen<\/td>\n<\/tr>\n<tr>\n<td width=\"94\">091<\/td>\n<td width=\"123\">07.05.2023<\/td>\n<td width=\"387\">FEZ &#8211; B2 Brandmeldealarm in Kusel<\/td>\n<\/tr>\n<tr>\n<td width=\"94\">090<\/td>\n<td width=\"123\">05.05.2023<\/td>\n<td width=\"387\">FEZ &#8211; B1 Heckenbrand in Erdesbach<\/td>\n<\/tr>\n<tr>\n<td width=\"94\">089<\/td>\n<td width=\"123\">02.05.2023<\/td>\n<td width=\"387\">H2 Verkehrsunfall LKW gegen PKW (Person klemmt) auf der B420 in Altenglan<\/td>\n<\/tr>\n<tr>\n<td width=\"94\">088<\/td>\n<td width=\"123\">30.04.2023<\/td>\n<td width=\"387\">FEZ &#8211; B1 Rauchentwicklung im Freien in M\u00fchlbach<\/td>\n<\/tr>\n<tr>\n<td width=\"94\">087<\/td>\n<td width=\"123\">30.04.2023<\/td>\n<td width=\"387\">FEZ &#8211; B1 Rauchentwicklung im Freien bei Haschbach<\/td>\n<\/tr>\n<tr>\n<td width=\"94\">086<\/td>\n<td width=\"123\">29.04.2023<\/td>\n<td width=\"387\">FEZ &#8211; H2 T\u00fcr\u00f6ffnung dringend in Thallichtenberg<\/td>\n<\/tr>\n<tr>\n<td width=\"94\">085<\/td>\n<td width=\"123\">28.04.2023<\/td>\n<td width=\"387\">FEZ &#8211; S1 Stromausfall in Bedesbach<\/td>\n<\/tr>\n<tr>\n<td width=\"94\">084<\/td>\n<td width=\"123\">28.04.2023<\/td>\n<td width=\"387\">FEZ &#8211; G1 auslaufende Betriebsstoffe aus PKW in Altenglan<\/td>\n<\/tr>\n<tr>\n<td width=\"94\">083<\/td>\n<td width=\"123\">28.04.2023<\/td>\n<td width=\"387\">FEZ &#8211; B2 Nebengeb\u00e4udebrand (Brennt PKW unter Carport) in Altenglan<\/td>\n<\/tr>\n<tr>\n<td width=\"94\">082<\/td>\n<td width=\"123\">27.04.2023<\/td>\n<td width=\"387\">H2 T\u00fcr\u00f6ffnung dringend in Bosenbach<\/td>\n<\/tr>\n<tr>\n<td width=\"94\">081<\/td>\n<td width=\"123\">24.04.2023<\/td>\n<td width=\"387\">H2 Tragehilfe DLK f\u00fcr den Rettungsdienst in Patersbach<\/td>\n<\/tr>\n<tr>\n<td width=\"94\">080<\/td>\n<td width=\"123\">23.04.2023<\/td>\n<td width=\"387\">FEZ &#8211; B2 Brandmeldealarm in Ruthweiler<\/td>\n<\/tr>\n<tr>\n<td width=\"94\">079<\/td>\n<td width=\"123\">20.04.2023<\/td>\n<td width=\"387\">FEZ &#8211; B1 Rauchentwicklung im Freien in Thallichtenberg<\/td>\n<\/tr>\n<tr>\n<td width=\"94\">078<\/td>\n<td width=\"123\">20.04.2023<\/td>\n<td width=\"387\">FEZ &#8211; B2 Brandmeldealarm in Thallichtenberg<\/td>\n<\/tr>\n<tr>\n<td width=\"94\">077<\/td>\n<td width=\"123\">20.04.2023<\/td>\n<td width=\"387\">FEZ &#8211; H2 T\u00fcr\u00f6ffnung dringend in Kusel<\/td>\n<\/tr>\n<tr>\n<td width=\"94\">076<\/td>\n<td width=\"123\">18.04.2023<\/td>\n<td width=\"387\">FEZ &#8211; G1 auslaufende Betriebsstoffe aus PKW in Kusel<\/td>\n<\/tr>\n<tr>\n<td width=\"94\">075<\/td>\n<td width=\"123\">18.04.2023<\/td>\n<td width=\"387\">B2 Kaminbrand in Rammelsbach<\/td>\n<\/tr>\n<tr>\n<td width=\"94\">074<\/td>\n<td width=\"123\">17.04.2023<\/td>\n<td width=\"387\">H2 T\u00fcr\u00f6ffnung dringend in Neunkirchen am Potzberg<\/td>\n<\/tr>\n<tr>\n<td width=\"94\">073<\/td>\n<td width=\"123\">15.04.2023<\/td>\n<td width=\"387\">FEZ &#8211; H2 Person droht mit Sprung in Kusel<\/td>\n<\/tr>\n<tr>\n<td width=\"94\">072<\/td>\n<td width=\"123\">13.04.2023<\/td>\n<td width=\"387\">FEZ &#8211; H1 Tier in Notlage in Ulmet<\/td>\n<\/tr>\n<tr>\n<td width=\"94\">071<\/td>\n<td width=\"123\">12.04.2023<\/td>\n<td width=\"387\">FEZ &#8211; H2 Verkehrsunfall auf der A62 Glan-M\u00fcnchweiler i.R Kusel<\/td>\n<\/tr>\n<tr>\n<td width=\"94\">070<\/td>\n<td width=\"123\">07.04.2023<\/td>\n<td width=\"387\">FEZ &#8211; H2 Verkehrsunfall auf der A62 Glan-M\u00fcnchweiler i.R Kusel<\/td>\n<\/tr>\n<tr>\n<td width=\"94\">069<\/td>\n<td width=\"123\">01.04.2023<\/td>\n<td width=\"387\">FEZ &#8211; H1 Einfache Hilfeleistung in Kusel<\/td>\n<\/tr>\n<tr>\n<td width=\"94\">068<\/td>\n<td width=\"123\">31.03.2023<\/td>\n<td width=\"387\">FEZ &#8211; H1 Baum \u00fcber Fahrbahn auf der K14 in Herchweiler i.O.<\/td>\n<\/tr>\n<tr>\n<td width=\"94\">067<\/td>\n<td width=\"123\">31.03.2023<\/td>\n<td width=\"387\">FEZ &#8211; G1 \u00d6lspur in Etschberg<\/td>\n<\/tr>\n<tr>\n<td width=\"94\">066<\/td>\n<td width=\"123\">28.03.2023<\/td>\n<td width=\"387\">B2 Kaminbrand in Neunkirchen am Potzberg<\/td>\n<\/tr>\n<tr>\n<td width=\"94\">065<\/td>\n<td width=\"123\">27.03.2023<\/td>\n<td width=\"387\">FEZ &#8211; H2 Verkehrsunfall auf der B420 Bledesbach i.R Konken<\/td>\n<\/tr>\n<tr>\n<td width=\"94\">064<\/td>\n<td width=\"123\">21.03.2023<\/td>\n<td width=\"387\">FEZ &#8211; B1 PKW-Brand auf der A62 Kusel i.R Glan-M\u00fcnchweiler<\/td>\n<\/tr>\n<tr>\n<td width=\"94\">063<\/td>\n<td width=\"123\">20.03.2023<\/td>\n<td width=\"387\">FEZ &#8211; B2 Brandmeldealarm in Ruthweiler<\/td>\n<\/tr>\n<tr>\n<td width=\"94\">062<\/td>\n<td width=\"123\">16.03.2023<\/td>\n<td width=\"387\">FEZ &#8211; B1 Sichtbarer Feuerschein in Rammelsbach<\/td>\n<\/tr>\n<tr>\n<td width=\"94\">061<\/td>\n<td width=\"123\">14.03.2023<\/td>\n<td width=\"387\">FEZ &#8211; H1 Umgest\u00fcrzter Baum in Herchweiler i.O.<\/td>\n<\/tr>\n<tr>\n<td width=\"94\">060<\/td>\n<td width=\"123\">13.03.2023<\/td>\n<td width=\"387\">FEZ &#8211; H2 Notfallt\u00fcr\u00f6ffnung in Kusel<\/td>\n<\/tr>\n<tr>\n<td width=\"94\">059-053<\/td>\n<td width=\"123\">13.03.2023<\/td>\n<td width=\"387\">FEZ &#8211; H1 Mehrere Unwettereins\u00e4tze in der Verbandsgemeinde<\/td>\n<\/tr>\n<tr>\n<td width=\"94\">052<\/td>\n<td width=\"123\">11.03.2023<\/td>\n<td width=\"387\">H2 Verkehrsunfall auf der L367 Niederstaufenbach i.R Oberstaufenbach<\/td>\n<\/tr>\n<tr>\n<td width=\"94\">051<\/td>\n<td width=\"123\">11.03.2023<\/td>\n<td width=\"387\">Rauchentwicklung im Freien in Pfeffelbach<\/td>\n<\/tr>\n<tr>\n<td width=\"94\">050<\/td>\n<td width=\"123\">10.03.2023<\/td>\n<td width=\"387\">FEZ &#8211; H1 Umgest\u00fcrzter Baum in Herchweiler i.O.<\/td>\n<\/tr>\n<tr>\n<td width=\"94\">049<\/td>\n<td width=\"123\">10.03.2023<\/td>\n<td width=\"387\">FEZ &#8211; H1 Umgest\u00fcrzter Baum in Blaubach<\/td>\n<\/tr>\n<tr>\n<td width=\"94\">048<\/td>\n<td width=\"123\">08.03.2023<\/td>\n<td width=\"387\">FEZ &#8211; G1 auslaufende Betriebsstoffe aus PKW Kusel<\/td>\n<\/tr>\n<tr>\n<td width=\"94\">047<\/td>\n<td width=\"123\">07.03.2023<\/td>\n<td width=\"387\">FEZ &#8211; G1 \u00d6l auf Fahrbahn in Ruthweiler<\/td>\n<\/tr>\n<tr>\n<td width=\"94\">046<\/td>\n<td width=\"123\">07.03.2023<\/td>\n<td width=\"387\">FEZ &#8211; G1 auslaufende Betriebsstoffe aus PKW in Kusel<\/td>\n<\/tr>\n<tr>\n<td width=\"94\">045<\/td>\n<td width=\"123\">03.03.2023<\/td>\n<td width=\"387\">FEZ &#8211; H2 T\u00fcr\u00f6ffnung dringend in Thallichtenberg<\/td>\n<\/tr>\n<tr>\n<td width=\"94\">044<\/td>\n<td width=\"123\">02.03.2023<\/td>\n<td width=\"387\">S1 Personensuche in Altenglan<\/td>\n<\/tr>\n<tr>\n<td width=\"94\">043<\/td>\n<td width=\"123\">01.03.2023<\/td>\n<td width=\"387\">FEZ &#8211; B2 Brandmeldealarm in Kusel<\/td>\n<\/tr>\n<tr>\n<td width=\"94\">042<\/td>\n<td width=\"123\">25.02.2023<\/td>\n<td width=\"387\">FEZ &#8211; G1 auslaufende Betriebsstoffe nach Verkehrsunfall auf der A62 Reichweiler i.R Freisen<\/td>\n<\/tr>\n<tr>\n<td width=\"94\">041<\/td>\n<td width=\"123\">25.02.2023<\/td>\n<td width=\"387\">H1 Tierrettung in M\u00fchlbach<\/td>\n<\/tr>\n<tr>\n<td width=\"94\">040<\/td>\n<td width=\"123\">21.02.2023<\/td>\n<td width=\"387\">FEZ &#8211; G1 \u00d6l auf Stra\u00dfe in Ruthweiler<\/td>\n<\/tr>\n<tr>\n<td width=\"94\">039<\/td>\n<td width=\"123\">21.02.2023<\/td>\n<td width=\"387\">FEZ &#8211; B1 M\u00fcllbrand in Kusel<\/td>\n<\/tr>\n<tr>\n<td width=\"94\">038<\/td>\n<td width=\"123\">20.02.2023<\/td>\n<td width=\"387\">FEZ &#8211; H2 T\u00fcr\u00f6ffnung dringend in Reichweiler<\/td>\n<\/tr>\n<tr>\n<td width=\"94\">037<\/td>\n<td width=\"123\">17.02.2023<\/td>\n<td width=\"387\">FEZ &#8211; B2 Brandmeldealarm in Kusel<\/td>\n<\/tr>\n<tr>\n<td width=\"94\">036<\/td>\n<td width=\"123\">13.02.2023<\/td>\n<td width=\"387\">FEZ &#8211; B2 ausgel\u00f6ster Rauchwarnmelder in Kusel<\/td>\n<\/tr>\n<tr>\n<td width=\"94\">035<\/td>\n<td width=\"123\">12.02.2023<\/td>\n<td width=\"387\">FEZ &#8211; H2 T\u00fcr\u00f6ffnung dringend in Herchweiler i.O.<\/td>\n<\/tr>\n<tr>\n<td width=\"94\">034<\/td>\n<td width=\"123\">07.02.2023<\/td>\n<td width=\"387\">H1 Tragehilfe f\u00fcr den Rettungsdienst in Patersbach<\/td>\n<\/tr>\n<tr>\n<td width=\"94\">033<\/td>\n<td width=\"123\">06.02.2023<\/td>\n<td width=\"387\">H2 T\u00fcr\u00f6ffnung dringend in Welchweiler<\/td>\n<\/tr>\n<tr>\n<td width=\"94\">032<\/td>\n<td width=\"123\">06.02.2023<\/td>\n<td width=\"387\">G1 \u00d6lspur in Altenglan<\/td>\n<\/tr>\n<tr>\n<td width=\"94\">031<\/td>\n<td width=\"123\">05.02.2023<\/td>\n<td width=\"387\">FEZ &#8211; G1 \u00d6lspur in Ulmet<\/td>\n<\/tr>\n<tr>\n<td width=\"94\">030<\/td>\n<td width=\"123\">04.02.2023<\/td>\n<td width=\"387\">FEZ &#8211; H2 Person in Aufzug eingeschlossen in Kusel<\/td>\n<\/tr>\n<tr>\n<td width=\"94\">029<\/td>\n<td width=\"123\">31.01.2023<\/td>\n<td width=\"387\">FEZ &#8211; G1 auslaufende Betriebsmittel (\u00d6l l\u00e4uft in Kanal) in Kusel<\/td>\n<\/tr>\n<tr>\n<td width=\"94\">028<\/td>\n<td width=\"123\">30.01.2023<\/td>\n<td width=\"387\">FEZ &#8211; B2 Rauchentwicklung aus Geb\u00e4ude in Kusel<\/td>\n<\/tr>\n<tr>\n<td width=\"94\">027<\/td>\n<td width=\"123\">28.01.2023<\/td>\n<td width=\"387\">H2 T\u00fcr\u00f6ffnung in Altenglan<\/td>\n<\/tr>\n<tr>\n<td width=\"94\">026<\/td>\n<td width=\"123\">27.01.2023<\/td>\n<td width=\"387\">FEZ &#8211; B1 Brandnachschau in Etschberg<\/td>\n<\/tr>\n<tr>\n<td width=\"94\">025<\/td>\n<td width=\"123\">26.01.2023<\/td>\n<td width=\"387\">FEZ &#8211; B2 ausgel\u00f6ster Heimrauchmelder in Bledesbach<\/td>\n<\/tr>\n<tr>\n<td width=\"94\">024<\/td>\n<td width=\"123\">26.01.2023<\/td>\n<td width=\"387\">B2 ausgel\u00f6ster Heimrauchmelder in Erdesbach<\/td>\n<\/tr>\n<tr>\n<td width=\"94\">023<\/td>\n<td width=\"123\">26.01.2023<\/td>\n<td width=\"387\">H1 Kadaverbeseitigung in Kusel<\/td>\n<\/tr>\n<tr>\n<td width=\"94\">022<\/td>\n<td width=\"123\">24.01.2023<\/td>\n<td width=\"387\">FEZ &#8211; H1 T\u00fcr\u00f6ffnung in Kusel<\/td>\n<\/tr>\n<tr>\n<td width=\"94\">021<\/td>\n<td width=\"123\">23.01.2023<\/td>\n<td width=\"387\">H1 Umgest\u00fcrzter Baum zwischen Patersbach und Erdesbach<\/td>\n<\/tr>\n<tr>\n<td width=\"94\">020<\/td>\n<td width=\"123\">22.01.2023<\/td>\n<td width=\"387\">FEZ &#8211; H2 T\u00fcr\u00f6ffnung dringend in Kusel<\/td>\n<\/tr>\n<tr>\n<td width=\"94\">019<\/td>\n<td width=\"123\">21.01.2023<\/td>\n<td width=\"387\">FEZ &#8211; S1 Stromausfall in mehreren Orten der Verbandsgemeinde<\/td>\n<\/tr>\n<tr>\n<td width=\"94\">018<\/td>\n<td width=\"123\">20.01.2023<\/td>\n<td width=\"387\">FEZ &#8211; B1 Fl\u00e4chenbrand klein in Erdesbach<\/td>\n<\/tr>\n<tr>\n<td width=\"94\">017<\/td>\n<td width=\"123\">17.01.2023<\/td>\n<td width=\"387\">H2 T\u00fcr\u00f6ffnung dringend in Welchweiler<\/td>\n<\/tr>\n<tr>\n<td width=\"94\">016<\/td>\n<td width=\"123\">15.01.2023<\/td>\n<td width=\"387\">H2 Verkehrsunfall zwischen Altenglan und Rammelsbach<\/td>\n<\/tr>\n<tr>\n<td width=\"94\">015<\/td>\n<td width=\"123\">15.01.2023<\/td>\n<td width=\"387\">FEZ &#8211; B2 Brandmeldealarm in Kusel<\/td>\n<\/tr>\n<tr>\n<td width=\"94\">014<\/td>\n<td width=\"123\">13.01.2023<\/td>\n<td width=\"387\">FEZ &#8211; B1 Brand einer Dixitoilette in Kusel<\/td>\n<\/tr>\n<tr>\n<td width=\"94\">013<\/td>\n<td width=\"123\">13.01.2023<\/td>\n<td width=\"387\">FEZ &#8211; H1 Absicherung Gefahrenstelle (Hangrutsch) zwischen Friedelhausen und Niederstaufenbach<\/td>\n<\/tr>\n<tr>\n<td width=\"94\">012<\/td>\n<td width=\"123\">13.01.2023<\/td>\n<td width=\"387\">FEZ &#8211; B2 Brandmeldealarm in Kusel<\/td>\n<\/tr>\n<tr>\n<td width=\"94\">011<\/td>\n<td width=\"123\">12.01.2023<\/td>\n<td width=\"387\">FEZ &#8211; H2 Verkehrsunfall zwischen Kusel und Bledesbach<\/td>\n<\/tr>\n<tr>\n<td width=\"94\">010<\/td>\n<td width=\"123\">12.01.2023<\/td>\n<td width=\"387\">FEZ &#8211; H2 T\u00fcr\u00f6ffnung dringend in Dennweiler-Frohnbach<\/td>\n<\/tr>\n<tr>\n<td width=\"94\">009<\/td>\n<td width=\"123\">11.01.2023<\/td>\n<td width=\"387\">H2 T\u00fcr\u00f6ffnung dringend in Ulmet<\/td>\n<\/tr>\n<tr>\n<td width=\"94\">008<\/td>\n<td width=\"123\">10.01.2023<\/td>\n<td width=\"387\">B2 Brandmeldealarm in Kusel<\/td>\n<\/tr>\n<tr>\n<td width=\"94\">007<\/td>\n<td width=\"123\">09.01.2023<\/td>\n<td width=\"387\">H1 Wassernotstand in Patersbach<\/td>\n<\/tr>\n<tr>\n<td width=\"94\">006<\/td>\n<td width=\"123\">08.01.2023<\/td>\n<td width=\"387\">B2 Nebengeb\u00e4udebrand in Altenglan<\/td>\n<\/tr>\n<tr>\n<td width=\"94\">005<\/td>\n<td width=\"123\">05.01.2023<\/td>\n<td width=\"387\">FEZ &#8211; B2 Brandmeldealarm in Kusel<\/td>\n<\/tr>\n<tr>\n<td width=\"94\">004<\/td>\n<td width=\"123\">05.01.2023<\/td>\n<td width=\"387\">FEZ &#8211; H1 Baum \u00fcber Fahrbahn zwischen Rammelsbach und Kusel<\/td>\n<\/tr>\n<tr>\n<td width=\"94\">003<\/td>\n<td width=\"123\">04.01.2023<\/td>\n<td width=\"387\">FEZ &#8211; B2 Brandmeldealarm in Kusel<\/td>\n<\/tr>\n<tr>\n<td width=\"94\">002<\/td>\n<td width=\"123\">04.01.2023<\/td>\n<td width=\"387\">FEZ &#8211; B2 Brandmeldealarm in Kusel<\/td>\n<\/tr>\n<tr>\n<td width=\"94\">001<\/td>\n<td width=\"123\">03.01.2023<\/td>\n<td width=\"387\">FEZ &#8211; B2 Brandmeldealarm in Kusel<\/td>\n<\/tr>\n<\/tbody>\n<\/table>\n<p>&nbsp;<\/p>\n<p>[\/et_pb_text][\/et_pb_column][et_pb_column type=&#8220;1_3&#8243; _builder_version=&#8220;4.27.4&#8243; _module_preset=&#8220;default&#8220; background_color=&#8220;#f5f5f5&#8243; custom_padding=&#8220;3em|3em|3em|3em|true|true&#8220; border_radii=&#8220;on|15px|15px|15px|15px&#8220; global_colors_info=&#8220;{}&#8220;][et_pb_blurb title=&#8220;N\u00e4chste Termine&#8220; _builder_version=&#8220;4.27.4&#8243; _module_preset=&#8220;default&#8220; header_font=&#8220;|600|||||||&#8220; header_text_align=&#8220;center&#8220; header_line_height=&#8220;2em&#8220; body_line_height=&#8220;1em&#8220; custom_padding=&#8220;1em|1em|1em|1em|true|true&#8220; border_width_all=&#8220;2px&#8220; border_color_all=&#8220;#dbdbdb&#8220; global_colors_info=&#8220;{}&#8220;]\n<section class=\" ics-calendar layout-basic stickymonths\" id=\"r69f2e4f02e03ce6\" style=\"opacity: 1;\">\n\n\t\t\t<article class=\"ics-calendar-basic-wrapper\">\n\n\t\t\t\n\t\t\t<ul class=\"events r34ics-basic-events\">\n\t\t\t\t\t\t\t\t\t\n\t\t\t\t\t\t\t\t\t\t<li class=\"event t190000\" data-dow=\"4\" data-wknum=\"18\" data-rel2today=\"today\" data-feed-key=\"0\">\n\t\t\t\t\t\t\t\t\t\t\t<div class=\"date\"><span data-date-format=\"l\">Donnerstag<\/span> <span data-date-format=\"j\">30<\/span> <span data-date-format=\"F\">April<\/span><\/div>\n\n\t\t\t\t\t\t\t\t\t\t\t<div class=\"event-info\">\n\t\t\t\t\t\t\t\t\t\t\t\t\t\t\t\t\t\t\t\t\t\t\t\t\t<div class=\"time\">\n\t\t\t\t\t\t\t\t\t\t\t\t\t\t<span class=\"start_time\">19:00<\/span>\n\t\t\t\t\t\t\t\t\t\t\t\t\t\t\t\t\t\t\t\t\t\t\t\t\t\t\t\t\t<span class=\"end_time\">&#8211; 21:00<\/span>\n\t\t\t\t\t\t\t\t\t\t\t\t\t\t\t\t\t\t\t\t\t\t\t\t\t\t\t\t<\/div>\n\t\t\t\t\t\t\t\t\t\t\t\t\t<div class=\"title\">\u00dcbung<\/div>\t\t\t\t\t\t\t\t\t\t\t<\/div>\n\t\t\t\t\t\t\t\t\t\t\n\t\t\t\t\t\t\t\t\t\t<\/li>\n\n\t\t\t\t\t\t\t\t\t\t\t\t\t\t\t\n\t\t\t\t\t\t\t\t\t\t<li class=\"event t190000\" data-dow=\"4\" data-wknum=\"19\" data-rel2today=\"future\" data-feed-key=\"0\">\n\t\t\t\t\t\t\t\t\t\t\t<div class=\"date\"><span data-date-format=\"l\">Donnerstag<\/span> <span data-date-format=\"j\">7<\/span> <span data-date-format=\"F\">Mai<\/span><\/div>\n\n\t\t\t\t\t\t\t\t\t\t\t<div class=\"event-info\">\n\t\t\t\t\t\t\t\t\t\t\t\t\t\t\t\t\t\t\t\t\t\t\t\t\t<div class=\"time\">\n\t\t\t\t\t\t\t\t\t\t\t\t\t\t<span class=\"start_time\">19:00<\/span>\n\t\t\t\t\t\t\t\t\t\t\t\t\t\t\t\t\t\t\t\t\t\t\t\t\t\t\t\t\t<span class=\"end_time\">&#8211; 21:00<\/span>\n\t\t\t\t\t\t\t\t\t\t\t\t\t\t\t\t\t\t\t\t\t\t\t\t\t\t\t\t<\/div>\n\t\t\t\t\t\t\t\t\t\t\t\t\t<div class=\"title\">\u00dcbung<\/div>\t\t\t\t\t\t\t\t\t\t\t<\/div>\n\t\t\t\t\t\t\t\t\t\t\n\t\t\t\t\t\t\t\t\t\t<\/li>\n\n\t\t\t\t\t\t\t\t\t\t\t\t\t<\/ul>\n\t\t<\/article>\n\n\t\t\n<\/section>\n[\/et_pb_blurb][et_pb_blurb title=&#8220;Katwarn&#8220; _builder_version=&#8220;4.27.4&#8243; _module_preset=&#8220;default&#8220; header_font=&#8220;|600|||||||&#8220; header_text_align=&#8220;center&#8220; header_line_height=&#8220;2em&#8220; body_line_height=&#8220;1em&#8220; custom_padding=&#8220;1em|1em|1em|1em|true|true&#8220; border_width_all=&#8220;2px&#8220; border_color_all=&#8220;#dbdbdb&#8220; global_colors_info=&#8220;{}&#8220;]<a href=\"https:\/\/warnungen.katwarn.de\/\" target=\"_blank\" rel=\"noopener noreferrer\"><img decoding=\"async\" style=\"display: block; margin-left: auto; margin-right: auto;\" src=\"https:\/\/warnungen.katwarn.de\/widget\/kus_box.png\" alt=\"Katwarn Warnungen\" \/><\/a>[\/et_pb_blurb][et_pb_blurb title=&#8220;Wetterwarnungen&#8220; _builder_version=&#8220;4.27.4&#8243; _module_preset=&#8220;default&#8220; header_font=&#8220;|600|||||||&#8220; header_text_align=&#8220;center&#8220; header_line_height=&#8220;2em&#8220; body_line_height=&#8220;1em&#8220; custom_padding=&#8220;1em|1em|1em|1em|true|true&#8220; border_width_all=&#8220;2px&#8220; border_color_all=&#8220;#dbdbdb&#8220; global_colors_info=&#8220;{}&#8220;]<\/p>\n<p><img decoding=\"async\" src=\"https:\/\/www.dwd.de\/DWD\/warnungen\/warnapp_gemeinden\/json\/warnungen_gemeinde_map_rps.png\" \/><\/p>\n<p>[\/et_pb_blurb][\/et_pb_column][\/et_pb_row][\/et_pb_section]<\/p>\n","protected":false},"excerpt":{"rendered":"<p>Lfd. Nr. Datum Einsatz 267 29.12.2023 FEZ &#8211; H2 Tragehilfe f\u00fcr den Rettungsdienst in Kusel 266 28.12.2023 FEZ &#8211; S1 Einsatz nach R\u00fccksprache in Kusel 265 28.12.2023 FEZ &#8211; H1 T\u00fcr\u00f6ffnung f\u00fcr die Polizei in Kusel 264 28.12.2023 FEZ &#8211; H2 Tragehilfe f\u00fcr den Rettungsdienst in Kusel 263 27.12.2023 FEZ &#8211; H2 Verkehrsunfall in Ruthweiler [&hellip;]<\/p>\n","protected":false},"author":1,"featured_media":0,"parent":0,"menu_order":0,"comment_status":"closed","ping_status":"closed","template":"","meta":{"_et_pb_use_builder":"on","_et_pb_old_content":"<!-- wp:divi\/placeholder \/-->","_et_gb_content_width":"","footnotes":""},"class_list":["post-1449","page","type-page","status-publish","hentry"],"_links":{"self":[{"href":"https:\/\/www.feuerwehr-altenglan.de\/index.php?rest_route=\/wp\/v2\/pages\/1449","targetHints":{"allow":["GET"]}}],"collection":[{"href":"https:\/\/www.feuerwehr-altenglan.de\/index.php?rest_route=\/wp\/v2\/pages"}],"about":[{"href":"https:\/\/www.feuerwehr-altenglan.de\/index.php?rest_route=\/wp\/v2\/types\/page"}],"author":[{"embeddable":true,"href":"https:\/\/www.feuerwehr-altenglan.de\/index.php?rest_route=\/wp\/v2\/users\/1"}],"replies":[{"embeddable":true,"href":"https:\/\/www.feuerwehr-altenglan.de\/index.php?rest_route=%2Fwp%2Fv2%2Fcomments&post=1449"}],"version-history":[{"count":7,"href":"https:\/\/www.feuerwehr-altenglan.de\/index.php?rest_route=\/wp\/v2\/pages\/1449\/revisions"}],"predecessor-version":[{"id":1921,"href":"https:\/\/www.feuerwehr-altenglan.de\/index.php?rest_route=\/wp\/v2\/pages\/1449\/revisions\/1921"}],"wp:attachment":[{"href":"https:\/\/www.feuerwehr-altenglan.de\/index.php?rest_route=%2Fwp%2Fv2%2Fmedia&parent=1449"}],"curies":[{"name":"wp","href":"https:\/\/api.w.org\/{rel}","templated":true}]}}