{"id":1447,"date":"2025-01-19T13:51:50","date_gmt":"2025-01-19T12:51:50","guid":{"rendered":"https:\/\/www.feuerwehr-altenglan.de\/?page_id=1447"},"modified":"2025-01-20T09:21:49","modified_gmt":"2025-01-20T08:21:49","slug":"einsaetze-2022","status":"publish","type":"page","link":"https:\/\/www.feuerwehr-altenglan.de\/?page_id=1447","title":{"rendered":"Eins\u00e4tze 2022"},"content":{"rendered":"<p>[et_pb_section fb_built=&#8220;1&#8243; _builder_version=&#8220;4.27.4&#8243; _module_preset=&#8220;default&#8220; custom_padding=&#8220;0px||0px||true|false&#8220; global_colors_info=&#8220;{}&#8220; theme_builder_area=&#8220;post_content&#8220;][et_pb_row column_structure=&#8220;2_3,1_3&#8243; _builder_version=&#8220;4.27.4&#8243; _module_preset=&#8220;default&#8220; width=&#8220;100%&#8220; max_width=&#8220;80%&#8220; module_alignment=&#8220;center&#8220; global_colors_info=&#8220;{}&#8220; theme_builder_area=&#8220;post_content&#8220;][et_pb_column type=&#8220;2_3&#8243; _builder_version=&#8220;4.27.4&#8243; _module_preset=&#8220;default&#8220; background_color=&#8220;#f5f5f5&#8243; custom_padding=&#8220;3em|3em|3em|3em|true|true&#8220; border_radii=&#8220;on|15px|15px|15px|15px&#8220; global_colors_info=&#8220;{}&#8220; theme_builder_area=&#8220;post_content&#8220;][et_pb_heading title=&#8220;Eins\u00e4tze im Jahr 2022&#8243; _builder_version=&#8220;4.27.4&#8243; _module_preset=&#8220;default&#8220; title_text_align=&#8220;center&#8220; hover_enabled=&#8220;0&#8243; global_colors_info=&#8220;{}&#8220; theme_builder_area=&#8220;post_content&#8220; sticky_enabled=&#8220;0&#8243;][\/et_pb_heading][et_pb_text module_class=&#8220;einsaetze-tabelle&#8220; _builder_version=&#8220;4.27.4&#8243; _module_preset=&#8220;default&#8220; text_font_size=&#8220;16px&#8220; hover_enabled=&#8220;0&#8243; global_colors_info=&#8220;{}&#8220; theme_builder_area=&#8220;post_content&#8220; sticky_enabled=&#8220;0&#8243;]<\/p>\n<table>\n<thead>\n<tr>\n<th>Lfd. Nr.<\/th>\n<th>Datum<\/th>\n<th>Einsatz<\/th>\n<\/tr>\n<\/thead>\n<tbody>\n<tr>\n<td style=\"line-height: 19.6px; width: 55.4px;\">147<\/td>\n<td style=\"line-height: 19.6px; width: 83.4667px;\">07.11.2022<\/td>\n<td style=\"line-height: 19.6px; width: 324.133px;\">Notfallt\u00fcr\u00f6ffnung in Bedesbach<\/td>\n<\/tr>\n<tr>\n<td style=\"line-height: 19.6px; width: 55.4px;\">146<\/td>\n<td style=\"line-height: 19.6px; width: 83.4667px;\">31.10.2022<\/td>\n<td style=\"line-height: 19.6px; width: 324.133px;\">PKW-Brand zwischen Patersbach und Erdesbach<\/td>\n<\/tr>\n<tr>\n<td style=\"line-height: 19.6px; width: 55.4px;\">145<\/td>\n<td style=\"line-height: 19.6px; width: 83.4667px;\">25.10.2022<\/td>\n<td style=\"line-height: 19.6px; width: 324.133px;\">Abgest\u00fcrzte Schwerlastmulde in Rammelsbach<\/td>\n<\/tr>\n<tr>\n<td style=\"line-height: 19.6px; width: 55.4px;\">144<\/td>\n<td style=\"line-height: 19.6px; width: 83.4667px;\">03.10.2022<\/td>\n<td style=\"line-height: 19.6px; width: 324.133px;\">Festgefahrener KTW in Rammelsbach<\/td>\n<\/tr>\n<tr>\n<td style=\"line-height: 19.6px; width: 55.4px;\">143<\/td>\n<td style=\"line-height: 19.6px; width: 83.4667px;\">24.09.2022<\/td>\n<td style=\"line-height: 19.6px; width: 324.133px;\">PKW-Brand auf der A62 zwischen Reichweiler und Kusel (MZF-Gruppe Materialtausch)<\/td>\n<\/tr>\n<tr>\n<td style=\"line-height: 19.6px; width: 55.4px;\">142<\/td>\n<td style=\"line-height: 19.6px; width: 83.4667px;\">22.09.2022<\/td>\n<td style=\"line-height: 19.6px; width: 324.133px;\">Wassernotstand in Rathsweiler<\/td>\n<\/tr>\n<tr>\n<td style=\"line-height: 19.6px; width: 55.4px;\">141<\/td>\n<td style=\"line-height: 19.6px; width: 83.4667px;\">19.09.2022<\/td>\n<td style=\"line-height: 19.6px; width: 324.133px;\">Tier in Notlage in M\u00fchlbach<\/td>\n<\/tr>\n<tr>\n<td style=\"line-height: 19.6px; width: 55.4px;\">140<\/td>\n<td style=\"line-height: 19.6px; width: 83.4667px;\">14.09.2022<\/td>\n<td style=\"line-height: 19.6px; width: 324.133px;\">Wassernotstand in Herchweiler<\/td>\n<\/tr>\n<tr>\n<td style=\"line-height: 19.6px; width: 55.4px;\">139<\/td>\n<td style=\"line-height: 19.6px; width: 83.4667px;\">11.09.2022<\/td>\n<td style=\"line-height: 19.6px; width: 324.133px;\">Industriebrand in Altenglan<\/td>\n<\/tr>\n<tr>\n<td style=\"line-height: 19.6px; width: 55.4px;\">138<\/td>\n<td style=\"line-height: 19.6px; width: 83.4667px;\">08.09.2022<\/td>\n<td style=\"line-height: 19.6px; width: 324.133px;\">Notfallt\u00fcr\u00f6ffnung in Rammelsbach<\/td>\n<\/tr>\n<tr>\n<td style=\"line-height: 19.6px; width: 55.4px;\">137<\/td>\n<td style=\"line-height: 19.6px; width: 83.4667px;\">05.09.2022<\/td>\n<td style=\"line-height: 19.6px; width: 324.133px;\">Verkehrsunfall zwischen Rammelsbach und Kusel<\/td>\n<\/tr>\n<tr>\n<td style=\"line-height: 19.6px; width: 55.4px;\">136<\/td>\n<td style=\"line-height: 19.6px; width: 83.4667px;\">02.09.2022<\/td>\n<td style=\"line-height: 19.6px; width: 324.133px;\">Fahrzeugbrand in Friedelhausen<\/td>\n<\/tr>\n<tr>\n<td style=\"line-height: 19.6px; width: 55.4px;\">135<\/td>\n<td style=\"line-height: 19.6px; width: 83.4667px;\">28.08.2022<\/td>\n<td style=\"line-height: 19.6px; width: 324.133px;\">Fl\u00e4chenbrand in Altenglan<\/td>\n<\/tr>\n<tr>\n<td style=\"line-height: 19.6px; width: 55.4px;\">134<\/td>\n<td style=\"line-height: 19.6px; width: 83.4667px;\">26.08.2022<\/td>\n<td style=\"line-height: 19.6px; width: 324.133px;\">Baum \u00fcber Fahrbahn in Altenglan<\/td>\n<\/tr>\n<tr>\n<td style=\"line-height: 19.6px; width: 55.4px;\">129-133<\/td>\n<td style=\"line-height: 19.6px; width: 83.4667px;\">26.08.2022<\/td>\n<td style=\"line-height: 19.6px; width: 324.133px;\">Mehrere Unwettereins\u00e4tze in der Verbandsgemeinde<\/td>\n<\/tr>\n<tr>\n<td style=\"line-height: 19.6px; width: 55.4px;\">128<\/td>\n<td style=\"line-height: 19.6px; width: 83.4667px;\">24.08.2022<\/td>\n<td style=\"line-height: 19.6px; width: 324.133px;\">Rauchentwicklung im Freien in Altenglan<\/td>\n<\/tr>\n<tr>\n<td style=\"line-height: 19.6px; width: 55.4px;\">127<\/td>\n<td style=\"line-height: 19.6px; width: 83.4667px;\">23.08.2022<\/td>\n<td style=\"line-height: 19.6px; width: 324.133px;\">Rauchentwicklung im Freien in Patersbach<\/td>\n<\/tr>\n<tr>\n<td style=\"line-height: 19.6px; width: 55.4px;\">126<\/td>\n<td style=\"line-height: 19.6px; width: 83.4667px;\">23.08.2022<\/td>\n<td style=\"line-height: 19.6px; width: 324.133px;\">Waldbrand in Welchweiler<\/td>\n<\/tr>\n<tr>\n<td style=\"line-height: 19.6px; width: 55.4px;\">125<\/td>\n<td style=\"line-height: 19.6px; width: 83.4667px;\">23.08.2022<\/td>\n<td style=\"line-height: 19.6px; width: 324.133px;\">Geb\u00e4udebrand in Kusel<\/td>\n<\/tr>\n<tr>\n<td style=\"line-height: 19.6px; width: 55.4px;\">124<\/td>\n<td style=\"line-height: 19.6px; width: 83.4667px;\">22.08.2022<\/td>\n<td style=\"line-height: 19.6px; width: 324.133px;\">Ausgel\u00f6ster Heimrauchmelder in Rammelsbach<\/td>\n<\/tr>\n<tr>\n<td style=\"line-height: 19.6px; width: 55.4px;\">123<\/td>\n<td style=\"line-height: 19.6px; width: 83.4667px;\">18.08.2022<\/td>\n<td style=\"line-height: 19.6px; width: 324.133px;\">Verkehrsunfall zwischen Niederalben und Baumholder<\/td>\n<\/tr>\n<tr>\n<td style=\"line-height: 19.6px; width: 55.4px;\">122<\/td>\n<td style=\"line-height: 19.6px; width: 83.4667px;\">16.08.2022<\/td>\n<td style=\"line-height: 19.6px; width: 324.133px;\">Auslaufende Betriebsmittel nach Verkehrsunfall zwischen F\u00f6ckelberg und M\u00fchlbach<\/td>\n<\/tr>\n<tr>\n<td style=\"line-height: 19.6px; width: 55.4px;\">121<\/td>\n<td style=\"line-height: 19.6px; width: 83.4667px;\">12.08.2022<\/td>\n<td style=\"line-height: 19.6px; width: 324.133px;\">Ausgel\u00f6ste Brandmeldeanlage in Rammelsbach<\/td>\n<\/tr>\n<tr>\n<td style=\"line-height: 19.6px; width: 55.4px;\">120<\/td>\n<td style=\"line-height: 19.6px; width: 83.4667px;\">12.08.2022<\/td>\n<td style=\"line-height: 19.6px; width: 324.133px;\">Brandnachschau in Altenglan<\/td>\n<\/tr>\n<tr>\n<td style=\"line-height: 19.6px; width: 55.4px;\">119<\/td>\n<td style=\"line-height: 19.6px; width: 83.4667px;\">12.08.2022<\/td>\n<td style=\"line-height: 19.6px; width: 324.133px;\">Ausgel\u00f6ste Brandmeldeanlage in Rammelsbach<\/td>\n<\/tr>\n<tr>\n<td style=\"line-height: 19.6px; width: 55.4px;\">118<\/td>\n<td style=\"line-height: 19.6px; width: 83.4667px;\">12.08.2022<\/td>\n<td style=\"line-height: 19.6px; width: 324.133px;\">Fl\u00e4chenbrand klein in Altenglan<\/td>\n<\/tr>\n<tr>\n<td style=\"line-height: 19.6px; width: 55.4px;\">117<\/td>\n<td style=\"line-height: 19.6px; width: 83.4667px;\">11.08.2022<\/td>\n<td style=\"line-height: 19.6px; width: 324.133px;\">Fl\u00e4chenbrand gro\u00df in Selchenbach<\/td>\n<\/tr>\n<tr>\n<td style=\"line-height: 19.6px; width: 55.4px;\">116<\/td>\n<td style=\"line-height: 19.6px; width: 83.4667px;\">11.08.2022<\/td>\n<td style=\"line-height: 19.6px; width: 324.133px;\">Fl\u00e4chenbrand gro\u00df auf der BAB 62 zwischen Glan-M\u00fcnchweiler und Kusel<\/td>\n<\/tr>\n<tr>\n<td style=\"line-height: 19.6px; width: 55.4px;\">115<\/td>\n<td style=\"line-height: 19.6px; width: 83.4667px;\">04.08.2022<\/td>\n<td style=\"line-height: 19.6px; width: 324.133px;\">B\u00f6schungsbrand in Altenglan<\/td>\n<\/tr>\n<tr>\n<td style=\"line-height: 19.6px; width: 55.4px;\">114<\/td>\n<td style=\"line-height: 19.6px; width: 83.4667px;\">30.07.2022<\/td>\n<td style=\"line-height: 19.6px; width: 324.133px;\">Baum \u00fcber Fahrbahn zwischen Neunkirchen und Gimsbach<\/td>\n<\/tr>\n<tr>\n<td style=\"line-height: 19.6px; width: 55.4px;\">113<\/td>\n<td style=\"line-height: 19.6px; width: 83.4667px;\">27.07.2022<\/td>\n<td style=\"line-height: 19.6px; width: 324.133px;\">Verkehrsunfall zwischen Altenglan und Rammelsbach<\/td>\n<\/tr>\n<tr>\n<td style=\"line-height: 19.6px; width: 55.4px;\">112<\/td>\n<td style=\"line-height: 19.6px; width: 83.4667px;\">25.07.2022<\/td>\n<td style=\"line-height: 19.6px; width: 324.133px;\">Ausgel\u00f6ster Rauchwarnmelder in Altenglan<\/td>\n<\/tr>\n<tr>\n<td style=\"line-height: 19.6px; width: 55.4px;\">111<\/td>\n<td style=\"line-height: 19.6px; width: 83.4667px;\">20.07.2022<\/td>\n<td style=\"line-height: 19.6px; width: 324.133px;\">Verkehrsunfall zwischen Ulmet und Rathsweiler<\/td>\n<\/tr>\n<tr>\n<td style=\"line-height: 19.6px; width: 55.4px;\">110<\/td>\n<td style=\"line-height: 19.6px; width: 83.4667px;\">19.07.2022<\/td>\n<td style=\"line-height: 19.6px; width: 324.133px;\">Baum \u00fcber Fahrbahn zwischen Friedelhausen und Bosenbach<\/td>\n<\/tr>\n<tr>\n<td style=\"line-height: 19.6px; width: 55.4px;\">109<\/td>\n<td style=\"line-height: 19.6px; width: 83.4667px;\">18.07.2022<\/td>\n<td style=\"line-height: 19.6px; width: 324.133px;\">Fl\u00e4chenbrand in Theisbergstegen<\/td>\n<\/tr>\n<tr>\n<td style=\"line-height: 19.6px; width: 55.4px;\">108<\/td>\n<td style=\"line-height: 19.6px; width: 83.4667px;\">16.07.2022<\/td>\n<td style=\"line-height: 19.6px; width: 324.133px;\">Fl\u00e4chenbrand in Altenglan<\/td>\n<\/tr>\n<tr>\n<td style=\"line-height: 19.6px; width: 55.4px;\">107<\/td>\n<td style=\"line-height: 19.6px; width: 83.4667px;\">12.07.2022<\/td>\n<td style=\"line-height: 19.6px; width: 324.133px;\">Brand von Unrat in Rammelsbach<\/td>\n<\/tr>\n<tr>\n<td style=\"line-height: 19.6px; width: 55.4px;\">106<\/td>\n<td style=\"line-height: 19.6px; width: 83.4667px;\">12.07.2022<\/td>\n<td style=\"line-height: 19.6px; width: 324.133px;\">Person in Zwangslage in Rathsweiler<\/td>\n<\/tr>\n<tr>\n<td style=\"line-height: 19.6px; width: 55.4px;\">105<\/td>\n<td style=\"line-height: 19.6px; width: 83.4667px;\">10.07.2022<\/td>\n<td style=\"line-height: 19.6px; width: 324.133px;\">Fl\u00e4chenbrand in Ulmet<\/td>\n<\/tr>\n<tr>\n<td style=\"line-height: 19.6px; width: 55.4px;\">104<\/td>\n<td style=\"line-height: 19.6px; width: 83.4667px;\">08.07.2022<\/td>\n<td style=\"line-height: 19.6px; width: 324.133px;\">Fl\u00e4chenbrand zwischen Glanbr\u00fccken und Offenbach-Hundheim<\/td>\n<\/tr>\n<tr>\n<td style=\"line-height: 19.6px; width: 55.4px;\">103<\/td>\n<td style=\"line-height: 19.6px; width: 83.4667px;\">02.07.2022<\/td>\n<td style=\"line-height: 19.6px; width: 324.133px;\">Fl\u00e4chenbrand zwischen K\u00f6rborn und Dennweiler-Frohnbach<\/td>\n<\/tr>\n<tr>\n<td style=\"line-height: 19.6px; width: 55.4px;\">102<\/td>\n<td style=\"line-height: 19.6px; width: 83.4667px;\">02.07.2022<\/td>\n<td style=\"line-height: 19.6px; width: 324.133px;\">Fl\u00e4chenbrand zwischen Aschbach und E\u00dfweiler<\/td>\n<\/tr>\n<tr>\n<td style=\"line-height: 19.6px; width: 55.4px;\">101<\/td>\n<td style=\"line-height: 19.6px; width: 83.4667px;\">30.06.2022<\/td>\n<td style=\"line-height: 19.6px; width: 324.133px;\">Fl\u00e4chenbrand in Offenbach-Hundheim<\/td>\n<\/tr>\n<tr>\n<td style=\"line-height: 19.6px; width: 55.4px;\">100<\/td>\n<td style=\"line-height: 19.6px; width: 83.4667px;\">24.06.2022<\/td>\n<td style=\"line-height: 19.6px; width: 324.133px;\">Ausgel\u00f6ster CO-Warner in Niederalben<\/td>\n<\/tr>\n<tr>\n<td style=\"line-height: 19.6px; width: 55.4px;\">99<\/td>\n<td style=\"line-height: 19.6px; width: 83.4667px;\">21.06.2022<\/td>\n<td style=\"line-height: 19.6px; width: 324.133px;\">Notfallt\u00fcr\u00f6ffnung in Rammelsbach<\/td>\n<\/tr>\n<tr>\n<td style=\"line-height: 19.6px; width: 55.4px;\">98<\/td>\n<td style=\"line-height: 19.6px; width: 83.4667px;\">19.06.2022<\/td>\n<td style=\"line-height: 19.6px; width: 324.133px;\">Fahrzeugbrand gro\u00df in M\u00fchlbach<\/td>\n<\/tr>\n<tr>\n<td style=\"line-height: 19.6px; width: 55.4px;\">97<\/td>\n<td style=\"line-height: 19.6px; width: 83.4667px;\">13.06.2022<\/td>\n<td style=\"line-height: 19.6px; width: 324.133px;\">Hallenbrand in Konken<\/td>\n<\/tr>\n<tr>\n<td style=\"line-height: 19.6px; width: 55.4px;\">96<\/td>\n<td style=\"line-height: 19.6px; width: 83.4667px;\">05.06.2022<\/td>\n<td style=\"line-height: 19.6px; width: 324.133px;\">Baum \u00fcber Fahrbahn zwischen Horschbach und Hinzweiler<\/td>\n<\/tr>\n<tr>\n<td style=\"line-height: 19.6px; width: 55.4px;\">95<\/td>\n<td style=\"line-height: 19.6px; width: 83.4667px;\">05.06.2022<\/td>\n<td style=\"line-height: 19.6px; width: 324.133px;\">Fl\u00e4chenbrand in Pfeffelbach<\/td>\n<\/tr>\n<tr>\n<td style=\"line-height: 19.6px; width: 55.4px;\">94<\/td>\n<td style=\"line-height: 19.6px; width: 83.4667px;\">26.05.2022<\/td>\n<td style=\"line-height: 19.6px; width: 324.133px;\">Ausgel\u00f6ste Brandmeldeanlage in Altenglan<\/td>\n<\/tr>\n<tr>\n<td style=\"line-height: 19.6px; width: 55.4px;\">93<\/td>\n<td style=\"line-height: 19.6px; width: 83.4667px;\">19.05.2022<\/td>\n<td style=\"line-height: 19.6px; width: 324.133px;\">Wassernotstand in Blaubach<\/td>\n<\/tr>\n<tr>\n<td style=\"line-height: 19.6px; width: 55.4px;\">92<\/td>\n<td style=\"line-height: 19.6px; width: 83.4667px;\">19.05.2022<\/td>\n<td style=\"line-height: 19.6px; width: 324.133px;\">Waldbrand zwischen Neunkirchen und Fockenberg-Limbach<\/td>\n<\/tr>\n<tr>\n<td style=\"line-height: 19.6px; width: 55.4px;\">91<\/td>\n<td style=\"line-height: 19.6px; width: 83.4667px;\">19.05.2022<\/td>\n<td style=\"line-height: 19.6px; width: 324.133px;\">Waldbrand zwischen Neunkirchen und Gimsbach<\/td>\n<\/tr>\n<tr>\n<td style=\"line-height: 19.6px; width: 55.4px;\">90<\/td>\n<td style=\"line-height: 19.6px; width: 83.4667px;\">19.05.2022<\/td>\n<td style=\"line-height: 19.6px; width: 324.133px;\">Wassernotstand in Ulmet<\/td>\n<\/tr>\n<tr>\n<td style=\"line-height: 19.6px; width: 55.4px;\">89<\/td>\n<td style=\"line-height: 19.6px; width: 83.4667px;\">19.05.2022<\/td>\n<td style=\"line-height: 19.6px; width: 324.133px;\">Rauchentwicklung im Freien in Kusel<\/td>\n<\/tr>\n<tr>\n<td style=\"line-height: 19.6px; width: 55.4px;\">88<\/td>\n<td style=\"line-height: 19.6px; width: 83.4667px;\">19.05.2022<\/td>\n<td style=\"line-height: 19.6px; width: 324.133px;\">Wassernotstand in Kusel<\/td>\n<\/tr>\n<tr>\n<td style=\"line-height: 19.6px; width: 55.4px;\">87<\/td>\n<td style=\"line-height: 19.6px; width: 83.4667px;\">19.05.2022<\/td>\n<td style=\"line-height: 19.6px; width: 324.133px;\">Heckenbrand in Neunkirchen<\/td>\n<\/tr>\n<tr>\n<td style=\"line-height: 19.6px; width: 55.4px;\">86<\/td>\n<td style=\"line-height: 19.6px; width: 83.4667px;\">19.05.2022<\/td>\n<td style=\"line-height: 19.6px; width: 324.133px;\">Stromausfall in Reichweiler und Pfeffelbach<\/td>\n<\/tr>\n<tr>\n<td style=\"line-height: 19.6px; width: 55.4px;\">85<\/td>\n<td style=\"line-height: 19.6px; width: 83.4667px;\">19.05.2022<\/td>\n<td style=\"line-height: 19.6px; width: 324.133px;\">Rauchentwicklung im Freien in Erdesbach<\/td>\n<\/tr>\n<tr>\n<td style=\"line-height: 19.6px; width: 55.4px;\">84<\/td>\n<td style=\"line-height: 19.6px; width: 83.4667px;\">18.05.2022<\/td>\n<td style=\"line-height: 19.6px; width: 324.133px;\">Tierrettung in Ulmet<\/td>\n<\/tr>\n<tr>\n<td style=\"line-height: 19.6px; width: 55.4px;\">83<\/td>\n<td style=\"line-height: 19.6px; width: 83.4667px;\">17.05.2022<\/td>\n<td style=\"line-height: 19.6px; width: 324.133px;\">Kellerbrand in Oberstaufenbach<\/td>\n<\/tr>\n<tr>\n<td style=\"line-height: 19.6px; width: 55.4px;\">82<\/td>\n<td style=\"line-height: 19.6px; width: 83.4667px;\">13.05.2022<\/td>\n<td style=\"line-height: 19.6px; width: 324.133px;\">Auslaufende Betriebsmittel aus PKW zwischen Rutsweiler und Theisbergstegen<\/td>\n<\/tr>\n<tr>\n<td style=\"line-height: 19.6px; width: 55.4px;\">81<\/td>\n<td style=\"line-height: 19.6px; width: 83.4667px;\">11.05.2022<\/td>\n<td style=\"line-height: 19.6px; width: 324.133px;\">Stromausfall in mehreren Orten der Verbandsgemeinde<\/td>\n<\/tr>\n<tr>\n<td style=\"line-height: 19.6px; width: 55.4px;\">80<\/td>\n<td style=\"line-height: 19.6px; width: 83.4667px;\">10.05.2022<\/td>\n<td style=\"line-height: 19.6px; width: 324.133px;\">Gartenhausbrand in Haschbach (MZF-Gruppe Materialtausch)<\/td>\n<\/tr>\n<tr>\n<td style=\"line-height: 19.6px; width: 55.4px;\">79<\/td>\n<td style=\"line-height: 19.6px; width: 83.4667px;\">07.05.2022<\/td>\n<td style=\"line-height: 19.6px; width: 324.133px;\">PKW-Brand in Godelhausen (MZF-Gruppe Materialtausch)<\/td>\n<\/tr>\n<tr>\n<td style=\"line-height: 19.6px; width: 55.4px;\">78<\/td>\n<td style=\"line-height: 19.6px; width: 83.4667px;\">29.04.2022<\/td>\n<td style=\"line-height: 19.6px; width: 324.133px;\">Dachstuhlbrand in Kusel<\/td>\n<\/tr>\n<tr>\n<td style=\"line-height: 19.6px; width: 55.4px;\">77<\/td>\n<td style=\"line-height: 19.6px; width: 83.4667px;\">25.04.2022<\/td>\n<td style=\"line-height: 19.6px; width: 324.133px;\">Zimmerbrand in Bosenbach<\/td>\n<\/tr>\n<tr>\n<td style=\"line-height: 19.6px; width: 55.4px;\">76<\/td>\n<td style=\"line-height: 19.6px; width: 83.4667px;\">25.04.2022<\/td>\n<td style=\"line-height: 19.6px; width: 324.133px;\">Tragehilfe f\u00fcr den Rettungsdienst in Altenglan<\/td>\n<\/tr>\n<tr>\n<td style=\"line-height: 19.6px; width: 55.4px;\">75<\/td>\n<td style=\"line-height: 19.6px; width: 83.4667px;\">21.04.2022<\/td>\n<td style=\"line-height: 19.6px; width: 324.133px;\">Fl\u00e4chenbrand in Altenglan<\/td>\n<\/tr>\n<tr>\n<td style=\"line-height: 19.6px; width: 55.4px;\">74<\/td>\n<td style=\"line-height: 19.6px; width: 83.4667px;\">15.04.2022<\/td>\n<td style=\"line-height: 19.6px; width: 324.133px;\">Verkehrsunfall in Patersbach<\/td>\n<\/tr>\n<tr>\n<td style=\"line-height: 19.6px; width: 55.4px;\">73<\/td>\n<td style=\"line-height: 19.6px; width: 83.4667px;\">13.04.2022<\/td>\n<td style=\"line-height: 19.6px; width: 324.133px;\">Notfallt\u00fcr\u00f6ffnung in Rammelsbach<\/td>\n<\/tr>\n<tr>\n<td style=\"line-height: 19.6px; width: 55.4px;\">72<\/td>\n<td style=\"line-height: 19.6px; width: 83.4667px;\">13.04.2022<\/td>\n<td style=\"line-height: 19.6px; width: 324.133px;\">Wassernotstand in Rammelsbach<\/td>\n<\/tr>\n<tr>\n<td style=\"line-height: 19.6px; width: 55.4px;\">57-71<\/td>\n<td style=\"line-height: 19.6px; width: 83.4667px;\">08.04.2022<\/td>\n<td style=\"line-height: 19.6px; width: 324.133px;\">Mehrere Unwettereins\u00e4tze in der Verbandsgemeinde<\/td>\n<\/tr>\n<tr>\n<td style=\"line-height: 19.6px; width: 55.4px;\">56<\/td>\n<td style=\"line-height: 19.6px; width: 83.4667px;\">08.04.2022<\/td>\n<td style=\"line-height: 19.6px; width: 324.133px;\">Baum \u00fcber Fahrbahn zwischen Horschbach und Glanbr\u00fccken<\/td>\n<\/tr>\n<tr>\n<td style=\"line-height: 19.6px; width: 55.4px;\">55<\/td>\n<td style=\"line-height: 19.6px; width: 83.4667px;\">07.04.2022<\/td>\n<td style=\"line-height: 19.6px; width: 324.133px;\">Baum \u00fcber Fahrbahn zwischen Bedesbach und Welchweiler<\/td>\n<\/tr>\n<tr>\n<td style=\"line-height: 19.6px; width: 55.4px;\">54<\/td>\n<td style=\"line-height: 19.6px; width: 83.4667px;\">02.04.2022<\/td>\n<td style=\"line-height: 19.6px; width: 324.133px;\">Baum \u00fcber Fahrbahn zwischen Friedelhausen und Bosenbach<\/td>\n<\/tr>\n<tr>\n<td style=\"line-height: 19.6px; width: 55.4px;\">53<\/td>\n<td style=\"line-height: 19.6px; width: 83.4667px;\">02.04.2022<\/td>\n<td style=\"line-height: 19.6px; width: 324.133px;\">Dachstuhlbrand in Matzenbach (MZF-Gruppe Materialtausch)<\/td>\n<\/tr>\n<tr>\n<td style=\"line-height: 19.6px; width: 55.4px;\">52<\/td>\n<td style=\"line-height: 19.6px; width: 83.4667px;\">28.03.2022<\/td>\n<td style=\"line-height: 19.6px; width: 324.133px;\">Rauchentwicklung im Freien in Niederstaufenbach<\/td>\n<\/tr>\n<tr>\n<td style=\"line-height: 19.6px; width: 55.4px;\">51<\/td>\n<td style=\"line-height: 19.6px; width: 83.4667px;\">19.03.2022<\/td>\n<td style=\"line-height: 19.6px; width: 324.133px;\">Notfallt\u00fcr\u00f6ffnung in Erdesbach<\/td>\n<\/tr>\n<tr>\n<td style=\"line-height: 19.6px; width: 55.4px;\">50<\/td>\n<td style=\"line-height: 19.6px; width: 83.4667px;\">18.03.2022<\/td>\n<td style=\"line-height: 19.6px; width: 324.133px;\">Notfallt\u00fcr\u00f6ffnung in Altenglan<\/td>\n<\/tr>\n<tr>\n<td style=\"line-height: 19.6px; width: 55.4px;\">49<\/td>\n<td style=\"line-height: 19.6px; width: 83.4667px;\">14.03.2022<\/td>\n<td style=\"line-height: 19.6px; width: 324.133px;\">Notfallt\u00fcr\u00f6ffnung in Rammelsbach<\/td>\n<\/tr>\n<tr>\n<td style=\"line-height: 19.6px; width: 55.4px;\">48<\/td>\n<td style=\"line-height: 19.6px; width: 83.4667px;\">12.03.2022<\/td>\n<td style=\"line-height: 19.6px; width: 324.133px;\">Kaminbrand in Horschbach<\/td>\n<\/tr>\n<tr>\n<td style=\"line-height: 19.6px; width: 55.4px;\">47<\/td>\n<td style=\"line-height: 19.6px; width: 83.4667px;\">11.03.2022<\/td>\n<td style=\"line-height: 19.6px; width: 324.133px;\">Verkehrsunfall Person klemmt zwischen Theisbergstegen und Gimsbach<\/td>\n<\/tr>\n<tr>\n<td style=\"line-height: 19.6px; width: 55.4px;\">46<\/td>\n<td style=\"line-height: 19.6px; width: 83.4667px;\">08.03.2022<\/td>\n<td style=\"line-height: 19.6px; width: 324.133px;\">Auslaufende Betriebsstoffe nach Verkehrsunfall in Altenglan<\/td>\n<\/tr>\n<tr>\n<td style=\"line-height: 19.6px; width: 55.4px;\">45<\/td>\n<td style=\"line-height: 19.6px; width: 83.4667px;\">06.03.2022<\/td>\n<td style=\"line-height: 19.6px; width: 324.133px;\">Person in Zwangslage(Person unter Traktor eingeklemmt) in Erdesbach<\/td>\n<\/tr>\n<tr>\n<td style=\"line-height: 19.6px; width: 55.4px;\">44<\/td>\n<td style=\"line-height: 19.6px; width: 83.4667px;\">18.02.2022<\/td>\n<td style=\"line-height: 19.6px; width: 324.133px;\">Baum \u00fcber Fahrbahn zwischen M\u00fchlbach und F\u00f6ckelberg<\/td>\n<\/tr>\n<tr>\n<td style=\"line-height: 19.6px; width: 55.4px;\">43<\/td>\n<td style=\"line-height: 19.6px; width: 83.4667px;\">18.02.2022<\/td>\n<td style=\"line-height: 19.6px; width: 324.133px;\">Absichern einer Gefahrenstelle in Oberstaufenbach<\/td>\n<\/tr>\n<tr>\n<td style=\"line-height: 19.6px; width: 55.4px;\">42<\/td>\n<td style=\"line-height: 19.6px; width: 83.4667px;\">18.02.2022<\/td>\n<td style=\"line-height: 19.6px; width: 324.133px;\">Baum \u00fcber Fahrbahn zwischen Ulmet und Mayweilerhof<\/td>\n<\/tr>\n<tr>\n<td style=\"line-height: 19.6px; width: 55.4px;\">41<\/td>\n<td style=\"line-height: 19.6px; width: 83.4667px;\">18.02.2022<\/td>\n<td style=\"line-height: 19.6px; width: 324.133px;\">Rauchentwicklung aus Geb\u00e4ude in Rammelsbach<\/td>\n<\/tr>\n<tr>\n<td style=\"line-height: 19.6px; width: 55.4px;\">40<\/td>\n<td style=\"line-height: 19.6px; width: 83.4667px;\">17.02.2022<\/td>\n<td style=\"line-height: 19.6px; width: 324.133px;\">Personensuche in Oberstaufenbach<\/td>\n<\/tr>\n<tr>\n<td style=\"line-height: 19.6px; width: 55.4px;\">39<\/td>\n<td style=\"line-height: 19.6px; width: 83.4667px;\">17.02.2022<\/td>\n<td style=\"line-height: 19.6px; width: 324.133px;\">Baum \u00fcber Fahrbahn zwischen Rammelsbach und Haschbach<\/td>\n<\/tr>\n<tr>\n<td style=\"line-height: 19.6px; width: 55.4px;\">38<\/td>\n<td style=\"line-height: 19.6px; width: 83.4667px;\">17.02.2022<\/td>\n<td style=\"line-height: 19.6px; width: 324.133px;\">Baum \u00fcber Fahrbahn zwischen Neunkirchen und Gimsbach<\/td>\n<\/tr>\n<tr>\n<td style=\"line-height: 19.6px; width: 55.4px;\">37<\/td>\n<td style=\"line-height: 19.6px; width: 83.4667px;\">06.02.2022<\/td>\n<td style=\"line-height: 19.6px; width: 324.133px;\">Absicherung einer Gefahrenstelle in M\u00fchlbach<\/td>\n<\/tr>\n<tr>\n<td style=\"line-height: 19.6px; width: 55.4px;\">36<\/td>\n<td style=\"line-height: 19.6px; width: 83.4667px;\">06.02.2022<\/td>\n<td style=\"line-height: 19.6px; width: 324.133px;\">Tragehilfe f\u00fcr den Rettungsdienst in Altenglan<\/td>\n<\/tr>\n<tr>\n<td style=\"line-height: 19.6px; width: 55.4px;\">35<\/td>\n<td style=\"line-height: 19.6px; width: 83.4667px;\">31.01.2022<\/td>\n<td style=\"line-height: 19.6px; width: 324.133px;\">Rauchentwicklung im Freien in Patersbach<\/td>\n<\/tr>\n<tr>\n<td style=\"line-height: 19.6px; width: 55.4px;\">34<\/td>\n<td style=\"line-height: 19.6px; width: 83.4667px;\">31.01.2022<\/td>\n<td style=\"line-height: 19.6px; width: 324.133px;\">Amtshilfe f\u00fcr die Polizei zwischen Ulmet und Mayweilerhof<\/td>\n<\/tr>\n<tr>\n<td style=\"line-height: 19.6px; width: 55.4px;\">33<\/td>\n<td style=\"line-height: 19.6px; width: 83.4667px;\">25.01.2022<\/td>\n<td style=\"line-height: 19.6px; width: 324.133px;\">Kaminbrand in Patersbach<\/td>\n<\/tr>\n<tr>\n<td style=\"line-height: 19.6px; width: 55.4px;\">32<\/td>\n<td style=\"line-height: 19.6px; width: 83.4667px;\">24.01.2022<\/td>\n<td style=\"line-height: 19.6px; width: 324.133px;\">Notfallt\u00fcr\u00f6ffnung in Rammelsbach<\/td>\n<\/tr>\n<tr>\n<td style=\"line-height: 19.6px; width: 55.4px;\">31<\/td>\n<td style=\"line-height: 19.6px; width: 83.4667px;\">19.01.2022<\/td>\n<td style=\"line-height: 19.6px; width: 324.133px;\">Person von Zug erfasst in Rammelsbach<\/td>\n<\/tr>\n<tr>\n<td style=\"line-height: 19.6px; width: 55.4px;\">30<\/td>\n<td style=\"line-height: 19.6px; width: 83.4667px;\">19.01.2022<\/td>\n<td style=\"line-height: 19.6px; width: 324.133px;\">Verkehrsunfall Person klemmt zwischen Altenglan und M\u00fchlbach<\/td>\n<\/tr>\n<tr>\n<td style=\"line-height: 19.6px; width: 55.4px;\">29<\/td>\n<td style=\"line-height: 19.6px; width: 83.4667px;\">16.01.2022<\/td>\n<td style=\"line-height: 19.6px; width: 324.133px;\">Tragehilfe f\u00fcr den Rettungsdienst in F\u00f6ckelberg<\/td>\n<\/tr>\n<tr>\n<td style=\"line-height: 19.6px; width: 55.4px;\">28<\/td>\n<td style=\"line-height: 19.6px; width: 83.4667px;\">15.01.2022<\/td>\n<td style=\"line-height: 19.6px; width: 324.133px;\">Kaminbrand in Thallichtenberg (MZF-Gruppe Materialtausch)<\/td>\n<\/tr>\n<tr>\n<td style=\"line-height: 19.6px; width: 55.4px;\">27<\/td>\n<td style=\"line-height: 19.6px; width: 83.4667px;\">12.01.2022<\/td>\n<td style=\"line-height: 19.6px; width: 324.133px;\">Verkehrsunfall mit mehreren verletzten Personen zwischen Konken und Herchweiler i.O. (F\u00fchrungsunterst\u00fctzung Abschnitt Gesundheit)<\/td>\n<\/tr>\n<tr>\n<td style=\"line-height: 19.6px; width: 55.4px;\">24-26<\/td>\n<td style=\"line-height: 19.6px; width: 83.4667px;\">05.01.2022<\/td>\n<td style=\"line-height: 19.6px; width: 324.133px;\">Wasser im Keller in Altenglan<\/td>\n<\/tr>\n<tr>\n<td style=\"line-height: 19.6px; width: 55.4px;\">23<\/td>\n<td style=\"line-height: 19.6px; width: 83.4667px;\">04.01.2022<\/td>\n<td style=\"line-height: 19.6px; width: 324.133px;\">Ausgel\u00f6ste Brandmeldeanlage in Rammelsbach<\/td>\n<\/tr>\n<tr>\n<td style=\"line-height: 19.6px; width: 55.4px;\">1-22<\/td>\n<td style=\"line-height: 19.6px; width: 83.4667px;\">04.01.2022<\/td>\n<td style=\"line-height: 19.6px; width: 324.133px; border: 1px solid rgba(0, 0, 0, 0);\">Mehrere Unwettereins\u00e4tze in der Verbandsgemeinde<\/td>\n<\/tr>\n<\/tbody>\n<\/table>\n<p>[\/et_pb_text][\/et_pb_column][et_pb_column type=&#8220;1_3&#8243; _builder_version=&#8220;4.27.4&#8243; _module_preset=&#8220;default&#8220; background_color=&#8220;#f5f5f5&#8243; custom_padding=&#8220;3em|3em|3em|3em|true|true&#8220; border_radii=&#8220;on|15px|15px|15px|15px&#8220; global_colors_info=&#8220;{}&#8220; theme_builder_area=&#8220;post_content&#8220;][et_pb_blurb title=&#8220;N\u00e4chste Termine&#8220; _builder_version=&#8220;4.27.4&#8243; _module_preset=&#8220;default&#8220; header_font=&#8220;|600|||||||&#8220; header_text_align=&#8220;center&#8220; header_line_height=&#8220;2em&#8220; body_line_height=&#8220;1em&#8220; custom_padding=&#8220;1em|1em|1em|1em|true|true&#8220; border_width_all=&#8220;2px&#8220; border_color_all=&#8220;#dbdbdb&#8220; global_colors_info=&#8220;{}&#8220; theme_builder_area=&#8220;post_content&#8220;]\n<section class=\" ics-calendar layout-basic stickymonths\" id=\"r69f2e4f02e03ce6\" style=\"opacity: 1;\">\n\n\t\t\t<article class=\"ics-calendar-basic-wrapper\">\n\n\t\t\t\n\t\t\t<ul class=\"events r34ics-basic-events\">\n\t\t\t\t\t\t\t\t\t\n\t\t\t\t\t\t\t\t\t\t<li class=\"event t190000\" data-dow=\"4\" data-wknum=\"18\" data-rel2today=\"today\" data-feed-key=\"0\">\n\t\t\t\t\t\t\t\t\t\t\t<div class=\"date\"><span data-date-format=\"l\">Donnerstag<\/span> <span data-date-format=\"j\">30<\/span> <span data-date-format=\"F\">April<\/span><\/div>\n\n\t\t\t\t\t\t\t\t\t\t\t<div class=\"event-info\">\n\t\t\t\t\t\t\t\t\t\t\t\t\t\t\t\t\t\t\t\t\t\t\t\t\t<div class=\"time\">\n\t\t\t\t\t\t\t\t\t\t\t\t\t\t<span class=\"start_time\">19:00<\/span>\n\t\t\t\t\t\t\t\t\t\t\t\t\t\t\t\t\t\t\t\t\t\t\t\t\t\t\t\t\t<span class=\"end_time\">&#8211; 21:00<\/span>\n\t\t\t\t\t\t\t\t\t\t\t\t\t\t\t\t\t\t\t\t\t\t\t\t\t\t\t\t<\/div>\n\t\t\t\t\t\t\t\t\t\t\t\t\t<div class=\"title\">\u00dcbung<\/div>\t\t\t\t\t\t\t\t\t\t\t<\/div>\n\t\t\t\t\t\t\t\t\t\t\n\t\t\t\t\t\t\t\t\t\t<\/li>\n\n\t\t\t\t\t\t\t\t\t\t\t\t\t\t\t\n\t\t\t\t\t\t\t\t\t\t<li class=\"event t190000\" data-dow=\"4\" data-wknum=\"19\" data-rel2today=\"future\" data-feed-key=\"0\">\n\t\t\t\t\t\t\t\t\t\t\t<div class=\"date\"><span data-date-format=\"l\">Donnerstag<\/span> <span data-date-format=\"j\">7<\/span> <span data-date-format=\"F\">Mai<\/span><\/div>\n\n\t\t\t\t\t\t\t\t\t\t\t<div class=\"event-info\">\n\t\t\t\t\t\t\t\t\t\t\t\t\t\t\t\t\t\t\t\t\t\t\t\t\t<div class=\"time\">\n\t\t\t\t\t\t\t\t\t\t\t\t\t\t<span class=\"start_time\">19:00<\/span>\n\t\t\t\t\t\t\t\t\t\t\t\t\t\t\t\t\t\t\t\t\t\t\t\t\t\t\t\t\t<span class=\"end_time\">&#8211; 21:00<\/span>\n\t\t\t\t\t\t\t\t\t\t\t\t\t\t\t\t\t\t\t\t\t\t\t\t\t\t\t\t<\/div>\n\t\t\t\t\t\t\t\t\t\t\t\t\t<div class=\"title\">\u00dcbung<\/div>\t\t\t\t\t\t\t\t\t\t\t<\/div>\n\t\t\t\t\t\t\t\t\t\t\n\t\t\t\t\t\t\t\t\t\t<\/li>\n\n\t\t\t\t\t\t\t\t\t\t\t\t\t<\/ul>\n\t\t<\/article>\n\n\t\t\n<\/section>\n[\/et_pb_blurb][et_pb_blurb title=&#8220;Katwarn&#8220; _builder_version=&#8220;4.27.4&#8243; _module_preset=&#8220;default&#8220; header_font=&#8220;|600|||||||&#8220; header_text_align=&#8220;center&#8220; header_line_height=&#8220;2em&#8220; body_line_height=&#8220;1em&#8220; custom_padding=&#8220;1em|1em|1em|1em|true|true&#8220; border_width_all=&#8220;2px&#8220; border_color_all=&#8220;#dbdbdb&#8220; global_colors_info=&#8220;{}&#8220; theme_builder_area=&#8220;post_content&#8220;]<a href=\"https:\/\/warnungen.katwarn.de\/\" target=\"_blank\" rel=\"noopener noreferrer\"><img decoding=\"async\" style=\"display: block; margin-left: auto; margin-right: auto;\" src=\"https:\/\/warnungen.katwarn.de\/widget\/kus_box.png\" alt=\"Katwarn Warnungen\" \/><\/a>[\/et_pb_blurb][et_pb_blurb title=&#8220;Wetterwarnungen&#8220; _builder_version=&#8220;4.27.4&#8243; _module_preset=&#8220;default&#8220; header_font=&#8220;|600|||||||&#8220; header_text_align=&#8220;center&#8220; header_line_height=&#8220;2em&#8220; body_line_height=&#8220;1em&#8220; custom_padding=&#8220;1em|1em|1em|1em|true|true&#8220; border_width_all=&#8220;2px&#8220; border_color_all=&#8220;#dbdbdb&#8220; global_colors_info=&#8220;{}&#8220; theme_builder_area=&#8220;post_content&#8220;]<\/p>\n<p><img decoding=\"async\" src=\"https:\/\/www.dwd.de\/DWD\/warnungen\/warnapp_gemeinden\/json\/warnungen_gemeinde_map_rps.png\" \/><\/p>\n<p>[\/et_pb_blurb][\/et_pb_column][\/et_pb_row][\/et_pb_section]<\/p>\n","protected":false},"excerpt":{"rendered":"<p>Lfd. Nr. Datum Einsatz 147 07.11.2022 Notfallt\u00fcr\u00f6ffnung in Bedesbach 146 31.10.2022 PKW-Brand zwischen Patersbach und Erdesbach 145 25.10.2022 Abgest\u00fcrzte Schwerlastmulde in Rammelsbach 144 03.10.2022 Festgefahrener KTW in Rammelsbach 143 24.09.2022 PKW-Brand auf der A62 zwischen Reichweiler und Kusel (MZF-Gruppe Materialtausch) 142 22.09.2022 Wassernotstand in Rathsweiler 141 19.09.2022 Tier in Notlage in M\u00fchlbach 140 14.09.2022 Wassernotstand [&hellip;]<\/p>\n","protected":false},"author":1,"featured_media":0,"parent":0,"menu_order":0,"comment_status":"closed","ping_status":"closed","template":"","meta":{"_et_pb_use_builder":"on","_et_pb_old_content":"<!-- wp:divi\/placeholder \/-->","_et_gb_content_width":"","footnotes":""},"class_list":["post-1447","page","type-page","status-publish","hentry"],"_links":{"self":[{"href":"https:\/\/www.feuerwehr-altenglan.de\/index.php?rest_route=\/wp\/v2\/pages\/1447","targetHints":{"allow":["GET"]}}],"collection":[{"href":"https:\/\/www.feuerwehr-altenglan.de\/index.php?rest_route=\/wp\/v2\/pages"}],"about":[{"href":"https:\/\/www.feuerwehr-altenglan.de\/index.php?rest_route=\/wp\/v2\/types\/page"}],"author":[{"embeddable":true,"href":"https:\/\/www.feuerwehr-altenglan.de\/index.php?rest_route=\/wp\/v2\/users\/1"}],"replies":[{"embeddable":true,"href":"https:\/\/www.feuerwehr-altenglan.de\/index.php?rest_route=%2Fwp%2Fv2%2Fcomments&post=1447"}],"version-history":[{"count":4,"href":"https:\/\/www.feuerwehr-altenglan.de\/index.php?rest_route=\/wp\/v2\/pages\/1447\/revisions"}],"predecessor-version":[{"id":1553,"href":"https:\/\/www.feuerwehr-altenglan.de\/index.php?rest_route=\/wp\/v2\/pages\/1447\/revisions\/1553"}],"wp:attachment":[{"href":"https:\/\/www.feuerwehr-altenglan.de\/index.php?rest_route=%2Fwp%2Fv2%2Fmedia&parent=1447"}],"curies":[{"name":"wp","href":"https:\/\/api.w.org\/{rel}","templated":true}]}}