{"id":1445,"date":"2025-01-19T13:51:42","date_gmt":"2025-01-19T12:51:42","guid":{"rendered":"https:\/\/www.feuerwehr-altenglan.de\/?page_id=1445"},"modified":"2025-01-20T09:19:41","modified_gmt":"2025-01-20T08:19:41","slug":"einsaetze-2021","status":"publish","type":"page","link":"https:\/\/www.feuerwehr-altenglan.de\/?page_id=1445","title":{"rendered":"Eins\u00e4tze 2021"},"content":{"rendered":"<p>[et_pb_section fb_built=&#8220;1&#8243; _builder_version=&#8220;4.27.4&#8243; _module_preset=&#8220;default&#8220; custom_padding=&#8220;0px||0px||true|false&#8220; global_colors_info=&#8220;{}&#8220; theme_builder_area=&#8220;post_content&#8220;][et_pb_row column_structure=&#8220;2_3,1_3&#8243; _builder_version=&#8220;4.27.4&#8243; _module_preset=&#8220;default&#8220; width=&#8220;100%&#8220; max_width=&#8220;80%&#8220; module_alignment=&#8220;center&#8220; global_colors_info=&#8220;{}&#8220; theme_builder_area=&#8220;post_content&#8220;][et_pb_column type=&#8220;2_3&#8243; _builder_version=&#8220;4.27.4&#8243; _module_preset=&#8220;default&#8220; background_color=&#8220;#f5f5f5&#8243; custom_padding=&#8220;3em|3em|3em|3em|true|true&#8220; border_radii=&#8220;on|15px|15px|15px|15px&#8220; global_colors_info=&#8220;{}&#8220; theme_builder_area=&#8220;post_content&#8220;][et_pb_heading title=&#8220;Eins\u00e4tze im Jahr 2021&#8243; _builder_version=&#8220;4.27.4&#8243; _module_preset=&#8220;default&#8220; title_text_align=&#8220;center&#8220; hover_enabled=&#8220;0&#8243; global_colors_info=&#8220;{}&#8220; theme_builder_area=&#8220;post_content&#8220; sticky_enabled=&#8220;0&#8243;][\/et_pb_heading][et_pb_text module_class=&#8220;einsaetze-tabelle&#8220; _builder_version=&#8220;4.27.4&#8243; _module_preset=&#8220;default&#8220; text_font_size=&#8220;16px&#8220; hover_enabled=&#8220;0&#8243; global_colors_info=&#8220;{}&#8220; theme_builder_area=&#8220;post_content&#8220; sticky_enabled=&#8220;0&#8243;]<\/p>\n<table>\n<thead>\n<tr>\n<th>Lfd. Nr.<\/th>\n<th>Datum<\/th>\n<th>Einsatz<\/th>\n<\/tr>\n<\/thead>\n<tbody>\n<tr>\n<td style=\"width: 42.3167px;\">108<\/td>\n<td style=\"width: 81.9px; text-align: left;\">26.12.2021<\/td>\n<td style=\"width: 338.783px;\">Auslaufende Betriebsstoffe nach Verkehrsunfall zwischen Altenglan und Welchweiler<\/td>\n<\/tr>\n<tr>\n<td style=\"width: 42.3167px;\">107<\/td>\n<td style=\"width: 81.9px; text-align: left;\">15.12.2021<\/td>\n<td style=\"width: 338.783px;\">Notfallt\u00fcr\u00f6ffnung in Rammelsbach<\/td>\n<\/tr>\n<tr>\n<td style=\"width: 42.3167px;\">106<\/td>\n<td style=\"width: 81.9px; text-align: left;\">09.12.2021<\/td>\n<td style=\"width: 338.783px;\">Verkehrsunfall Person klemmt zwischen Altenglan und Welchweiler<\/td>\n<\/tr>\n<tr>\n<td style=\"width: 42.3167px;\">105<\/td>\n<td style=\"width: 81.9px; text-align: left;\">07.12.2021<\/td>\n<td style=\"width: 338.783px;\">Verkehrsunfall zwischen Horschbach und Hinzweiler<\/td>\n<\/tr>\n<tr>\n<td style=\"width: 42.3167px;\">104<\/td>\n<td style=\"width: 81.9px; text-align: left;\">03.12.2021<\/td>\n<td style=\"width: 338.783px;\">Verkehrsunfall in Erdesbach<\/td>\n<\/tr>\n<tr>\n<td style=\"width: 42.3167px;\">103<\/td>\n<td style=\"width: 81.9px; text-align: left;\">23.11.2021<\/td>\n<td style=\"width: 338.783px;\">Rauchentwicklung aus Geb\u00e4ude in Altenglan<\/td>\n<\/tr>\n<tr>\n<td style=\"width: 42.3167px;\">102<\/td>\n<td style=\"width: 81.9px; text-align: left;\">21.11.2021<\/td>\n<td style=\"width: 338.783px;\">Notfallt\u00fcr\u00f6ffnung in Altenglan<\/td>\n<\/tr>\n<tr>\n<td style=\"width: 42.3167px;\">101<\/td>\n<td style=\"width: 81.9px; text-align: left;\">20.11.2021<\/td>\n<td style=\"width: 338.783px;\">Rauchentwicklung aus Geb\u00e4ude in Bosenbach<\/td>\n<\/tr>\n<tr>\n<td style=\"width: 42.3167px;\">100<\/td>\n<td style=\"width: 81.9px; text-align: left;\">20.11.2021<\/td>\n<td style=\"width: 338.783px;\">Notfallt\u00fcr\u00f6ffnung in Altenglan<\/td>\n<\/tr>\n<tr>\n<td style=\"width: 42.3167px;\">99<\/td>\n<td style=\"width: 81.9px; text-align: left;\">11.11.2021<\/td>\n<td style=\"width: 338.783px;\">Ausgel\u00f6ste Brandmeldeanlage in Altenglan<\/td>\n<\/tr>\n<tr>\n<td style=\"width: 42.3167px;\">98<\/td>\n<td style=\"width: 81.9px; text-align: left;\">11.11.2021<\/td>\n<td style=\"width: 338.783px;\">FEZ Besetzung (Ausfall der Notrufnummern 112 und 110)<\/td>\n<\/tr>\n<tr>\n<td style=\"width: 42.3167px;\">97<\/td>\n<td style=\"width: 81.9px; text-align: left;\">06.11.2021<\/td>\n<td style=\"width: 338.783px;\">Verkehrsunfall zwischen Patersbach und Erdesbach<\/td>\n<\/tr>\n<tr>\n<td style=\"width: 42.3167px;\">96<\/td>\n<td style=\"width: 81.9px; text-align: left;\">31.10.2021<\/td>\n<td style=\"width: 338.783px;\">Verkehrsunfall mit Motorrad zwischen Oberstaufenbach und Reichenbach-Steegen<\/td>\n<\/tr>\n<tr>\n<td style=\"width: 42.3167px;\">95<\/td>\n<td style=\"width: 81.9px; text-align: left;\">21.10.2021<\/td>\n<td style=\"width: 338.783px;\">Stromausfall in mehreren Orten der Verbandsgemeinde<\/td>\n<\/tr>\n<tr>\n<td style=\"width: 42.3167px;\">94<\/td>\n<td style=\"width: 81.9px; text-align: left;\">21.10.2021<\/td>\n<td style=\"width: 338.783px;\">Umgest\u00fcrzter Baum zwischen Bedesbach und Welchweiler<\/td>\n<\/tr>\n<tr>\n<td style=\"width: 42.3167px;\">93<\/td>\n<td style=\"width: 81.9px; text-align: left;\">21.10.2021<\/td>\n<td style=\"width: 338.783px;\">Umgest\u00fcrzter Baum zwischen Rathsweiler und Eschenau<\/td>\n<\/tr>\n<tr>\n<td style=\"width: 42.3167px;\">92<\/td>\n<td style=\"width: 81.9px; text-align: left;\">20.10.2021<\/td>\n<td style=\"width: 338.783px;\">Ausgel\u00f6ste Brandmeldeanlage in Rammelsbach<\/td>\n<\/tr>\n<tr>\n<td style=\"width: 42.3167px;\">91<\/td>\n<td style=\"width: 81.9px; text-align: left;\">19.10.2021<\/td>\n<td style=\"width: 338.783px;\">Bombenentsch\u00e4rfung in Oberstaufenbach<\/td>\n<\/tr>\n<tr>\n<td style=\"width: 42.3167px;\">90<\/td>\n<td style=\"width: 81.9px; text-align: left;\">13.10.2021<\/td>\n<td style=\"width: 338.783px;\">Verkehrsunfall in Herchweiler<\/td>\n<\/tr>\n<tr>\n<td style=\"width: 42.3167px;\">89<\/td>\n<td style=\"width: 81.9px; text-align: left;\">29.09.2021<\/td>\n<td style=\"width: 338.783px;\">Wache besetzen aufgrund des Einsatzes in Pfeffelbach<\/td>\n<\/tr>\n<tr>\n<td style=\"width: 42.3167px;\">88<\/td>\n<td style=\"width: 81.9px; text-align: left;\">29.09.2021<\/td>\n<td style=\"width: 338.783px;\">Feuer mit Menschenrettung in Pfeffelbach (MZF Gruppe Materialtausch)<\/td>\n<\/tr>\n<tr>\n<td style=\"width: 42.3167px;\">87<\/td>\n<td style=\"width: 81.9px; text-align: left;\">22.09.2021<\/td>\n<td style=\"width: 338.783px;\">Verkehrsunfall in Ulmet<\/td>\n<\/tr>\n<tr>\n<td style=\"width: 42.3167px;\">86<\/td>\n<td style=\"width: 81.9px; text-align: left;\">20.09.2021<\/td>\n<td style=\"width: 338.783px;\">Verkehrsunfall zwischen Friedelhausen und Bosenbach<\/td>\n<\/tr>\n<tr>\n<td style=\"width: 42.3167px;\">85<\/td>\n<td style=\"width: 81.9px; text-align: left;\">19.09.2021<\/td>\n<td style=\"width: 338.783px;\">Nebengeb\u00e4udebrand zwischen Etschberg und Schellweiler (MZF Gruppe Materialtausch)<\/td>\n<\/tr>\n<tr>\n<td style=\"width: 42.3167px;\">84<\/td>\n<td style=\"width: 81.9px; text-align: left;\">16.09.2021<\/td>\n<td style=\"width: 338.783px;\">Personensuche (Fehlalarm)<\/td>\n<\/tr>\n<tr>\n<td style=\"width: 42.3167px;\">83<\/td>\n<td style=\"width: 81.9px; text-align: left;\">12.09.2021<\/td>\n<td style=\"width: 338.783px;\">Rauchentwicklung aus Geb\u00e4ude in Kusel (MZF Gruppe Materialtausch)<\/td>\n<\/tr>\n<tr>\n<td style=\"width: 42.3167px;\">82<\/td>\n<td style=\"width: 81.9px; text-align: left;\">03.09.2021<\/td>\n<td style=\"width: 338.783px;\">Ausgel\u00f6ste Brandmeldeanlage in Rammelsbach<\/td>\n<\/tr>\n<tr>\n<td style=\"width: 42.3167px;\">81<\/td>\n<td style=\"width: 81.9px; text-align: left;\">01.09.2021<\/td>\n<td style=\"width: 338.783px;\">Verkehrsunfall in Altenglan<\/td>\n<\/tr>\n<tr>\n<td style=\"width: 42.3167px;\">80<\/td>\n<td style=\"width: 81.9px; text-align: left;\">31.08.2021<\/td>\n<td style=\"width: 338.783px;\">Feuer mit Menschenrettung in Herchweiler MZF Gruppe Materialtausch<\/td>\n<\/tr>\n<tr>\n<td style=\"width: 42.3167px;\">79<\/td>\n<td style=\"width: 81.9px; text-align: left;\">25.08.2021<\/td>\n<td style=\"width: 338.783px;\">Verkehrsunfall in Rammelsbach<\/td>\n<\/tr>\n<tr>\n<td style=\"width: 42.3167px;\">78<\/td>\n<td style=\"width: 81.9px; text-align: left;\">13.08.2021<\/td>\n<td style=\"width: 338.783px;\">Drehleiterunterst\u00fctzung f\u00fcr den Rettungsdienst in Rammelsbach<\/td>\n<\/tr>\n<tr>\n<td style=\"width: 42.3167px;\">77<\/td>\n<td style=\"width: 81.9px; text-align: left;\">10.08.2021<\/td>\n<td style=\"width: 338.783px;\">B\u00f6schungsbrand in Ulmet<\/td>\n<\/tr>\n<tr>\n<td style=\"width: 42.3167px;\">76<\/td>\n<td style=\"width: 81.9px; text-align: left;\">09.08.2021<\/td>\n<td style=\"width: 338.783px;\">Unklare Rauchentwicklung im Freien in Altenglan<\/td>\n<\/tr>\n<tr>\n<td style=\"width: 42.3167px;\">75<\/td>\n<td style=\"width: 81.9px; text-align: left;\">09.08.2021<\/td>\n<td style=\"width: 338.783px;\">Unklare Rauchentwicklung im Freien in Erdesbach<\/td>\n<\/tr>\n<tr>\n<td style=\"width: 42.3167px;\">74<\/td>\n<td style=\"width: 81.9px; text-align: left;\">08.08.2021<\/td>\n<td style=\"width: 338.783px;\">Stromausfall in M\u00fchlbach und Rutsweiler<\/td>\n<\/tr>\n<tr>\n<td style=\"width: 42.3167px;\">73<\/td>\n<td style=\"width: 81.9px; text-align: left;\">26.07.2021<\/td>\n<td style=\"width: 338.783px;\">Umgest\u00fcrzter Baum zwischen Friedelhausen und Bosenbach<\/td>\n<\/tr>\n<tr>\n<td style=\"width: 42.3167px;\">72<\/td>\n<td style=\"width: 81.9px; text-align: left;\">24.07.2021<\/td>\n<td style=\"width: 338.783px;\">Verkehrsunfall in Erdesbach<\/td>\n<\/tr>\n<tr>\n<td style=\"width: 42.3167px;\">71<\/td>\n<td style=\"width: 81.9px; text-align: left;\">15.07.2021<\/td>\n<td style=\"width: 338.783px;\">Einsatz nach R\u00fccksprache (Hochwasser) in Trier<\/td>\n<\/tr>\n<tr>\n<td style=\"width: 42.3167px;\">70<\/td>\n<td style=\"width: 81.9px; text-align: left;\">14.07.2021<\/td>\n<td style=\"width: 338.783px;\">Einsatz nach R\u00fccksprache (abgest\u00fcrzter Falke) in Rammelsbach<\/td>\n<\/tr>\n<tr>\n<td style=\"width: 42.3167px;\">69<\/td>\n<td style=\"width: 81.9px; text-align: left;\">12.07.2021<\/td>\n<td style=\"width: 338.783px;\">Tragehilfe f\u00fcr den Rettungsdienst in Friedelhausen<\/td>\n<\/tr>\n<tr>\n<td style=\"width: 42.3167px;\">68<\/td>\n<td style=\"width: 81.9px; text-align: left;\">10.07.2021<\/td>\n<td style=\"width: 338.783px;\">Umgest\u00fcrzter Baum zwischen Patersbach und Erdesbach<\/td>\n<\/tr>\n<tr>\n<td style=\"width: 42.3167px;\">67<\/td>\n<td style=\"width: 81.9px; text-align: left;\">09.07.2021<\/td>\n<td style=\"width: 338.783px;\">Eigentumsicherung in Rammelsbach<\/td>\n<\/tr>\n<tr>\n<td style=\"width: 42.3167px;\">66<\/td>\n<td style=\"width: 81.9px; text-align: left;\">05.07.2021<\/td>\n<td style=\"width: 338.783px;\">Tragehilfe f\u00fcr den Rettungsdienst in Rammelsbach<\/td>\n<\/tr>\n<tr>\n<td style=\"width: 42.3167px;\">65<\/td>\n<td style=\"width: 81.9px; text-align: left;\">03.07.2021<\/td>\n<td style=\"width: 338.783px;\">Geb\u00e4udebrand in Rammelsbach<\/td>\n<\/tr>\n<tr>\n<td style=\"width: 42.3167px;\">64<\/td>\n<td style=\"width: 81.9px; text-align: left;\">30.06.2021<\/td>\n<td style=\"width: 338.783px;\">FEZ Besetzung (Ausfall Leitstelle Kaiserslautern)<\/td>\n<\/tr>\n<tr>\n<td style=\"width: 42.3167px;\">63<\/td>\n<td style=\"width: 81.9px; text-align: left;\">30.06.2021<\/td>\n<td style=\"width: 338.783px;\">Auslaufende Betriebsstoffe aus PKW in Ulmet<\/td>\n<\/tr>\n<tr>\n<td style=\"width: 42.3167px;\">62<\/td>\n<td style=\"width: 81.9px; text-align: left;\">23.06.2021<\/td>\n<td style=\"width: 338.783px;\">Tragehilfe f\u00fcr den Rettungsdienst in Erdesbach<\/td>\n<\/tr>\n<tr>\n<td style=\"width: 42.3167px;\">61<\/td>\n<td style=\"width: 81.9px; text-align: left;\">22.06.2021<\/td>\n<td style=\"width: 338.783px;\">Rauchentwicklung aus Geb\u00e4ude in Kusel (MZF Gruppe Materialtausch)<\/td>\n<\/tr>\n<tr>\n<td style=\"width: 42.3167px;\">60<\/td>\n<td style=\"width: 81.9px; text-align: left;\">20.06.2021<\/td>\n<td style=\"width: 338.783px;\">Ausgel\u00f6ste Brandmeldeanlage in Altenglan<\/td>\n<\/tr>\n<tr>\n<td style=\"width: 42.3167px;\">59<\/td>\n<td style=\"width: 81.9px; text-align: left;\">19.06.2021<\/td>\n<td style=\"width: 338.783px;\">Scheunenbrand in Oberalben<\/td>\n<\/tr>\n<tr>\n<td style=\"width: 42.3167px;\">58<\/td>\n<td style=\"width: 81.9px; text-align: left;\">16.06.2021<\/td>\n<td style=\"width: 338.783px;\">FEZ Besetzung (Ausfall Leitstelle Kaiserslautern)<\/td>\n<\/tr>\n<tr>\n<td style=\"width: 42.3167px;\">57<\/td>\n<td style=\"width: 81.9px; text-align: left;\">10.06.2021<\/td>\n<td style=\"width: 338.783px;\">Einsatz Gefahrstoffzug in Konken<\/td>\n<\/tr>\n<tr>\n<td style=\"width: 42.3167px;\">56<\/td>\n<td style=\"width: 81.9px; text-align: left;\">09.06.2021<\/td>\n<td style=\"width: 338.783px;\">Heckenbrand in Rammelsbach<\/td>\n<\/tr>\n<tr>\n<td style=\"width: 42.3167px;\">55<\/td>\n<td style=\"width: 81.9px; text-align: left;\">07.06.2021<\/td>\n<td style=\"width: 338.783px;\">Verkehrsunfall zwischen Patersbach und Erdesbach<\/td>\n<\/tr>\n<tr>\n<td style=\"width: 42.3167px;\">54<\/td>\n<td style=\"width: 81.9px; text-align: left;\">05.06.2021<\/td>\n<td style=\"width: 338.783px;\">Umgest\u00fcrzter Baum zwischen Niederalben und Baumholder<\/td>\n<\/tr>\n<tr>\n<td style=\"width: 42.3167px;\">51-52<\/td>\n<td style=\"width: 81.9px; text-align: left;\">05.06.2021<\/td>\n<td style=\"width: 338.783px;\">Mehrere Unwettereins\u00e4tze in der Verbandsgemeinde<\/td>\n<\/tr>\n<tr>\n<td style=\"width: 42.3167px;\">44-50<\/td>\n<td style=\"width: 81.9px; text-align: left;\">04.06.2021<\/td>\n<td style=\"width: 338.783px;\">Mehrere Unwettereins\u00e4tze in der Verbandsgemeinde<\/td>\n<\/tr>\n<tr>\n<td style=\"width: 42.3167px;\">43<\/td>\n<td style=\"width: 81.9px; text-align: left;\">02.06.2021<\/td>\n<td style=\"width: 338.783px;\">\u00dcberflutete Fahrbahn zwischen Rutsweiler und Theisbergstegen<\/td>\n<\/tr>\n<tr>\n<td style=\"width: 42.3167px;\">42<\/td>\n<td style=\"width: 81.9px; text-align: left;\">29.05.2021<\/td>\n<td style=\"width: 338.783px;\">Nebengeb\u00e4udebrand in Neunkirchen am Potzberg<\/td>\n<\/tr>\n<tr>\n<td style=\"width: 42.3167px;\">41<\/td>\n<td style=\"width: 81.9px; text-align: left;\">26.05.2021<\/td>\n<td style=\"width: 338.783px;\">Stromausfall in mehreren Gemeinden der Verbandsgemeinde<\/td>\n<\/tr>\n<tr>\n<td style=\"width: 42.3167px;\">40<\/td>\n<td style=\"width: 81.9px; text-align: left;\">25.05.2021<\/td>\n<td style=\"width: 338.783px;\">Auslaufender Dieseltank an LKW in Altenglan<\/td>\n<\/tr>\n<tr>\n<td style=\"width: 42.3167px;\">39<\/td>\n<td style=\"width: 81.9px; text-align: left;\">20.05.2021<\/td>\n<td style=\"width: 338.783px;\">Drehleiterunterst\u00fctzung f\u00fcr den Rettungsdienst in Altenglan<\/td>\n<\/tr>\n<tr>\n<td style=\"width: 42.3167px;\">38<\/td>\n<td style=\"width: 81.9px; text-align: left;\">16.05.2021<\/td>\n<td style=\"width: 338.783px;\">Notfallt\u00fcr\u00f6ffnung in Ulmet<\/td>\n<\/tr>\n<tr>\n<td style=\"width: 42.3167px;\">37<\/td>\n<td style=\"width: 81.9px; text-align: left;\">12.05.2021<\/td>\n<td style=\"width: 338.783px;\">PKW Brand in Altenglan<\/td>\n<\/tr>\n<tr>\n<td style=\"width: 42.3167px;\">36<\/td>\n<td style=\"width: 81.9px; text-align: left;\">08.05.2021<\/td>\n<td style=\"width: 338.783px;\">Stromausfall in mehreren Gemeinden der Verbandsgemeinde<\/td>\n<\/tr>\n<tr>\n<td style=\"width: 42.3167px;\">35<\/td>\n<td style=\"width: 81.9px; text-align: left;\">07.05.2021<\/td>\n<td style=\"width: 338.783px;\">Auslaufende Betriebsstoffe in Bosenbach<\/td>\n<\/tr>\n<tr>\n<td style=\"width: 42.3167px;\">34<\/td>\n<td style=\"width: 81.9px; text-align: left;\">06.05.2021<\/td>\n<td style=\"width: 338.783px;\">Auslaufende Betriebsstoffe in Bosenbach<\/td>\n<\/tr>\n<tr>\n<td style=\"width: 42.3167px;\">33<\/td>\n<td style=\"width: 81.9px; text-align: left;\">03.05.2021<\/td>\n<td style=\"width: 338.783px;\">Stromausfall in mehreren Gemeinden der Verbandsgemeinde<\/td>\n<\/tr>\n<tr>\n<td style=\"width: 42.3167px;\">32<\/td>\n<td style=\"width: 81.9px; text-align: left;\">29.04.2021<\/td>\n<td style=\"width: 338.783px;\">Umgest\u00fcrzter Baum zwischen Bosenbach und Friedelhausen<\/td>\n<\/tr>\n<tr>\n<td style=\"width: 42.3167px;\">31<\/td>\n<td style=\"width: 81.9px; text-align: left;\">25.04.2021<\/td>\n<td style=\"width: 338.783px;\">Nebengeb\u00e4udebrand in Altenglan<\/td>\n<\/tr>\n<tr>\n<td style=\"width: 42.3167px;\">30<\/td>\n<td style=\"width: 81.9px; text-align: left;\">24.04.2021<\/td>\n<td style=\"width: 338.783px;\">Notfallt\u00fcr\u00f6ffnung in Rammelsbach<\/td>\n<\/tr>\n<tr>\n<td style=\"width: 42.3167px;\">29<\/td>\n<td style=\"width: 81.9px; text-align: left;\">14.04.2021<\/td>\n<td style=\"width: 338.783px;\">Fl\u00e4chenbrand gro\u00df zwischen Neunkirchen und Gimsbach<\/td>\n<\/tr>\n<tr>\n<td style=\"width: 42.3167px;\">28<\/td>\n<td style=\"width: 81.9px; text-align: left;\">13.04.2021<\/td>\n<td style=\"width: 338.783px;\">Auslaufende Betriebsstoffe aus PKW in F\u00f6ckelberg<\/td>\n<\/tr>\n<tr>\n<td style=\"width: 42.3167px;\">27<\/td>\n<td style=\"width: 81.9px; text-align: left;\">11.04.2021<\/td>\n<td style=\"width: 338.783px;\">Stromausfall in mehreren Gemeinden der Verbandsgemeinde<\/td>\n<\/tr>\n<tr>\n<td style=\"width: 42.3167px;\">26<\/td>\n<td style=\"width: 81.9px; text-align: left;\">09.04.2021<\/td>\n<td style=\"width: 338.783px;\">F\u00fchrungsunterst\u00fctzung Abschnitt Gesundheit in Pfeffelbach<\/td>\n<\/tr>\n<tr>\n<td style=\"width: 42.3167px;\">25<\/td>\n<td style=\"width: 81.9px; text-align: left;\">08.04.2021<\/td>\n<td style=\"width: 338.783px;\">Stromausfall in Ulmet<\/td>\n<\/tr>\n<tr>\n<td style=\"width: 42.3167px;\">24<\/td>\n<td style=\"width: 81.9px; text-align: left;\">03.04.2021<\/td>\n<td style=\"width: 338.783px;\">Geb\u00e4udebrand in Altenglan<\/td>\n<\/tr>\n<tr>\n<td style=\"width: 42.3167px;\">23<\/td>\n<td style=\"width: 81.9px; text-align: left;\">01.04.2021<\/td>\n<td style=\"width: 338.783px;\">Ausgel\u00f6ste Brandmeldeanlage in Rammelsbach<\/td>\n<\/tr>\n<tr>\n<td style=\"width: 42.3167px;\">22<\/td>\n<td style=\"width: 81.9px; text-align: left;\">29.03.2021<\/td>\n<td style=\"width: 338.783px;\">Rauchentwicklung aus Geb\u00e4ude in Rammelsbach<\/td>\n<\/tr>\n<tr>\n<td style=\"width: 42.3167px;\">21<\/td>\n<td style=\"width: 81.9px; text-align: left;\">22.03.2021<\/td>\n<td style=\"width: 338.783px;\">Notfallt\u00fcr\u00f6ffnung in Niederstaufenbach<\/td>\n<\/tr>\n<tr>\n<td style=\"width: 42.3167px;\">20<\/td>\n<td style=\"width: 81.9px; text-align: left;\">26.02.2021<\/td>\n<td style=\"width: 338.783px;\">Absichern einer Gefahrenstelle in Welchweiler<\/td>\n<\/tr>\n<tr>\n<td style=\"width: 42.3167px;\">19<\/td>\n<td style=\"width: 81.9px; text-align: left;\">23.02.2021<\/td>\n<td style=\"width: 338.783px;\">Kaminbrand in Altenglan<\/td>\n<\/tr>\n<tr>\n<td style=\"width: 42.3167px;\">18<\/td>\n<td style=\"width: 81.9px; text-align: left;\">23.02.2021<\/td>\n<td style=\"width: 338.783px;\">Tragehilfe f\u00fcr den Rettungsdienst in Bedesbach<\/td>\n<\/tr>\n<tr>\n<td style=\"width: 42.3167px;\">17<\/td>\n<td style=\"width: 81.9px; text-align: left;\">23.02.2021<\/td>\n<td style=\"width: 338.783px;\">Einsatz nach R\u00fccksprache<\/td>\n<\/tr>\n<tr>\n<td style=\"width: 42.3167px;\">16<\/td>\n<td style=\"width: 81.9px; text-align: left;\">16.02.2021<\/td>\n<td style=\"width: 338.783px;\">F\u00fchrungsunterst\u00fctzung bei Verkehrsunfall auf der A6<\/td>\n<\/tr>\n<tr>\n<td style=\"width: 42.3167px;\">15<\/td>\n<td style=\"width: 81.9px; text-align: left;\">16.02.2021<\/td>\n<td style=\"width: 338.783px;\">Rauchentwicklung aus Geb\u00e4ude in Rammelsbach<\/td>\n<\/tr>\n<tr>\n<td style=\"width: 42.3167px;\">14<\/td>\n<td style=\"width: 81.9px; text-align: left;\">13.02.2021<\/td>\n<td style=\"width: 338.783px;\">Tragehilfe f\u00fcr den Rettungsdienst in Ulmet<\/td>\n<\/tr>\n<tr>\n<td style=\"width: 42.3167px;\">13<\/td>\n<td style=\"width: 81.9px; text-align: left;\">12.02.2021<\/td>\n<td style=\"width: 338.783px;\">Wassernotstand in Rathsweiler<\/td>\n<\/tr>\n<tr>\n<td style=\"width: 42.3167px;\">12<\/td>\n<td style=\"width: 81.9px; text-align: left;\">02.02.2021<\/td>\n<td style=\"width: 338.783px;\">Tierrettung in Ulmet<\/td>\n<\/tr>\n<tr>\n<td style=\"width: 42.3167px;\">11<\/td>\n<td style=\"width: 81.9px; text-align: left;\">29.01.2021<\/td>\n<td style=\"width: 338.783px;\">Rauchentwicklung aus Geb\u00e4ude in Patersbach<\/td>\n<\/tr>\n<tr>\n<td style=\"width: 42.3167px;\">10<\/td>\n<td style=\"width: 81.9px; text-align: left;\">27.01.2021<\/td>\n<td style=\"width: 338.783px;\">Verkehrsunfall zwischen Altenglan und Friedelhausen<\/td>\n<\/tr>\n<tr>\n<td style=\"width: 42.3167px;\">9<\/td>\n<td style=\"width: 81.9px; text-align: left;\">25.01.2021<\/td>\n<td style=\"width: 338.783px;\">Verkehrsunfall zwischen Niederalben und Baumholder<\/td>\n<\/tr>\n<tr>\n<td style=\"width: 42.3167px;\">8<\/td>\n<td style=\"width: 81.9px; text-align: left;\">22.01.2021<\/td>\n<td style=\"width: 338.783px;\">Verkehrsunfall Person klemmt zwischen Rathsweiler und Eschenau<\/td>\n<\/tr>\n<tr>\n<td style=\"width: 42.3167px;\">7<\/td>\n<td style=\"width: 81.9px; text-align: left;\">21.01.2021<\/td>\n<td style=\"width: 338.783px;\">Unterst\u00fctzung THW in Kusel<\/td>\n<\/tr>\n<tr>\n<td style=\"width: 42.3167px;\">6<\/td>\n<td style=\"width: 81.9px; text-align: left;\">21.01.2021<\/td>\n<td style=\"width: 338.783px;\">Absichern einer Gefahrenstelle in Kusel<\/td>\n<\/tr>\n<tr>\n<td style=\"width: 42.3167px;\">5<\/td>\n<td style=\"width: 81.9px; text-align: left;\">14.01.2021<\/td>\n<td style=\"width: 338.783px;\">Notfallt\u00fcr\u00f6ffnung in Niederstaufenbach<\/td>\n<\/tr>\n<tr>\n<td style=\"width: 42.3167px;\">4<\/td>\n<td style=\"width: 81.9px; text-align: left;\">11.01.2021<\/td>\n<td style=\"width: 338.783px;\">Einsatz F\u00fchrungsstaffel in Kusel<\/td>\n<\/tr>\n<tr>\n<td style=\"width: 42.3167px;\">3<\/td>\n<td style=\"width: 81.9px; text-align: left;\">11.01.2021<\/td>\n<td style=\"width: 338.783px;\">Verkehrsunfall zwischen Neunkirchen und Gimsbach<\/td>\n<\/tr>\n<tr>\n<td style=\"width: 42.3167px;\">2<\/td>\n<td style=\"width: 81.9px; text-align: left;\">04.01.2021<\/td>\n<td style=\"width: 338.783px;\">Kaminbrand in Altenglan<\/td>\n<\/tr>\n<tr>\n<td style=\"width: 42.3167px;\">1<\/td>\n<td style=\"width: 81.9px; text-align: left;\">02.01.2021<\/td>\n<td style=\"width: 338.783px;\">Notfallt\u00fcr\u00f6ffnung in Bosenbach<\/td>\n<\/tr>\n<\/tbody>\n<\/table>\n<p>[\/et_pb_text][\/et_pb_column][et_pb_column type=&#8220;1_3&#8243; _builder_version=&#8220;4.27.4&#8243; _module_preset=&#8220;default&#8220; background_color=&#8220;#f5f5f5&#8243; custom_padding=&#8220;3em|3em|3em|3em|true|true&#8220; border_radii=&#8220;on|15px|15px|15px|15px&#8220; global_colors_info=&#8220;{}&#8220; theme_builder_area=&#8220;post_content&#8220;][et_pb_blurb title=&#8220;N\u00e4chste Termine&#8220; _builder_version=&#8220;4.27.4&#8243; _module_preset=&#8220;default&#8220; header_font=&#8220;|600|||||||&#8220; header_text_align=&#8220;center&#8220; header_line_height=&#8220;2em&#8220; body_line_height=&#8220;1em&#8220; custom_padding=&#8220;1em|1em|1em|1em|true|true&#8220; border_width_all=&#8220;2px&#8220; border_color_all=&#8220;#dbdbdb&#8220; global_colors_info=&#8220;{}&#8220; theme_builder_area=&#8220;post_content&#8220;]\n<section class=\" ics-calendar layout-basic stickymonths\" id=\"r69f2e4f02e03ce6\" style=\"opacity: 1;\">\n\n\t\t\t<article class=\"ics-calendar-basic-wrapper\">\n\n\t\t\t\n\t\t\t<ul class=\"events r34ics-basic-events\">\n\t\t\t\t\t\t\t\t\t\n\t\t\t\t\t\t\t\t\t\t<li class=\"event t190000\" data-dow=\"4\" data-wknum=\"18\" data-rel2today=\"today\" data-feed-key=\"0\">\n\t\t\t\t\t\t\t\t\t\t\t<div class=\"date\"><span data-date-format=\"l\">Donnerstag<\/span> <span data-date-format=\"j\">30<\/span> <span data-date-format=\"F\">April<\/span><\/div>\n\n\t\t\t\t\t\t\t\t\t\t\t<div class=\"event-info\">\n\t\t\t\t\t\t\t\t\t\t\t\t\t\t\t\t\t\t\t\t\t\t\t\t\t<div class=\"time\">\n\t\t\t\t\t\t\t\t\t\t\t\t\t\t<span class=\"start_time\">19:00<\/span>\n\t\t\t\t\t\t\t\t\t\t\t\t\t\t\t\t\t\t\t\t\t\t\t\t\t\t\t\t\t<span class=\"end_time\">&#8211; 21:00<\/span>\n\t\t\t\t\t\t\t\t\t\t\t\t\t\t\t\t\t\t\t\t\t\t\t\t\t\t\t\t<\/div>\n\t\t\t\t\t\t\t\t\t\t\t\t\t<div class=\"title\">\u00dcbung<\/div>\t\t\t\t\t\t\t\t\t\t\t<\/div>\n\t\t\t\t\t\t\t\t\t\t\n\t\t\t\t\t\t\t\t\t\t<\/li>\n\n\t\t\t\t\t\t\t\t\t\t\t\t\t\t\t\n\t\t\t\t\t\t\t\t\t\t<li class=\"event t190000\" data-dow=\"4\" data-wknum=\"19\" data-rel2today=\"future\" data-feed-key=\"0\">\n\t\t\t\t\t\t\t\t\t\t\t<div class=\"date\"><span data-date-format=\"l\">Donnerstag<\/span> <span data-date-format=\"j\">7<\/span> <span data-date-format=\"F\">Mai<\/span><\/div>\n\n\t\t\t\t\t\t\t\t\t\t\t<div class=\"event-info\">\n\t\t\t\t\t\t\t\t\t\t\t\t\t\t\t\t\t\t\t\t\t\t\t\t\t<div class=\"time\">\n\t\t\t\t\t\t\t\t\t\t\t\t\t\t<span class=\"start_time\">19:00<\/span>\n\t\t\t\t\t\t\t\t\t\t\t\t\t\t\t\t\t\t\t\t\t\t\t\t\t\t\t\t\t<span class=\"end_time\">&#8211; 21:00<\/span>\n\t\t\t\t\t\t\t\t\t\t\t\t\t\t\t\t\t\t\t\t\t\t\t\t\t\t\t\t<\/div>\n\t\t\t\t\t\t\t\t\t\t\t\t\t<div class=\"title\">\u00dcbung<\/div>\t\t\t\t\t\t\t\t\t\t\t<\/div>\n\t\t\t\t\t\t\t\t\t\t\n\t\t\t\t\t\t\t\t\t\t<\/li>\n\n\t\t\t\t\t\t\t\t\t\t\t\t\t<\/ul>\n\t\t<\/article>\n\n\t\t\n<\/section>\n[\/et_pb_blurb][et_pb_blurb title=&#8220;Katwarn&#8220; _builder_version=&#8220;4.27.4&#8243; _module_preset=&#8220;default&#8220; header_font=&#8220;|600|||||||&#8220; header_text_align=&#8220;center&#8220; header_line_height=&#8220;2em&#8220; body_line_height=&#8220;1em&#8220; custom_padding=&#8220;1em|1em|1em|1em|true|true&#8220; border_width_all=&#8220;2px&#8220; border_color_all=&#8220;#dbdbdb&#8220; global_colors_info=&#8220;{}&#8220; theme_builder_area=&#8220;post_content&#8220;]<a href=\"https:\/\/warnungen.katwarn.de\/\" target=\"_blank\" rel=\"noopener noreferrer\"><img decoding=\"async\" style=\"display: block; margin-left: auto; margin-right: auto;\" src=\"https:\/\/warnungen.katwarn.de\/widget\/kus_box.png\" alt=\"Katwarn Warnungen\" \/><\/a>[\/et_pb_blurb][et_pb_blurb title=&#8220;Wetterwarnungen&#8220; _builder_version=&#8220;4.27.4&#8243; _module_preset=&#8220;default&#8220; header_font=&#8220;|600|||||||&#8220; header_text_align=&#8220;center&#8220; header_line_height=&#8220;2em&#8220; body_line_height=&#8220;1em&#8220; custom_padding=&#8220;1em|1em|1em|1em|true|true&#8220; border_width_all=&#8220;2px&#8220; border_color_all=&#8220;#dbdbdb&#8220; global_colors_info=&#8220;{}&#8220; theme_builder_area=&#8220;post_content&#8220;]<\/p>\n<p><img decoding=\"async\" src=\"https:\/\/www.dwd.de\/DWD\/warnungen\/warnapp_gemeinden\/json\/warnungen_gemeinde_map_rps.png\" \/><\/p>\n<p>[\/et_pb_blurb][\/et_pb_column][\/et_pb_row][\/et_pb_section]<\/p>\n","protected":false},"excerpt":{"rendered":"<p>Lfd. Nr. Datum Einsatz 108 26.12.2021 Auslaufende Betriebsstoffe nach Verkehrsunfall zwischen Altenglan und Welchweiler 107 15.12.2021 Notfallt\u00fcr\u00f6ffnung in Rammelsbach 106 09.12.2021 Verkehrsunfall Person klemmt zwischen Altenglan und Welchweiler 105 07.12.2021 Verkehrsunfall zwischen Horschbach und Hinzweiler 104 03.12.2021 Verkehrsunfall in Erdesbach 103 23.11.2021 Rauchentwicklung aus Geb\u00e4ude in Altenglan 102 21.11.2021 Notfallt\u00fcr\u00f6ffnung in Altenglan 101 20.11.2021 Rauchentwicklung [&hellip;]<\/p>\n","protected":false},"author":1,"featured_media":0,"parent":0,"menu_order":0,"comment_status":"closed","ping_status":"closed","template":"","meta":{"_et_pb_use_builder":"on","_et_pb_old_content":"<!-- wp:divi\/placeholder \/-->","_et_gb_content_width":"","footnotes":""},"class_list":["post-1445","page","type-page","status-publish","hentry"],"_links":{"self":[{"href":"https:\/\/www.feuerwehr-altenglan.de\/index.php?rest_route=\/wp\/v2\/pages\/1445","targetHints":{"allow":["GET"]}}],"collection":[{"href":"https:\/\/www.feuerwehr-altenglan.de\/index.php?rest_route=\/wp\/v2\/pages"}],"about":[{"href":"https:\/\/www.feuerwehr-altenglan.de\/index.php?rest_route=\/wp\/v2\/types\/page"}],"author":[{"embeddable":true,"href":"https:\/\/www.feuerwehr-altenglan.de\/index.php?rest_route=\/wp\/v2\/users\/1"}],"replies":[{"embeddable":true,"href":"https:\/\/www.feuerwehr-altenglan.de\/index.php?rest_route=%2Fwp%2Fv2%2Fcomments&post=1445"}],"version-history":[{"count":3,"href":"https:\/\/www.feuerwehr-altenglan.de\/index.php?rest_route=\/wp\/v2\/pages\/1445\/revisions"}],"predecessor-version":[{"id":1549,"href":"https:\/\/www.feuerwehr-altenglan.de\/index.php?rest_route=\/wp\/v2\/pages\/1445\/revisions\/1549"}],"wp:attachment":[{"href":"https:\/\/www.feuerwehr-altenglan.de\/index.php?rest_route=%2Fwp%2Fv2%2Fmedia&parent=1445"}],"curies":[{"name":"wp","href":"https:\/\/api.w.org\/{rel}","templated":true}]}}