{"id":1425,"date":"2025-01-19T13:48:36","date_gmt":"2025-01-19T12:48:36","guid":{"rendered":"https:\/\/www.feuerwehr-altenglan.de\/?page_id=1425"},"modified":"2025-01-20T09:15:12","modified_gmt":"2025-01-20T08:15:12","slug":"einsaetze-2018","status":"publish","type":"page","link":"https:\/\/www.feuerwehr-altenglan.de\/?page_id=1425","title":{"rendered":"Eins\u00e4tze 2018"},"content":{"rendered":"<p>[et_pb_section fb_built=&#8220;1&#8243; _builder_version=&#8220;4.27.4&#8243; _module_preset=&#8220;default&#8220; custom_padding=&#8220;0px||0px||true|false&#8220; global_colors_info=&#8220;{}&#8220; theme_builder_area=&#8220;post_content&#8220;][et_pb_row column_structure=&#8220;2_3,1_3&#8243; _builder_version=&#8220;4.27.4&#8243; _module_preset=&#8220;default&#8220; width=&#8220;100%&#8220; max_width=&#8220;80%&#8220; module_alignment=&#8220;center&#8220; global_colors_info=&#8220;{}&#8220; theme_builder_area=&#8220;post_content&#8220;][et_pb_column type=&#8220;2_3&#8243; _builder_version=&#8220;4.27.4&#8243; _module_preset=&#8220;default&#8220; background_color=&#8220;#f5f5f5&#8243; custom_padding=&#8220;3em|3em|3em|3em|true|true&#8220; border_radii=&#8220;on|15px|15px|15px|15px&#8220; global_colors_info=&#8220;{}&#8220; theme_builder_area=&#8220;post_content&#8220;][et_pb_heading title=&#8220;Eins\u00e4tze im Jahr 2018&#8243; _builder_version=&#8220;4.27.4&#8243; _module_preset=&#8220;default&#8220; title_text_align=&#8220;center&#8220; hover_enabled=&#8220;0&#8243; global_colors_info=&#8220;{}&#8220; theme_builder_area=&#8220;post_content&#8220; sticky_enabled=&#8220;0&#8243;][\/et_pb_heading][et_pb_text module_class=&#8220;einsaetze-tabelle&#8220; _builder_version=&#8220;4.27.4&#8243; _module_preset=&#8220;default&#8220; text_font_size=&#8220;16px&#8220; hover_enabled=&#8220;0&#8243; global_colors_info=&#8220;{}&#8220; theme_builder_area=&#8220;post_content&#8220; sticky_enabled=&#8220;0&#8243;]<\/p>\n<table>\n<thead>\n<tr>\n<th>Lfd. Nr.<\/th>\n<th>Datum<\/th>\n<th>Einsatz<\/th>\n<\/tr>\n<\/thead>\n<tbody>\n<tr>\n<td style=\"width: 30.75px;\">114<\/td>\n<td style=\"width: 85.7833px;\">28.12.2018<\/td>\n<td style=\"width: 537.467px;\">H2 PKW in B\u00f6schung L367 i.R. Friedelhausen<\/td>\n<\/tr>\n<tr>\n<td style=\"width: 30.75px;\">113<\/td>\n<td style=\"width: 85.7833px;\">17.12.2018<\/td>\n<td style=\"width: 537.467px;\">Verkehrsunfall B420 i.R. Erdesbach<\/td>\n<\/tr>\n<tr>\n<td style=\"width: 30.75px;\">112<\/td>\n<td style=\"width: 85.7833px;\">15.12.2018<\/td>\n<td style=\"width: 537.467px;\">G1 Grundstufe in M\u00fchlbach<\/td>\n<\/tr>\n<tr>\n<td style=\"width: 30.75px;\">111<\/td>\n<td style=\"width: 85.7833px;\">09.12.2018<\/td>\n<td style=\"width: 537.467px;\">H1 Absicherung in Altenglan<\/td>\n<\/tr>\n<tr>\n<td style=\"width: 30.75px;\">110<\/td>\n<td style=\"width: 85.7833px;\">03.12.2018<\/td>\n<td style=\"width: 537.467px;\">Wohnwagenbrand in M\u00fchlbach<\/td>\n<\/tr>\n<tr>\n<td style=\"width: 30.75px;\">109<\/td>\n<td style=\"width: 85.7833px;\">24.11.2018<\/td>\n<td style=\"width: 537.467px;\">IuK F\u00fchrungsunterst\u00fctzung bei Stromausfall in der VG Kusel-Altenglan<\/td>\n<\/tr>\n<tr>\n<td style=\"width: 30.75px;\">108<\/td>\n<td style=\"width: 85.7833px;\">26.10.2018<\/td>\n<td style=\"width: 537.467px;\">Verkehrsunfall in Erdesbach<\/td>\n<\/tr>\n<tr>\n<td style=\"width: 30.75px;\">107<\/td>\n<td style=\"width: 85.7833px;\">06.10.2018<\/td>\n<td style=\"width: 537.467px;\">B3 Geb\u00e4udebrand in Schellweiler<\/td>\n<\/tr>\n<tr>\n<td style=\"width: 30.75px;\">106<\/td>\n<td style=\"width: 85.7833px;\">30.09.2018<\/td>\n<td style=\"width: 537.467px;\">Brandnachschau in Oberstaufenbach<\/td>\n<\/tr>\n<tr>\n<td style=\"width: 30.75px;\">105<\/td>\n<td style=\"width: 85.7833px;\">24.09.2018<\/td>\n<td style=\"width: 537.467px;\">Brennender Stromverteiler in Altenglan<\/td>\n<\/tr>\n<tr>\n<td style=\"width: 30.75px;\">104<\/td>\n<td style=\"width: 85.7833px;\">21.09.2018<\/td>\n<td style=\"width: 537.467px;\">Tragehilfe f\u00fcr den Rettungsdienst in M\u00fchlbach<\/td>\n<\/tr>\n<tr>\n<td style=\"width: 30.75px;\">103<\/td>\n<td style=\"width: 85.7833px;\">10.09.2018<\/td>\n<td style=\"width: 537.467px;\">Personensuche in Bedesbach<\/td>\n<\/tr>\n<tr>\n<td style=\"width: 30.75px;\">102<\/td>\n<td style=\"width: 85.7833px;\">07.09.2018<\/td>\n<td style=\"width: 537.467px;\">Verkehrsunfall B420 i.R. Altenglam<\/td>\n<\/tr>\n<tr>\n<td style=\"width: 30.75px;\">101<\/td>\n<td style=\"width: 85.7833px;\">04.09.2018<\/td>\n<td style=\"width: 537.467px;\">H2 Grundstufe K34 i.R. F\u00f6ckelberg<\/td>\n<\/tr>\n<tr>\n<td style=\"width: 30.75px;\">100<\/td>\n<td style=\"width: 85.7833px;\">11.08.2018<\/td>\n<td style=\"width: 537.467px;\">T\u00fcr\u00f6ffnung dringend in Bedesbach<\/td>\n<\/tr>\n<tr>\n<td style=\"width: 30.75px;\">99<\/td>\n<td style=\"width: 85.7833px;\">10.08.2018<\/td>\n<td style=\"width: 537.467px;\">IuK F\u00fchrungsunterst\u00fctzung LNA\/OrgL in Wolfstein<\/td>\n<\/tr>\n<tr>\n<td style=\"width: 30.75px;\">98<\/td>\n<td style=\"width: 85.7833px;\">07.08.2018<\/td>\n<td style=\"width: 537.467px;\">Fl\u00e4chenbrand K36 Bedesbach i.R. Welchweiler<\/td>\n<\/tr>\n<tr>\n<td style=\"width: 30.75px;\">97<\/td>\n<td style=\"width: 85.7833px;\">06.08.2018<\/td>\n<td style=\"width: 537.467px;\">Tierrettung in Bedesbach<\/td>\n<\/tr>\n<tr>\n<td style=\"width: 30.75px;\">96<\/td>\n<td style=\"width: 85.7833px;\">02.08.2018<\/td>\n<td style=\"width: 537.467px;\">Tragehilfe f\u00fcr den Rettungsdienst in Rammelsbach<\/td>\n<\/tr>\n<tr>\n<td style=\"width: 30.75px;\">95<\/td>\n<td style=\"width: 85.7833px;\">27.07.2018<\/td>\n<td style=\"width: 537.467px;\">Gro\u00dffl\u00e4chiger Stromausfall in Altenglan<\/td>\n<\/tr>\n<tr>\n<td style=\"width: 30.75px;\">94<\/td>\n<td style=\"width: 85.7833px;\">26.07.2018<\/td>\n<td style=\"width: 537.467px;\">Tier in Notlage in Oberstaufenbach<\/td>\n<\/tr>\n<tr>\n<td style=\"width: 30.75px;\">93<\/td>\n<td style=\"width: 85.7833px;\">21.07.2018<\/td>\n<td style=\"width: 537.467px;\">Umgest\u00fcrzter Baum L370 Bosenbach i.R. Friedelhausen<\/td>\n<\/tr>\n<tr>\n<td style=\"width: 30.75px;\">92<\/td>\n<td style=\"width: 85.7833px;\">16.07.2018<\/td>\n<td style=\"width: 537.467px;\">T\u00fcr\u00f6ffnung dringend in Altenglan<\/td>\n<\/tr>\n<tr>\n<td style=\"width: 30.75px;\">91<\/td>\n<td style=\"width: 85.7833px;\">12.07.2018<\/td>\n<td style=\"width: 537.467px;\">Tragehilfe f\u00fcr den Rettungsdienst in M\u00fchlbach<\/td>\n<\/tr>\n<tr>\n<td style=\"width: 30.75px;\">90<\/td>\n<td style=\"width: 85.7833px;\">21.06.2018<\/td>\n<td style=\"width: 537.467px;\">B2 Ausgel\u00f6ster Rauchmelder in Wohngeb\u00e4ude<\/td>\n<\/tr>\n<tr>\n<td style=\"width: 30.75px;\">89<\/td>\n<td style=\"width: 85.7833px;\">20.06.2018<\/td>\n<td style=\"width: 537.467px;\">H3 Verkehrsunfall LKW gegen Hauswand in Rutsweiler am Glan<\/td>\n<\/tr>\n<tr>\n<td style=\"width: 30.75px;\">88-<\/p>\n<p>40<\/td>\n<td style=\"width: 85.7833px;\">11.06.2018<\/td>\n<td style=\"width: 537.467px;\">Mehrere Unwettereins\u00e4tze in Altenglan und Umgebung<\/td>\n<\/tr>\n<tr>\n<td style=\"width: 30.75px;\">39<\/td>\n<td style=\"width: 85.7833px;\">09.06.2018<\/td>\n<td style=\"width: 537.467px;\">Gro\u00dfbrand in Konken<\/td>\n<\/tr>\n<tr>\n<td style=\"width: 30.75px;\">38<\/td>\n<td style=\"width: 85.7833px;\">09.06.2018<\/td>\n<td style=\"width: 537.467px;\">Umgest\u00fcrzter Baum In Friedelhausen<\/td>\n<\/tr>\n<tr>\n<td style=\"width: 30.75px;\">37<\/td>\n<td style=\"width: 85.7833px;\">07.06.2018<\/td>\n<td style=\"width: 537.467px;\">Gro\u00dfbrand in Lauterecken<\/td>\n<\/tr>\n<tr>\n<td style=\"width: 30.75px;\">36<\/td>\n<td style=\"width: 85.7833px;\">01.06.2018<\/td>\n<td style=\"width: 537.467px;\">Umgest\u00fcrzter Baum in M\u00fchlbach<\/td>\n<\/tr>\n<tr>\n<td style=\"width: 30.75px;\">35<\/td>\n<td style=\"width: 85.7833px;\">31.05.2018<\/td>\n<td style=\"width: 537.467px;\">H1 Wassernotstand in Rammelsbach<\/td>\n<\/tr>\n<tr>\n<td style=\"width: 30.75px;\">34<\/td>\n<td style=\"width: 85.7833px;\">29.05.2018<\/td>\n<td style=\"width: 537.467px;\">T\u00fcr\u00f6ffnung dringend in Altenglan<\/td>\n<\/tr>\n<tr>\n<td style=\"width: 30.75px;\">33<\/td>\n<td style=\"width: 85.7833px;\">21.05.2018<\/td>\n<td style=\"width: 537.467px;\">Rauchentwicklung in Altenglan<\/td>\n<\/tr>\n<tr>\n<td style=\"width: 30.75px;\">32<\/td>\n<td style=\"width: 85.7833px;\">20.05.2018<\/td>\n<td style=\"width: 537.467px;\">Kaminbrand in Elzweiler<\/td>\n<\/tr>\n<tr>\n<td style=\"width: 30.75px;\">31<\/td>\n<td style=\"width: 85.7833px;\">17.05.2018<\/td>\n<td style=\"width: 537.467px;\">Rauchentwicklung aus Geb\u00e4ude in Altenglan<\/td>\n<\/tr>\n<tr>\n<td style=\"width: 30.75px;\">30<\/td>\n<td style=\"width: 85.7833px;\">15.05.2018<\/td>\n<td style=\"width: 537.467px;\">Umgest\u00fcrzter Baum L368 i.R. Welchweiler<\/td>\n<\/tr>\n<tr>\n<td style=\"width: 30.75px;\">29<\/td>\n<td style=\"width: 85.7833px;\">30.04.2018<\/td>\n<td style=\"width: 537.467px;\">T\u00fcr\u00f6ffnung dringend in Elzweiler<\/td>\n<\/tr>\n<tr>\n<td style=\"width: 30.75px;\">28<\/td>\n<td style=\"width: 85.7833px;\">27.04.2018<\/td>\n<td style=\"width: 537.467px;\">Brand im Haus im Glantal in Altenglan<\/td>\n<\/tr>\n<tr>\n<td style=\"width: 30.75px;\">27<\/td>\n<td style=\"width: 85.7833px;\">08.04.2018<\/td>\n<td style=\"width: 537.467px;\">Fehlalarm &#8211; Feuerschein in Altenglan<\/td>\n<\/tr>\n<tr>\n<td style=\"width: 30.75px;\">26<\/td>\n<td style=\"width: 85.7833px;\">07.04.2018<\/td>\n<td style=\"width: 537.467px;\">B2 Kaminbrand in Altenglan<\/td>\n<\/tr>\n<tr>\n<td style=\"width: 30.75px;\">25<\/td>\n<td style=\"width: 85.7833px;\">06.04.2018<\/td>\n<td style=\"width: 537.467px;\">B1 Rauchentwicklung im Freien in Rammelsbach<\/td>\n<\/tr>\n<tr>\n<td style=\"width: 30.75px;\">24<\/td>\n<td style=\"width: 85.7833px;\">31.03.2018<\/td>\n<td style=\"width: 537.467px;\">H2 T\u00fcr \u00f6ffnen dringend in Neunkirchen a. P.<\/td>\n<\/tr>\n<tr>\n<td style=\"width: 30.75px;\">23<\/td>\n<td style=\"width: 85.7833px;\">28.03.2018<\/td>\n<td style=\"width: 537.467px;\">IuK F\u00fchrungsunterst\u00fctzung Feuerwehr Kusel<\/td>\n<\/tr>\n<tr>\n<td style=\"width: 30.75px;\">22<\/td>\n<td style=\"width: 85.7833px;\">28.03.2018<\/td>\n<td style=\"width: 537.467px;\">H2 T\u00fcr\u00f6ffnung dringend in Altenglan<\/td>\n<\/tr>\n<tr>\n<td style=\"width: 30.75px;\">21<\/td>\n<td style=\"width: 85.7833px;\">27.03.2018<\/td>\n<td style=\"width: 537.467px;\">Auslaufender Dieselkraftstoff aus verunfalltem Anh\u00e4nger<\/td>\n<\/tr>\n<tr>\n<td style=\"width: 30.75px;\">20<\/td>\n<td style=\"width: 85.7833px;\">27.03.2018<\/td>\n<td style=\"width: 537.467px;\">GSZ Ger\u00e4tetechnik &#8211; Auslaufender Dieselkraftstoff<\/td>\n<\/tr>\n<tr>\n<td style=\"width: 30.75px;\">19<\/td>\n<td style=\"width: 85.7833px;\">26.03.2018<\/td>\n<td style=\"width: 537.467px;\">Verkehrsunfall gro\u00df K31 Schneeweiderhof i.R. Horschbach<\/td>\n<\/tr>\n<tr>\n<td style=\"width: 30.75px;\">18<\/td>\n<td style=\"width: 85.7833px;\">18.03.2018<\/td>\n<td style=\"width: 537.467px;\">Verkehrsunfall Rathsweiler i.R. Baumholder<\/td>\n<\/tr>\n<tr>\n<td style=\"width: 30.75px;\">17<\/td>\n<td style=\"width: 85.7833px;\">06.03.2018<\/td>\n<td style=\"width: 537.467px;\">T\u00fcr \u00f6ffnen dringend in M\u00fchlbach<\/td>\n<\/tr>\n<tr>\n<td style=\"width: 30.75px;\">16<\/td>\n<td style=\"width: 85.7833px;\">04.03.2018<\/td>\n<td style=\"width: 537.467px;\">B1 Kleinbrand in Neunkirchen<\/td>\n<\/tr>\n<tr>\n<td style=\"width: 30.75px;\">15<\/td>\n<td style=\"width: 85.7833px;\">26.02.2018<\/td>\n<td style=\"width: 537.467px;\">Rauchentwicklung in Niederalben<\/td>\n<\/tr>\n<tr>\n<td style=\"width: 30.75px;\">14<\/td>\n<td style=\"width: 85.7833px;\">18.02.2018<\/td>\n<td style=\"width: 537.467px;\">Tragehilfe f\u00fcr den Rettungsdienst in Patersbach<\/td>\n<\/tr>\n<tr>\n<td style=\"width: 30.75px;\">13<\/td>\n<td style=\"width: 85.7833px;\">15.02.2018<\/td>\n<td style=\"width: 537.467px;\">B3 Geb\u00e4udebrand in Altenglan<\/td>\n<\/tr>\n<tr>\n<td style=\"width: 30.75px;\">12<\/td>\n<td style=\"width: 85.7833px;\">14.02.2018<\/td>\n<td style=\"width: 537.467px;\">Fehlalarm &#8211; Rauchentwicklung in Altenglan<\/td>\n<\/tr>\n<tr>\n<td style=\"width: 30.75px;\">11<\/td>\n<td style=\"width: 85.7833px;\">09.02.2018<\/td>\n<td style=\"width: 537.467px;\">B2 Kaminbrand in Altenglan<\/td>\n<\/tr>\n<tr>\n<td style=\"width: 30.75px;\">10<\/td>\n<td style=\"width: 85.7833px;\">03.02.2018<\/td>\n<td style=\"width: 537.467px;\">Amtshilfe f\u00fcr die Polizei in Niederstaufenbach<\/td>\n<\/tr>\n<tr>\n<td style=\"width: 30.75px;\">9<\/td>\n<td style=\"width: 85.7833px;\">03.02.2018<\/td>\n<td style=\"width: 537.467px;\">IuK F\u00fchrungsunterst\u00fctzung LNA \/ OrgL bei VU<\/td>\n<\/tr>\n<tr>\n<td style=\"width: 30.75px;\">8<\/td>\n<td style=\"width: 85.7833px;\">31.01.2018<\/td>\n<td style=\"width: 537.467px;\">Tragehilfe f\u00fcr den Rettungsdienst<\/td>\n<\/tr>\n<tr>\n<td style=\"width: 30.75px;\">7<\/td>\n<td style=\"width: 85.7833px;\">22.01.2018<\/td>\n<td style=\"width: 537.467px;\">Fehlalarm &#8211; B2 Fl\u00e4chenbrand in Rammelsbach<\/td>\n<\/tr>\n<tr>\n<td style=\"width: 30.75px;\">6<\/td>\n<td style=\"width: 85.7833px;\">21.01.2018<\/td>\n<td style=\"width: 537.467px;\">Umgest\u00fcrzter Baum in Welchweiler<\/td>\n<\/tr>\n<tr>\n<td style=\"width: 30.75px;\">5<\/td>\n<td style=\"width: 85.7833px;\">05.01.2018<\/td>\n<td style=\"width: 537.467px;\">Hochwassereinsatz in Altenglan<\/td>\n<\/tr>\n<tr>\n<td style=\"width: 30.75px;\">4<\/td>\n<td style=\"width: 85.7833px;\">04.01.2018<\/td>\n<td style=\"width: 537.467px;\">Besetzen der FEZ aufgrund einer Hochwasserlage<\/td>\n<\/tr>\n<tr>\n<td style=\"width: 30.75px;\">3<\/td>\n<td style=\"width: 85.7833px;\">03.01.2018<\/td>\n<td style=\"width: 537.467px;\">Baum auf Stra\u00dfe L367 Altenglan i.R. Friedelhausen<\/td>\n<\/tr>\n<tr>\n<td style=\"width: 30.75px;\">2<\/td>\n<td style=\"width: 85.7833px;\">03.01.2018<\/td>\n<td style=\"width: 537.467px;\">H2 Verkehrsunfall mit eingeklemmter Person L368 Altenglan i.R. Welchweiler<\/td>\n<\/tr>\n<tr>\n<td style=\"width: 30.75px;\">1<\/td>\n<td style=\"width: 85.7833px;\">03.01.2018<\/td>\n<td style=\"width: 537.467px;\">Umgest\u00fcrzter Baum B420 Patersbach i.R. Erdesbach<\/td>\n<\/tr>\n<\/tbody>\n<\/table>\n<p>[\/et_pb_text][\/et_pb_column][et_pb_column type=&#8220;1_3&#8243; _builder_version=&#8220;4.27.4&#8243; _module_preset=&#8220;default&#8220; background_color=&#8220;#f5f5f5&#8243; custom_padding=&#8220;3em|3em|3em|3em|true|true&#8220; border_radii=&#8220;on|15px|15px|15px|15px&#8220; global_colors_info=&#8220;{}&#8220; theme_builder_area=&#8220;post_content&#8220;][et_pb_blurb title=&#8220;N\u00e4chste Termine&#8220; _builder_version=&#8220;4.27.4&#8243; _module_preset=&#8220;default&#8220; header_font=&#8220;|600|||||||&#8220; header_text_align=&#8220;center&#8220; header_line_height=&#8220;2em&#8220; body_line_height=&#8220;1em&#8220; custom_padding=&#8220;1em|1em|1em|1em|true|true&#8220; border_width_all=&#8220;2px&#8220; border_color_all=&#8220;#dbdbdb&#8220; global_colors_info=&#8220;{}&#8220; theme_builder_area=&#8220;post_content&#8220;]\n<section class=\" ics-calendar layout-basic stickymonths\" id=\"r69f2e4f02e03ce6\" style=\"opacity: 1;\">\n\n\t\t\t<article class=\"ics-calendar-basic-wrapper\">\n\n\t\t\t\n\t\t\t<ul class=\"events r34ics-basic-events\">\n\t\t\t\t\t\t\t\t\t\n\t\t\t\t\t\t\t\t\t\t<li class=\"event t190000\" data-dow=\"4\" data-wknum=\"18\" data-rel2today=\"today\" data-feed-key=\"0\">\n\t\t\t\t\t\t\t\t\t\t\t<div class=\"date\"><span data-date-format=\"l\">Donnerstag<\/span> <span data-date-format=\"j\">30<\/span> <span data-date-format=\"F\">April<\/span><\/div>\n\n\t\t\t\t\t\t\t\t\t\t\t<div class=\"event-info\">\n\t\t\t\t\t\t\t\t\t\t\t\t\t\t\t\t\t\t\t\t\t\t\t\t\t<div class=\"time\">\n\t\t\t\t\t\t\t\t\t\t\t\t\t\t<span class=\"start_time\">19:00<\/span>\n\t\t\t\t\t\t\t\t\t\t\t\t\t\t\t\t\t\t\t\t\t\t\t\t\t\t\t\t\t<span class=\"end_time\">&#8211; 21:00<\/span>\n\t\t\t\t\t\t\t\t\t\t\t\t\t\t\t\t\t\t\t\t\t\t\t\t\t\t\t\t<\/div>\n\t\t\t\t\t\t\t\t\t\t\t\t\t<div class=\"title\">\u00dcbung<\/div>\t\t\t\t\t\t\t\t\t\t\t<\/div>\n\t\t\t\t\t\t\t\t\t\t\n\t\t\t\t\t\t\t\t\t\t<\/li>\n\n\t\t\t\t\t\t\t\t\t\t\t\t\t\t\t\n\t\t\t\t\t\t\t\t\t\t<li class=\"event t190000\" data-dow=\"4\" data-wknum=\"19\" data-rel2today=\"future\" data-feed-key=\"0\">\n\t\t\t\t\t\t\t\t\t\t\t<div class=\"date\"><span data-date-format=\"l\">Donnerstag<\/span> <span data-date-format=\"j\">7<\/span> <span data-date-format=\"F\">Mai<\/span><\/div>\n\n\t\t\t\t\t\t\t\t\t\t\t<div class=\"event-info\">\n\t\t\t\t\t\t\t\t\t\t\t\t\t\t\t\t\t\t\t\t\t\t\t\t\t<div class=\"time\">\n\t\t\t\t\t\t\t\t\t\t\t\t\t\t<span class=\"start_time\">19:00<\/span>\n\t\t\t\t\t\t\t\t\t\t\t\t\t\t\t\t\t\t\t\t\t\t\t\t\t\t\t\t\t<span class=\"end_time\">&#8211; 21:00<\/span>\n\t\t\t\t\t\t\t\t\t\t\t\t\t\t\t\t\t\t\t\t\t\t\t\t\t\t\t\t<\/div>\n\t\t\t\t\t\t\t\t\t\t\t\t\t<div class=\"title\">\u00dcbung<\/div>\t\t\t\t\t\t\t\t\t\t\t<\/div>\n\t\t\t\t\t\t\t\t\t\t\n\t\t\t\t\t\t\t\t\t\t<\/li>\n\n\t\t\t\t\t\t\t\t\t\t\t\t\t<\/ul>\n\t\t<\/article>\n\n\t\t\n<\/section>\n[\/et_pb_blurb][et_pb_blurb title=&#8220;Katwarn&#8220; _builder_version=&#8220;4.27.4&#8243; _module_preset=&#8220;default&#8220; header_font=&#8220;|600|||||||&#8220; header_text_align=&#8220;center&#8220; header_line_height=&#8220;2em&#8220; body_line_height=&#8220;1em&#8220; custom_padding=&#8220;1em|1em|1em|1em|true|true&#8220; border_width_all=&#8220;2px&#8220; border_color_all=&#8220;#dbdbdb&#8220; global_colors_info=&#8220;{}&#8220; theme_builder_area=&#8220;post_content&#8220;]<a href=\"https:\/\/warnungen.katwarn.de\/\" target=\"_blank\" rel=\"noopener noreferrer\"><img decoding=\"async\" style=\"display: block; margin-left: auto; margin-right: auto;\" src=\"https:\/\/warnungen.katwarn.de\/widget\/kus_box.png\" alt=\"Katwarn Warnungen\" \/><\/a>[\/et_pb_blurb][et_pb_blurb title=&#8220;Wetterwarnungen&#8220; _builder_version=&#8220;4.27.4&#8243; _module_preset=&#8220;default&#8220; header_font=&#8220;|600|||||||&#8220; header_text_align=&#8220;center&#8220; header_line_height=&#8220;2em&#8220; body_line_height=&#8220;1em&#8220; custom_padding=&#8220;1em|1em|1em|1em|true|true&#8220; border_width_all=&#8220;2px&#8220; border_color_all=&#8220;#dbdbdb&#8220; global_colors_info=&#8220;{}&#8220; theme_builder_area=&#8220;post_content&#8220;]<\/p>\n<p><img decoding=\"async\" src=\"https:\/\/www.dwd.de\/DWD\/warnungen\/warnapp_gemeinden\/json\/warnungen_gemeinde_map_rps.png\" \/><\/p>\n<p>[\/et_pb_blurb][\/et_pb_column][\/et_pb_row][\/et_pb_section]<\/p>\n","protected":false},"excerpt":{"rendered":"<p>Lfd. Nr. Datum Einsatz 114 28.12.2018 H2 PKW in B\u00f6schung L367 i.R. Friedelhausen 113 17.12.2018 Verkehrsunfall B420 i.R. Erdesbach 112 15.12.2018 G1 Grundstufe in M\u00fchlbach 111 09.12.2018 H1 Absicherung in Altenglan 110 03.12.2018 Wohnwagenbrand in M\u00fchlbach 109 24.11.2018 IuK F\u00fchrungsunterst\u00fctzung bei Stromausfall in der VG Kusel-Altenglan 108 26.10.2018 Verkehrsunfall in Erdesbach 107 06.10.2018 B3 Geb\u00e4udebrand [&hellip;]<\/p>\n","protected":false},"author":1,"featured_media":0,"parent":0,"menu_order":0,"comment_status":"closed","ping_status":"closed","template":"","meta":{"_et_pb_use_builder":"on","_et_pb_old_content":"<!-- wp:divi\/placeholder \/-->","_et_gb_content_width":"","footnotes":""},"class_list":["post-1425","page","type-page","status-publish","hentry"],"_links":{"self":[{"href":"https:\/\/www.feuerwehr-altenglan.de\/index.php?rest_route=\/wp\/v2\/pages\/1425","targetHints":{"allow":["GET"]}}],"collection":[{"href":"https:\/\/www.feuerwehr-altenglan.de\/index.php?rest_route=\/wp\/v2\/pages"}],"about":[{"href":"https:\/\/www.feuerwehr-altenglan.de\/index.php?rest_route=\/wp\/v2\/types\/page"}],"author":[{"embeddable":true,"href":"https:\/\/www.feuerwehr-altenglan.de\/index.php?rest_route=\/wp\/v2\/users\/1"}],"replies":[{"embeddable":true,"href":"https:\/\/www.feuerwehr-altenglan.de\/index.php?rest_route=%2Fwp%2Fv2%2Fcomments&post=1425"}],"version-history":[{"count":3,"href":"https:\/\/www.feuerwehr-altenglan.de\/index.php?rest_route=\/wp\/v2\/pages\/1425\/revisions"}],"predecessor-version":[{"id":1542,"href":"https:\/\/www.feuerwehr-altenglan.de\/index.php?rest_route=\/wp\/v2\/pages\/1425\/revisions\/1542"}],"wp:attachment":[{"href":"https:\/\/www.feuerwehr-altenglan.de\/index.php?rest_route=%2Fwp%2Fv2%2Fmedia&parent=1425"}],"curies":[{"name":"wp","href":"https:\/\/api.w.org\/{rel}","templated":true}]}}