{"id":1423,"date":"2025-01-19T13:48:27","date_gmt":"2025-01-19T12:48:27","guid":{"rendered":"https:\/\/www.feuerwehr-altenglan.de\/?page_id=1423"},"modified":"2025-01-20T09:13:43","modified_gmt":"2025-01-20T08:13:43","slug":"einsaetze-2017","status":"publish","type":"page","link":"https:\/\/www.feuerwehr-altenglan.de\/?page_id=1423","title":{"rendered":"Eins\u00e4tze 2017"},"content":{"rendered":"<p>[et_pb_section fb_built=&#8220;1&#8243; _builder_version=&#8220;4.27.4&#8243; _module_preset=&#8220;default&#8220; custom_padding=&#8220;0px||0px||true|false&#8220; global_colors_info=&#8220;{}&#8220; theme_builder_area=&#8220;post_content&#8220;][et_pb_row column_structure=&#8220;2_3,1_3&#8243; _builder_version=&#8220;4.27.4&#8243; _module_preset=&#8220;default&#8220; width=&#8220;100%&#8220; max_width=&#8220;80%&#8220; module_alignment=&#8220;center&#8220; global_colors_info=&#8220;{}&#8220; theme_builder_area=&#8220;post_content&#8220;][et_pb_column type=&#8220;2_3&#8243; _builder_version=&#8220;4.27.4&#8243; _module_preset=&#8220;default&#8220; background_color=&#8220;#f5f5f5&#8243; custom_padding=&#8220;3em|3em|3em|3em|true|true&#8220; border_radii=&#8220;on|15px|15px|15px|15px&#8220; global_colors_info=&#8220;{}&#8220; theme_builder_area=&#8220;post_content&#8220;][et_pb_heading title=&#8220;Eins\u00e4tze im Jahr 2017&#8243; _builder_version=&#8220;4.27.4&#8243; _module_preset=&#8220;default&#8220; title_text_align=&#8220;center&#8220; hover_enabled=&#8220;0&#8243; global_colors_info=&#8220;{}&#8220; theme_builder_area=&#8220;post_content&#8220; sticky_enabled=&#8220;0&#8243;][\/et_pb_heading][et_pb_text module_class=&#8220;einsaetze-tabelle&#8220; _builder_version=&#8220;4.27.4&#8243; _module_preset=&#8220;default&#8220; text_font_size=&#8220;16px&#8220; hover_enabled=&#8220;0&#8243; global_colors_info=&#8220;{}&#8220; theme_builder_area=&#8220;post_content&#8220; sticky_enabled=&#8220;0&#8243;]<\/p>\n<table>\n<thead>\n<tr>\n<th>Lfd. Nr.<\/th>\n<th>Datum<\/th>\n<th>Einsatz<\/th>\n<\/tr>\n<\/thead>\n<tbody>\n<tr>\n<td style=\"width: 24.75px;\">76<\/td>\n<td style=\"width: 84.7333px;\">30.12.2017<\/td>\n<td style=\"width: 510.517px;\">Wassereinbruch in Niederstaufenbach<\/td>\n<\/tr>\n<tr>\n<td style=\"width: 24.75px;\">75<\/td>\n<td style=\"width: 84.7333px;\">29.12.2017<\/td>\n<td style=\"width: 510.517px;\">Tragehilfe f\u00fcr den Rettungsdienst in Altenglan<\/td>\n<\/tr>\n<tr>\n<td style=\"width: 24.75px;\">74<\/td>\n<td style=\"width: 84.7333px;\">25.12.2017<\/td>\n<td style=\"width: 510.517px;\">Umgest\u00fcrzter Baum in Niederalben<\/td>\n<\/tr>\n<tr>\n<td style=\"width: 24.75px;\">73<\/td>\n<td style=\"width: 84.7333px;\">13.12.2017<\/td>\n<td style=\"width: 510.517px;\">Verkehrsunfall K22 Ulmet i.R. Mayweilerhof<\/td>\n<\/tr>\n<tr>\n<td style=\"width: 24.75px;\">72<\/td>\n<td style=\"width: 84.7333px;\">11.12.2017<\/td>\n<td style=\"width: 510.517px;\">Verkehrsunfall zwischen Altenglan und M\u00fchlbach<\/td>\n<\/tr>\n<tr>\n<td style=\"width: 24.75px;\">71-<\/p>\n<p>67<\/td>\n<td style=\"width: 84.7333px;\">11.12.2017<\/td>\n<td style=\"width: 510.517px;\">Diverse Hochwassereins\u00e4tze in der Verbandsgemeinde Altenglan<\/td>\n<\/tr>\n<tr>\n<td style=\"width: 24.75px;\">66<\/td>\n<td style=\"width: 84.7333px;\">07.12.2017<\/td>\n<td style=\"width: 510.517px;\">Notfallt\u00fcr\u00f6ffnung in Altenglan<\/td>\n<\/tr>\n<tr>\n<td style=\"width: 24.75px;\">65<\/td>\n<td style=\"width: 84.7333px;\">01.12.2017<\/td>\n<td style=\"width: 510.517px;\">Notfallt\u00fcr\u00f6ffnung in Niederalben<\/td>\n<\/tr>\n<tr>\n<td style=\"width: 24.75px;\">64<\/td>\n<td style=\"width: 84.7333px;\">24.11.2017<\/td>\n<td style=\"width: 510.517px;\">Fehlalarm &#8211; BMA Haus im Glantal<\/td>\n<\/tr>\n<tr>\n<td style=\"width: 24.75px;\">63<\/td>\n<td style=\"width: 84.7333px;\">12.11.2017<\/td>\n<td style=\"width: 510.517px;\">Wasser im Keller in Rammelsbach<\/td>\n<\/tr>\n<tr>\n<td style=\"width: 24.75px;\">62<\/td>\n<td style=\"width: 84.7333px;\">11.11.2017<\/td>\n<td style=\"width: 510.517px;\">Brandnachschau in Altenglan<\/td>\n<\/tr>\n<tr>\n<td style=\"width: 24.75px;\">61<\/td>\n<td style=\"width: 84.7333px;\">10.11.2017<\/td>\n<td style=\"width: 510.517px;\">Wohnhausbrand mit Menschenrettung in Altenglan<\/td>\n<\/tr>\n<tr>\n<td style=\"width: 24.75px;\">60<\/td>\n<td style=\"width: 84.7333px;\">16.10.2017<\/td>\n<td style=\"width: 510.517px;\">Entlaufene Rinder in Horschbach<\/td>\n<\/tr>\n<tr>\n<td style=\"width: 24.75px;\">59<\/td>\n<td style=\"width: 84.7333px;\">11.10.2017<\/td>\n<td style=\"width: 510.517px;\">Verkehrsunfall in Erdesbach<\/td>\n<\/tr>\n<tr>\n<td style=\"width: 24.75px;\">58<\/td>\n<td style=\"width: 84.7333px;\">30.09.2017<\/td>\n<td style=\"width: 510.517px;\">IuK F\u00fchrungsunterst\u00fctzung f\u00fcr die Feuerwehr Kusel<\/td>\n<\/tr>\n<tr>\n<td style=\"width: 24.75px;\">57<\/td>\n<td style=\"width: 84.7333px;\">21.09.2017<\/td>\n<td style=\"width: 510.517px;\">Notfallt\u00fcr\u00f6ffnung in Altenglan<\/td>\n<\/tr>\n<tr>\n<td style=\"width: 24.75px;\">56<\/td>\n<td style=\"width: 84.7333px;\">13.09.2017<\/td>\n<td style=\"width: 510.517px;\">Verkehrsunfall L370 Bosenbach i.R. Friedelhausen<\/td>\n<\/tr>\n<tr>\n<td style=\"width: 24.75px;\">55<\/td>\n<td style=\"width: 84.7333px;\">13.09.2017<\/td>\n<td style=\"width: 510.517px;\">Umgest\u00fcrzter Baum L367 Friedelhausen i.R. Altenglan<\/td>\n<\/tr>\n<tr>\n<td style=\"width: 24.75px;\">54<\/td>\n<td style=\"width: 84.7333px;\">09.09.2017<\/td>\n<td style=\"width: 510.517px;\">IuK F\u00fchrungsunterst\u00fctzung &#8211; LNA \/ OrgL VU in Glan-M\u00fcnchweiler<\/td>\n<\/tr>\n<tr>\n<td style=\"width: 24.75px;\">53<\/td>\n<td style=\"width: 84.7333px;\">31.08.2017<\/td>\n<td style=\"width: 510.517px;\">BMA Haus im Glantal in Altenglan<\/td>\n<\/tr>\n<tr>\n<td style=\"width: 24.75px;\">52<\/td>\n<td style=\"width: 84.7333px;\">27.08.2017<\/td>\n<td style=\"width: 510.517px;\">IuK F\u00fchrungsunterst\u00fctzung &#8211; LNA \/ OrgL VU auf BAB 62<\/td>\n<\/tr>\n<tr>\n<td style=\"width: 24.75px;\">51<\/td>\n<td style=\"width: 84.7333px;\">05.08.2017<\/td>\n<td style=\"width: 510.517px;\">IuK F\u00fchrungsunterst\u00fctzung &#8211; LNA \/ OrgL VU auf BAB 62<\/td>\n<\/tr>\n<tr>\n<td style=\"width: 24.75px;\">50<\/td>\n<td style=\"width: 84.7333px;\">04.08.2017<\/td>\n<td style=\"width: 510.517px;\">GSZ Auslaufendes Diesel aus einer Lok in Kusel<\/td>\n<\/tr>\n<tr>\n<td style=\"width: 24.75px;\">49<\/td>\n<td style=\"width: 84.7333px;\">31.07.2017<\/td>\n<td style=\"width: 510.517px;\">Fehlalarm &#8211; BMA Jugendherberge Burg Lichtenberg<\/td>\n<\/tr>\n<tr>\n<td style=\"width: 24.75px;\">48<\/td>\n<td style=\"width: 84.7333px;\">18.07.2017<\/td>\n<td style=\"width: 510.517px;\">\u00d6lspur L370 Bosenbach i.R. Jettenbach<\/td>\n<\/tr>\n<tr>\n<td style=\"width: 24.75px;\">47<\/td>\n<td style=\"width: 84.7333px;\">17.07.2017<\/td>\n<td style=\"width: 510.517px;\">Verkehrsunfall LKW mit Zug in Rammelsbach<\/td>\n<\/tr>\n<tr>\n<td style=\"width: 24.75px;\">46<\/td>\n<td style=\"width: 84.7333px;\">07.07.2017<\/td>\n<td style=\"width: 510.517px;\">Baum auf Stra\u00dfe in Altenglan<\/td>\n<\/tr>\n<tr>\n<td style=\"width: 24.75px;\">45<\/td>\n<td style=\"width: 84.7333px;\">05.07.2017<\/td>\n<td style=\"width: 510.517px;\">B3 Rauchentwicklung in Altenglan<\/td>\n<\/tr>\n<tr>\n<td style=\"width: 24.75px;\">44<\/td>\n<td style=\"width: 84.7333px;\">05.07.2017<\/td>\n<td style=\"width: 510.517px;\">umgest\u00fcrzter Baum L368 Altenglan i.R Welchweiler<\/td>\n<\/tr>\n<tr>\n<td style=\"width: 24.75px;\">43<\/td>\n<td style=\"width: 84.7333px;\">02.07.2017<\/td>\n<td style=\"width: 510.517px;\">Verkehrsunfall B423 Altenglan i.R M\u00fchlbach<\/td>\n<\/tr>\n<tr>\n<td style=\"width: 24.75px;\">42<\/td>\n<td style=\"width: 84.7333px;\">23.06.2017<\/td>\n<td style=\"width: 510.517px;\">Person in Zwangslage in Bosenbach<\/td>\n<\/tr>\n<tr>\n<td style=\"width: 24.75px;\">41<\/td>\n<td style=\"width: 84.7333px;\">13.06.2017<\/td>\n<td style=\"width: 510.517px;\">Heuballenbrand in Bosenbach<\/td>\n<\/tr>\n<tr>\n<td style=\"width: 24.75px;\">40<\/td>\n<td style=\"width: 84.7333px;\">12.06.2017<\/td>\n<td style=\"width: 510.517px;\">Heuballenbrand in Bosenbach<\/td>\n<\/tr>\n<tr>\n<td style=\"width: 24.75px;\">39<\/td>\n<td style=\"width: 84.7333px;\">10.06.2017<\/td>\n<td style=\"width: 510.517px;\">Umgest\u00fcrzter Baum L169 Niederalben i.R. Rathsweiler<\/td>\n<\/tr>\n<tr>\n<td style=\"width: 24.75px;\">38<\/td>\n<td style=\"width: 84.7333px;\">04.06.2017<\/td>\n<td style=\"width: 510.517px;\">Wohnhaus- und PKW-Brand in Bosenbach<\/td>\n<\/tr>\n<tr>\n<td style=\"width: 24.75px;\">37<\/td>\n<td style=\"width: 84.7333px;\">31.05.2017<\/td>\n<td style=\"width: 510.517px;\">PKW Brand in Rammelsbach<\/td>\n<\/tr>\n<tr>\n<td style=\"width: 24.75px;\">36<\/td>\n<td style=\"width: 84.7333px;\">07.05.2017<\/td>\n<td style=\"width: 510.517px;\">Tragehilfe f\u00fcr den Rettungsdienst in Altenglan<\/td>\n<\/tr>\n<tr>\n<td style=\"width: 24.75px;\">35<\/td>\n<td style=\"width: 84.7333px;\">30.04.2017<\/td>\n<td style=\"width: 510.517px;\">Rauchentwicklung in Altenglan<\/td>\n<\/tr>\n<tr>\n<td style=\"width: 24.75px;\">34<\/td>\n<td style=\"width: 84.7333px;\">24.04.2017<\/td>\n<td style=\"width: 510.517px;\">\u00d6l auf Gew\u00e4sser in Bosenbach<\/td>\n<\/tr>\n<tr>\n<td style=\"width: 24.75px;\">33<\/td>\n<td style=\"width: 84.7333px;\">21.04.2017<\/td>\n<td style=\"width: 510.517px;\">Verkehrsunfall Motorrad in M\u00fchlbach<\/td>\n<\/tr>\n<tr>\n<td style=\"width: 24.75px;\">32<\/td>\n<td style=\"width: 84.7333px;\">12.04.2017<\/td>\n<td style=\"width: 510.517px;\">Verkehrsunfall B423 i.R. M\u00fchlbach<\/td>\n<\/tr>\n<tr>\n<td style=\"width: 24.75px;\">31<\/td>\n<td style=\"width: 84.7333px;\">05.04.2017<\/td>\n<td style=\"width: 510.517px;\">Tragehilfe Rettungsdienst in M\u00fchlbach<\/td>\n<\/tr>\n<tr>\n<td style=\"width: 24.75px;\">30<\/td>\n<td style=\"width: 84.7333px;\">01.04.2017<\/td>\n<td style=\"width: 510.517px;\">Kleinbrand in Altenglan<\/td>\n<\/tr>\n<tr>\n<td style=\"width: 24.75px;\">29<\/td>\n<td style=\"width: 84.7333px;\">30.03.2017<\/td>\n<td style=\"width: 510.517px;\">Verkehrsunfall in Bosenbach<\/td>\n<\/tr>\n<tr>\n<td style=\"width: 24.75px;\">28<\/td>\n<td style=\"width: 84.7333px;\">26.03.2017<\/td>\n<td style=\"width: 510.517px;\">Wohnungsbrand in Bedesbach<\/td>\n<\/tr>\n<tr>\n<td style=\"width: 24.75px;\">27<\/td>\n<td style=\"width: 84.7333px;\">22.03.2017<\/td>\n<td style=\"width: 510.517px;\">Rauchentwicklung B423 i.R. Rutsweiler\/Glan<\/td>\n<\/tr>\n<tr>\n<td style=\"width: 24.75px;\">26<\/td>\n<td style=\"width: 84.7333px;\">15.03.2017<\/td>\n<td style=\"width: 510.517px;\">PKW Brand in Rammelsbach<\/td>\n<\/tr>\n<tr>\n<td style=\"width: 24.75px;\">25<\/td>\n<td style=\"width: 84.7333px;\">12.03.2017<\/td>\n<td style=\"width: 510.517px;\">Brandsicherheitswache Tanztunier in Altenglan<\/td>\n<\/tr>\n<tr>\n<td style=\"width: 24.75px;\">24<\/td>\n<td style=\"width: 84.7333px;\">11.03.2017<\/td>\n<td style=\"width: 510.517px;\">Verkehrsunfall Welchweiler i.R. Horschbach &#8211; 1 Person eingeklemmt<\/td>\n<\/tr>\n<tr>\n<td style=\"width: 24.75px;\">23<\/td>\n<td style=\"width: 84.7333px;\">08.03.2017<\/td>\n<td style=\"width: 510.517px;\">PKW Brand B420 in Altenglan<\/td>\n<\/tr>\n<tr>\n<td style=\"width: 24.75px;\">22<\/td>\n<td style=\"width: 84.7333px;\">04.03.2017<\/td>\n<td style=\"width: 510.517px;\">Brandsicherheitswache in Altenglan<\/td>\n<\/tr>\n<tr>\n<td style=\"width: 24.75px;\">21<\/td>\n<td style=\"width: 84.7333px;\">28.02.2017<\/td>\n<td style=\"width: 510.517px;\">Baum droht in Stromleitung zu st\u00fcrzen in Ulmet<\/td>\n<\/tr>\n<tr>\n<td style=\"width: 24.75px;\">20<\/td>\n<td style=\"width: 84.7333px;\">28.02.2017<\/td>\n<td style=\"width: 510.517px;\">Sturmschaden B423 Altenglan i.R. M\u00fchlbach<\/td>\n<\/tr>\n<tr>\n<td style=\"width: 24.75px;\">19<\/td>\n<td style=\"width: 84.7333px;\">26.02.2017<\/td>\n<td style=\"width: 510.517px;\">umgest\u00fcrzter Baum B423 Altenglan i.R. M\u00fchlbach<\/td>\n<\/tr>\n<tr>\n<td style=\"width: 24.75px;\">18<\/td>\n<td style=\"width: 84.7333px;\">20.02.2017<\/td>\n<td style=\"width: 510.517px;\">Verkehrsunfall M\u00fchlbach i.R. F\u00f6ckelberg<\/td>\n<\/tr>\n<tr>\n<td style=\"width: 24.75px;\">17<\/td>\n<td style=\"width: 84.7333px;\">12.02.2017<\/td>\n<td style=\"width: 510.517px;\">Verkehrsunfall B420 i.R. Erdesbach<\/td>\n<\/tr>\n<tr>\n<td style=\"width: 24.75px;\">16<\/td>\n<td style=\"width: 84.7333px;\">11.02.2017<\/td>\n<td style=\"width: 510.517px;\">Hilfeleistung f\u00fcr den Rettungsdienst<\/td>\n<\/tr>\n<tr>\n<td style=\"width: 24.75px;\">15<\/td>\n<td style=\"width: 84.7333px;\">07.02.2017<\/td>\n<td style=\"width: 510.517px;\">Einsatz Messgruppe Gefahrstoffzug Landkreis Kusel BAB 62 i.R Pirmasens<\/td>\n<\/tr>\n<tr>\n<td style=\"width: 24.75px;\">14<\/td>\n<td style=\"width: 84.7333px;\">03.02.2017<\/td>\n<td style=\"width: 510.517px;\">Feuerschein im Wald in Rutsweiler am Glan<\/td>\n<\/tr>\n<tr>\n<td style=\"width: 24.75px;\">13<\/td>\n<td style=\"width: 84.7333px;\">02.02.2017<\/td>\n<td style=\"width: 510.517px;\">Anforderung der Polizei zur Sicherung des Wohnhauses in Ulmet<\/td>\n<\/tr>\n<tr>\n<td style=\"width: 24.75px;\">12<\/td>\n<td style=\"width: 84.7333px;\">02.02.2017<\/td>\n<td style=\"width: 510.517px;\">Wohnhausbrand in Ulmet<\/td>\n<\/tr>\n<tr>\n<td style=\"width: 24.75px;\">11<\/td>\n<td style=\"width: 84.7333px;\">31.01.2017<\/td>\n<td style=\"width: 510.517px;\">Waldbrand in Niederalben<\/td>\n<\/tr>\n<tr>\n<td style=\"width: 24.75px;\">10<\/td>\n<td style=\"width: 84.7333px;\">31.01.2017<\/td>\n<td style=\"width: 510.517px;\">Verkehrsunfall in Patersbach<\/td>\n<\/tr>\n<tr>\n<td style=\"width: 24.75px;\">9<\/td>\n<td style=\"width: 84.7333px;\">29.01.2017<\/td>\n<td style=\"width: 510.517px;\">Personensuche am Glan in Erdesbach<\/td>\n<\/tr>\n<tr>\n<td style=\"width: 24.75px;\">8<\/td>\n<td style=\"width: 84.7333px;\">29.01.2017<\/td>\n<td style=\"width: 510.517px;\">Verkehrsunfall in Ulmet<\/td>\n<\/tr>\n<tr>\n<td style=\"width: 24.75px;\">7<\/td>\n<td style=\"width: 84.7333px;\">28.01.2017<\/td>\n<td style=\"width: 510.517px;\">Kaminbrand in Niederalben<\/td>\n<\/tr>\n<tr>\n<td style=\"width: 24.75px;\">6<\/td>\n<td style=\"width: 84.7333px;\">25.01.2017<\/td>\n<td style=\"width: 510.517px;\">Ausgel\u00f6ster CO Melder bei einem Rettungsdienst Einsatz<\/td>\n<\/tr>\n<tr>\n<td style=\"width: 24.75px;\">5<\/td>\n<td style=\"width: 84.7333px;\">19.01.2017<\/td>\n<td style=\"width: 510.517px;\">Bodenfeuer im Wald K36 Bedesbach i.R. Welchweiler<\/td>\n<\/tr>\n<tr>\n<td style=\"width: 24.75px;\">4<\/td>\n<td style=\"width: 84.7333px;\">13.01.2017<\/td>\n<td style=\"width: 510.517px;\">Baum auf Stra\u00dfe auf der K34 i.R. F\u00f6ckelberg<\/td>\n<\/tr>\n<tr>\n<td style=\"width: 24.75px;\">3<\/td>\n<td style=\"width: 84.7333px;\">13.01.2017<\/td>\n<td style=\"width: 510.517px;\">Abgedecktes Garagendach in Ulmet<\/td>\n<\/tr>\n<tr>\n<td style=\"width: 24.75px;\">2<\/td>\n<td style=\"width: 84.7333px;\">13.01.2017<\/td>\n<td style=\"width: 510.517px;\">Umgest\u00fcrzter Baum auf der B420 i.R. Ulmet<\/td>\n<\/tr>\n<tr>\n<td style=\"width: 24.75px;\">1<\/td>\n<td style=\"width: 84.7333px;\">11.01.2017<\/td>\n<td style=\"width: 510.517px;\">Notfallt\u00fcr\u00f6ffnung in Neunkirchen<\/td>\n<\/tr>\n<\/tbody>\n<\/table>\n<p>[\/et_pb_text][\/et_pb_column][et_pb_column type=&#8220;1_3&#8243; _builder_version=&#8220;4.27.4&#8243; _module_preset=&#8220;default&#8220; background_color=&#8220;#f5f5f5&#8243; custom_padding=&#8220;3em|3em|3em|3em|true|true&#8220; border_radii=&#8220;on|15px|15px|15px|15px&#8220; global_colors_info=&#8220;{}&#8220; theme_builder_area=&#8220;post_content&#8220;][et_pb_blurb title=&#8220;N\u00e4chste Termine&#8220; _builder_version=&#8220;4.27.4&#8243; _module_preset=&#8220;default&#8220; header_font=&#8220;|600|||||||&#8220; header_text_align=&#8220;center&#8220; header_line_height=&#8220;2em&#8220; body_line_height=&#8220;1em&#8220; custom_padding=&#8220;1em|1em|1em|1em|true|true&#8220; border_width_all=&#8220;2px&#8220; border_color_all=&#8220;#dbdbdb&#8220; global_colors_info=&#8220;{}&#8220; theme_builder_area=&#8220;post_content&#8220;]\n<section class=\" ics-calendar layout-basic stickymonths\" id=\"r69f2e4f02e03ce6\" style=\"opacity: 1;\">\n\n\t\t\t<article class=\"ics-calendar-basic-wrapper\">\n\n\t\t\t\n\t\t\t<ul class=\"events r34ics-basic-events\">\n\t\t\t\t\t\t\t\t\t\n\t\t\t\t\t\t\t\t\t\t<li class=\"event t190000\" data-dow=\"4\" data-wknum=\"18\" data-rel2today=\"today\" data-feed-key=\"0\">\n\t\t\t\t\t\t\t\t\t\t\t<div class=\"date\"><span data-date-format=\"l\">Donnerstag<\/span> <span data-date-format=\"j\">30<\/span> <span data-date-format=\"F\">April<\/span><\/div>\n\n\t\t\t\t\t\t\t\t\t\t\t<div class=\"event-info\">\n\t\t\t\t\t\t\t\t\t\t\t\t\t\t\t\t\t\t\t\t\t\t\t\t\t<div class=\"time\">\n\t\t\t\t\t\t\t\t\t\t\t\t\t\t<span class=\"start_time\">19:00<\/span>\n\t\t\t\t\t\t\t\t\t\t\t\t\t\t\t\t\t\t\t\t\t\t\t\t\t\t\t\t\t<span class=\"end_time\">&#8211; 21:00<\/span>\n\t\t\t\t\t\t\t\t\t\t\t\t\t\t\t\t\t\t\t\t\t\t\t\t\t\t\t\t<\/div>\n\t\t\t\t\t\t\t\t\t\t\t\t\t<div class=\"title\">\u00dcbung<\/div>\t\t\t\t\t\t\t\t\t\t\t<\/div>\n\t\t\t\t\t\t\t\t\t\t\n\t\t\t\t\t\t\t\t\t\t<\/li>\n\n\t\t\t\t\t\t\t\t\t\t\t\t\t\t\t\n\t\t\t\t\t\t\t\t\t\t<li class=\"event t190000\" data-dow=\"4\" data-wknum=\"19\" data-rel2today=\"future\" data-feed-key=\"0\">\n\t\t\t\t\t\t\t\t\t\t\t<div class=\"date\"><span data-date-format=\"l\">Donnerstag<\/span> <span data-date-format=\"j\">7<\/span> <span data-date-format=\"F\">Mai<\/span><\/div>\n\n\t\t\t\t\t\t\t\t\t\t\t<div class=\"event-info\">\n\t\t\t\t\t\t\t\t\t\t\t\t\t\t\t\t\t\t\t\t\t\t\t\t\t<div class=\"time\">\n\t\t\t\t\t\t\t\t\t\t\t\t\t\t<span class=\"start_time\">19:00<\/span>\n\t\t\t\t\t\t\t\t\t\t\t\t\t\t\t\t\t\t\t\t\t\t\t\t\t\t\t\t\t<span class=\"end_time\">&#8211; 21:00<\/span>\n\t\t\t\t\t\t\t\t\t\t\t\t\t\t\t\t\t\t\t\t\t\t\t\t\t\t\t\t<\/div>\n\t\t\t\t\t\t\t\t\t\t\t\t\t<div class=\"title\">\u00dcbung<\/div>\t\t\t\t\t\t\t\t\t\t\t<\/div>\n\t\t\t\t\t\t\t\t\t\t\n\t\t\t\t\t\t\t\t\t\t<\/li>\n\n\t\t\t\t\t\t\t\t\t\t\t\t\t<\/ul>\n\t\t<\/article>\n\n\t\t\n<\/section>\n[\/et_pb_blurb][et_pb_blurb title=&#8220;Katwarn&#8220; _builder_version=&#8220;4.27.4&#8243; _module_preset=&#8220;default&#8220; header_font=&#8220;|600|||||||&#8220; header_text_align=&#8220;center&#8220; header_line_height=&#8220;2em&#8220; body_line_height=&#8220;1em&#8220; custom_padding=&#8220;1em|1em|1em|1em|true|true&#8220; border_width_all=&#8220;2px&#8220; border_color_all=&#8220;#dbdbdb&#8220; global_colors_info=&#8220;{}&#8220; theme_builder_area=&#8220;post_content&#8220;]<a href=\"https:\/\/warnungen.katwarn.de\/\" target=\"_blank\" rel=\"noopener noreferrer\"><img decoding=\"async\" style=\"display: block; margin-left: auto; margin-right: auto;\" src=\"https:\/\/warnungen.katwarn.de\/widget\/kus_box.png\" alt=\"Katwarn Warnungen\" \/><\/a>[\/et_pb_blurb][et_pb_blurb title=&#8220;Wetterwarnungen&#8220; _builder_version=&#8220;4.27.4&#8243; _module_preset=&#8220;default&#8220; header_font=&#8220;|600|||||||&#8220; header_text_align=&#8220;center&#8220; header_line_height=&#8220;2em&#8220; body_line_height=&#8220;1em&#8220; custom_padding=&#8220;1em|1em|1em|1em|true|true&#8220; border_width_all=&#8220;2px&#8220; border_color_all=&#8220;#dbdbdb&#8220; global_colors_info=&#8220;{}&#8220; theme_builder_area=&#8220;post_content&#8220;]<\/p>\n<p><img decoding=\"async\" src=\"https:\/\/www.dwd.de\/DWD\/warnungen\/warnapp_gemeinden\/json\/warnungen_gemeinde_map_rps.png\" \/><\/p>\n<p>[\/et_pb_blurb][\/et_pb_column][\/et_pb_row][\/et_pb_section]<\/p>\n","protected":false},"excerpt":{"rendered":"<p>Lfd. Nr. Datum Einsatz 76 30.12.2017 Wassereinbruch in Niederstaufenbach 75 29.12.2017 Tragehilfe f\u00fcr den Rettungsdienst in Altenglan 74 25.12.2017 Umgest\u00fcrzter Baum in Niederalben 73 13.12.2017 Verkehrsunfall K22 Ulmet i.R. Mayweilerhof 72 11.12.2017 Verkehrsunfall zwischen Altenglan und M\u00fchlbach 71- 67 11.12.2017 Diverse Hochwassereins\u00e4tze in der Verbandsgemeinde Altenglan 66 07.12.2017 Notfallt\u00fcr\u00f6ffnung in Altenglan 65 01.12.2017 Notfallt\u00fcr\u00f6ffnung in [&hellip;]<\/p>\n","protected":false},"author":1,"featured_media":0,"parent":0,"menu_order":0,"comment_status":"closed","ping_status":"closed","template":"","meta":{"_et_pb_use_builder":"on","_et_pb_old_content":"<!-- wp:divi\/placeholder \/-->","_et_gb_content_width":"","footnotes":""},"class_list":["post-1423","page","type-page","status-publish","hentry"],"_links":{"self":[{"href":"https:\/\/www.feuerwehr-altenglan.de\/index.php?rest_route=\/wp\/v2\/pages\/1423","targetHints":{"allow":["GET"]}}],"collection":[{"href":"https:\/\/www.feuerwehr-altenglan.de\/index.php?rest_route=\/wp\/v2\/pages"}],"about":[{"href":"https:\/\/www.feuerwehr-altenglan.de\/index.php?rest_route=\/wp\/v2\/types\/page"}],"author":[{"embeddable":true,"href":"https:\/\/www.feuerwehr-altenglan.de\/index.php?rest_route=\/wp\/v2\/users\/1"}],"replies":[{"embeddable":true,"href":"https:\/\/www.feuerwehr-altenglan.de\/index.php?rest_route=%2Fwp%2Fv2%2Fcomments&post=1423"}],"version-history":[{"count":3,"href":"https:\/\/www.feuerwehr-altenglan.de\/index.php?rest_route=\/wp\/v2\/pages\/1423\/revisions"}],"predecessor-version":[{"id":1539,"href":"https:\/\/www.feuerwehr-altenglan.de\/index.php?rest_route=\/wp\/v2\/pages\/1423\/revisions\/1539"}],"wp:attachment":[{"href":"https:\/\/www.feuerwehr-altenglan.de\/index.php?rest_route=%2Fwp%2Fv2%2Fmedia&parent=1423"}],"curies":[{"name":"wp","href":"https:\/\/api.w.org\/{rel}","templated":true}]}}