{"id":1417,"date":"2025-01-19T13:48:01","date_gmt":"2025-01-19T12:48:01","guid":{"rendered":"https:\/\/www.feuerwehr-altenglan.de\/?page_id=1417"},"modified":"2025-01-20T09:07:22","modified_gmt":"2025-01-20T08:07:22","slug":"einsaetze-2014","status":"publish","type":"page","link":"https:\/\/www.feuerwehr-altenglan.de\/?page_id=1417","title":{"rendered":"Eins\u00e4tze 2014"},"content":{"rendered":"<p>[et_pb_section fb_built=&#8220;1&#8243; _builder_version=&#8220;4.27.4&#8243; _module_preset=&#8220;default&#8220; custom_padding=&#8220;0px||0px||true|false&#8220; global_colors_info=&#8220;{}&#8220; theme_builder_area=&#8220;post_content&#8220;][et_pb_row column_structure=&#8220;2_3,1_3&#8243; _builder_version=&#8220;4.27.4&#8243; _module_preset=&#8220;default&#8220; width=&#8220;100%&#8220; max_width=&#8220;80%&#8220; module_alignment=&#8220;center&#8220; global_colors_info=&#8220;{}&#8220; theme_builder_area=&#8220;post_content&#8220;][et_pb_column type=&#8220;2_3&#8243; _builder_version=&#8220;4.27.4&#8243; _module_preset=&#8220;default&#8220; background_color=&#8220;#f5f5f5&#8243; custom_padding=&#8220;3em|3em|3em|3em|true|true&#8220; border_radii=&#8220;on|15px|15px|15px|15px&#8220; global_colors_info=&#8220;{}&#8220; theme_builder_area=&#8220;post_content&#8220;][et_pb_heading title=&#8220;Eins\u00e4tze im Jahr 2014&#8243; _builder_version=&#8220;4.27.4&#8243; _module_preset=&#8220;default&#8220; title_text_align=&#8220;center&#8220; hover_enabled=&#8220;0&#8243; global_colors_info=&#8220;{}&#8220; theme_builder_area=&#8220;post_content&#8220; sticky_enabled=&#8220;0&#8243;][\/et_pb_heading][et_pb_text module_class=&#8220;einsaetze-tabelle&#8220; _builder_version=&#8220;4.27.4&#8243; _module_preset=&#8220;default&#8220; text_font_size=&#8220;16px&#8220; hover_enabled=&#8220;0&#8243; global_colors_info=&#8220;{}&#8220; theme_builder_area=&#8220;post_content&#8220; sticky_enabled=&#8220;0&#8243;]<\/p>\n<table>\n<thead>\n<tr>\n<th>Lfd. Nr.<\/th>\n<th>Datum<\/th>\n<th>Einsatz<\/th>\n<\/tr>\n<\/thead>\n<tbody>\n<tr>\n<td style=\"width: 44.7667px;\">58<\/td>\n<td style=\"width: 85.7667px;\">22.12.2014<\/td>\n<td style=\"width: 525.467px;\">Notfallt\u00fcr\u00f6ffnung in Ulmet<\/td>\n<\/tr>\n<tr>\n<td style=\"width: 44.7667px;\">57<\/td>\n<td style=\"width: 85.7667px;\">22.12.2014<\/td>\n<td style=\"width: 525.467px;\">Stromleitung auf Fahrbahn in Altenglan<\/td>\n<\/tr>\n<tr>\n<td style=\"width: 44.7667px;\">56<\/td>\n<td style=\"width: 85.7667px;\">19.12.2014<\/td>\n<td style=\"width: 525.467px;\">M\u00fcllcontainerbrand in Altenglan<\/td>\n<\/tr>\n<tr>\n<td style=\"width: 44.7667px;\">55<\/td>\n<td style=\"width: 85.7667px;\">17.12.2014<\/td>\n<td style=\"width: 525.467px;\">Notfallt\u00fcr\u00f6ffnung in Rathsweiler<\/td>\n<\/tr>\n<tr>\n<td style=\"width: 44.7667px;\">54<\/td>\n<td style=\"width: 85.7667px;\">09.12.2014<\/td>\n<td style=\"width: 525.467px;\">Verkehrsunfall Niederalben Fahrtrichtung Baumholder<\/td>\n<\/tr>\n<tr>\n<td style=\"width: 44.7667px;\">53<\/td>\n<td style=\"width: 85.7667px;\">06.12.2014<\/td>\n<td style=\"width: 525.467px;\">Notfallt\u00fcr\u00f6ffnung in F\u00f6ckelberg<\/td>\n<\/tr>\n<tr>\n<td style=\"width: 44.7667px;\">52<\/td>\n<td style=\"width: 85.7667px;\">25.11.2014<\/td>\n<td style=\"width: 525.467px;\">Person von Zug erfasst zwischen Rammelsbach und Kusel<\/td>\n<\/tr>\n<tr>\n<td style=\"width: 44.7667px;\">51<\/td>\n<td style=\"width: 85.7667px;\">11.11.2014<\/td>\n<td style=\"width: 525.467px;\">Absicherung Martinsumzug in Altenglan, Bedesbach und M\u00fchlbach<\/td>\n<\/tr>\n<tr>\n<td style=\"width: 44.7667px;\">50<\/td>\n<td style=\"width: 85.7667px;\">30.10.2014<\/td>\n<td style=\"width: 525.467px;\">Kaminbrand in Oberstaufenbach<\/td>\n<\/tr>\n<tr>\n<td style=\"width: 44.7667px;\">49<\/td>\n<td style=\"width: 85.7667px;\">28.10.2014<\/td>\n<td style=\"width: 525.467px;\">Kaminbrand in Ulmet<\/td>\n<\/tr>\n<tr>\n<td style=\"width: 44.7667px;\">48<\/td>\n<td style=\"width: 85.7667px;\">17.10.2014<\/td>\n<td style=\"width: 525.467px;\">Automatische Feuermeldung (BMA) in Rammelsbach<\/td>\n<\/tr>\n<tr>\n<td style=\"width: 44.7667px;\">47<\/td>\n<td style=\"width: 85.7667px;\">15.10.2014<\/td>\n<td style=\"width: 525.467px;\">Gefahrstoffzugeinsatz in Waldmohr<\/td>\n<\/tr>\n<tr>\n<td style=\"width: 44.7667px;\">46<\/td>\n<td style=\"width: 85.7667px;\">08.10.2014<\/td>\n<td style=\"width: 525.467px;\">Verkehrsunfall, auslaufende Betriebsstoffe<\/td>\n<\/tr>\n<tr>\n<td style=\"width: 44.7667px;\">45<\/td>\n<td style=\"width: 85.7667px;\">30.09.2014<\/td>\n<td style=\"width: 525.467px;\">Notfallt\u00fcr\u00f6ffnung in Rammelsbach<\/td>\n<\/tr>\n<tr>\n<td style=\"width: 44.7667px;\">44<\/td>\n<td style=\"width: 85.7667px;\">27.09.2014<\/td>\n<td style=\"width: 525.467px;\">Verkehrsunfall mit eingeklemmter Person<\/td>\n<\/tr>\n<tr>\n<td style=\"width: 44.7667px;\">43<\/td>\n<td style=\"width: 85.7667px;\">15.09.2014<\/td>\n<td style=\"width: 525.467px;\">(Gemeldeter Waldbrand) Genehmigter Abbrand<\/td>\n<\/tr>\n<tr>\n<td style=\"width: 44.7667px;\">42<\/td>\n<td style=\"width: 85.7667px;\">15.09.2014<\/td>\n<td style=\"width: 525.467px;\">Hilfeleistung f\u00fcr den Rettungsdienst<\/td>\n<\/tr>\n<tr>\n<td style=\"width: 44.7667px;\">41<\/td>\n<td style=\"width: 85.7667px;\">08.09.2014<\/td>\n<td style=\"width: 525.467px;\">Verkehrsunfall in Altenglan<\/td>\n<\/tr>\n<tr>\n<td style=\"width: 44.7667px;\">40<\/td>\n<td style=\"width: 85.7667px;\">05.09.2014<\/td>\n<td style=\"width: 525.467px;\">Verkehrsunfall in Rammelsbach<\/td>\n<\/tr>\n<tr>\n<td style=\"width: 44.7667px;\">39<\/td>\n<td style=\"width: 85.7667px;\">19.08.2014<\/td>\n<td style=\"width: 525.467px;\">Verkehrsunfall M\u00fchlbach Richtung F\u00f6ckelberg<\/td>\n<\/tr>\n<tr>\n<td style=\"width: 44.7667px;\">38<\/td>\n<td style=\"width: 85.7667px;\">15.08.2014<\/td>\n<td style=\"width: 525.467px;\">Verkehrsunfall Altenglan Richtung Welchweiler<\/td>\n<\/tr>\n<tr>\n<td style=\"width: 44.7667px;\">37<\/td>\n<td style=\"width: 85.7667px;\">08.08.2014<\/td>\n<td style=\"width: 525.467px;\">Baum auf Stromleitung<\/td>\n<\/tr>\n<tr>\n<td style=\"width: 44.7667px;\">36<\/td>\n<td style=\"width: 85.7667px;\">05.08.2014<\/td>\n<td style=\"width: 525.467px;\">Person droht mit Sprung in Altenglan<\/td>\n<\/tr>\n<tr>\n<td style=\"width: 44.7667px;\">35<\/td>\n<td style=\"width: 85.7667px;\">01.08.2014<\/td>\n<td style=\"width: 525.467px;\">Tierrettung in Horschbach<\/td>\n<\/tr>\n<tr>\n<td style=\"width: 44.7667px;\">34<\/td>\n<td style=\"width: 85.7667px;\">30.07.2014<\/td>\n<td style=\"width: 525.467px;\">Baum auf Stra\u00dfe, Altenglan Fahrtrichtung Friedelhausen<\/td>\n<\/tr>\n<tr>\n<td style=\"width: 44.7667px;\">33<\/td>\n<td style=\"width: 85.7667px;\">28.07.2014<\/td>\n<td style=\"width: 525.467px;\">Brandmeldeanlage RME in Rammelsbach<\/td>\n<\/tr>\n<tr>\n<td style=\"width: 44.7667px;\">32<\/td>\n<td style=\"width: 85.7667px;\">20.07.2014<\/td>\n<td style=\"width: 525.467px;\">Kleinfeuer in Bedesbach<\/td>\n<\/tr>\n<tr>\n<td style=\"width: 44.7667px;\">31<\/td>\n<td style=\"width: 85.7667px;\">13.07.2014<\/td>\n<td style=\"width: 525.467px;\">Verkehrsunfall in Patersbach<\/td>\n<\/tr>\n<tr>\n<td style=\"width: 44.7667px;\">30<\/td>\n<td style=\"width: 85.7667px;\">13.07.2014<\/td>\n<td style=\"width: 525.467px;\">Brandnachschau Pumpwerk Glanstra\u00dfe<\/td>\n<\/tr>\n<tr>\n<td style=\"width: 44.7667px;\">29<\/td>\n<td style=\"width: 85.7667px;\">13.07.2014<\/td>\n<td style=\"width: 525.467px;\">Brandnachschau Umspannwerk Kuseler Stra\u00dfe<\/td>\n<\/tr>\n<tr>\n<td style=\"width: 44.7667px;\">28<\/td>\n<td style=\"width: 85.7667px;\">07.07.2014<\/td>\n<td style=\"width: 525.467px;\">Baum auf Draisinenstrecke<\/td>\n<\/tr>\n<tr>\n<td style=\"width: 44.7667px;\">22-27<\/td>\n<td style=\"width: 85.7667px;\">06.07.2014<\/td>\n<td style=\"width: 525.467px;\">Mehrere Unwettereins\u00e4tze in der Verbandsgemeinde<\/td>\n<\/tr>\n<tr>\n<td style=\"width: 44.7667px;\">21<\/td>\n<td style=\"width: 85.7667px;\">05.07.2014<\/td>\n<td style=\"width: 525.467px;\">Kaminbrand in Erdesbach<\/td>\n<\/tr>\n<tr>\n<td style=\"width: 44.7667px;\">20<\/td>\n<td style=\"width: 85.7667px;\">21.06.2014<\/td>\n<td style=\"width: 525.467px;\">Verkehrsunfall unklare Lage in Ulmet<\/td>\n<\/tr>\n<tr>\n<td style=\"width: 44.7667px;\">19<\/td>\n<td style=\"width: 85.7667px;\">02.06.2014<\/td>\n<td style=\"width: 525.467px;\">Notfallt\u00fcr\u00f6ffnung in Ulmet<\/td>\n<\/tr>\n<tr>\n<td style=\"width: 44.7667px;\">18<\/td>\n<td style=\"width: 85.7667px;\">31.05.2014<\/td>\n<td style=\"width: 525.467px;\">Scheunenbrand in Bosenbach<\/td>\n<\/tr>\n<tr>\n<td style=\"width: 44.7667px;\">17<\/td>\n<td style=\"width: 85.7667px;\">28.05.2014<\/td>\n<td style=\"width: 525.467px;\">V4 &#8211; Verkehrsunfall mit Bus Friedelhausen Fahrtrichtung Niederstaufenbach<\/td>\n<\/tr>\n<tr>\n<td style=\"width: 44.7667px;\">16<\/td>\n<td style=\"width: 85.7667px;\">27.05.2014<\/td>\n<td style=\"width: 525.467px;\">Notfallt\u00fcr\u00f6ffnung in Horschbach<\/td>\n<\/tr>\n<tr>\n<td style=\"width: 44.7667px;\">15<\/td>\n<td style=\"width: 85.7667px;\">23.05.2014<\/td>\n<td style=\"width: 525.467px;\">Notfallt\u00fcr\u00f6ffnung in Altenglan<\/td>\n<\/tr>\n<tr>\n<td style=\"width: 44.7667px;\">14<\/td>\n<td style=\"width: 85.7667px;\">26.04.2014<\/td>\n<td style=\"width: 525.467px;\">Wohnhausbrand in Bedesbach<\/td>\n<\/tr>\n<tr>\n<td style=\"width: 44.7667px;\">13<\/td>\n<td style=\"width: 85.7667px;\">14.04.2014<\/td>\n<td style=\"width: 525.467px;\">Heckenbrand in Altenglan<\/td>\n<\/tr>\n<tr>\n<td style=\"width: 44.7667px;\">12<\/td>\n<td style=\"width: 85.7667px;\">11.04.2014<\/td>\n<td style=\"width: 525.467px;\">Notfallt\u00fcr\u00f6ffnung in Patersbach<\/td>\n<\/tr>\n<tr>\n<td style=\"width: 44.7667px;\">11<\/td>\n<td style=\"width: 85.7667px;\">08.04.2014<\/td>\n<td style=\"width: 525.467px;\">Kaminbrand in Ulmet<\/td>\n<\/tr>\n<tr>\n<td style=\"width: 44.7667px;\">10<\/td>\n<td style=\"width: 85.7667px;\">03.04.2014<\/td>\n<td style=\"width: 525.467px;\">Waldbrand in M\u00fchlbach<\/td>\n<\/tr>\n<tr>\n<td style=\"width: 44.7667px;\">9<\/td>\n<td style=\"width: 85.7667px;\">02.04.2014<\/td>\n<td style=\"width: 525.467px;\">Gasgeruch in Wohnung in Patersbach<\/td>\n<\/tr>\n<tr>\n<td style=\"width: 44.7667px;\">8<\/td>\n<td style=\"width: 85.7667px;\">30.03.2014<\/td>\n<td style=\"width: 525.467px;\">Brandsicherheitswache beim Tanzturnier in Altenglan<\/td>\n<\/tr>\n<tr>\n<td style=\"width: 44.7667px;\">7<\/td>\n<td style=\"width: 85.7667px;\">27.03.2014<\/td>\n<td style=\"width: 525.467px;\">B\u00f6schungsbrand in Altenglan<\/td>\n<\/tr>\n<tr>\n<td style=\"width: 44.7667px;\">6<\/td>\n<td style=\"width: 85.7667px;\">15.03.2014<\/td>\n<td style=\"width: 525.467px;\">Verkehrsunfall unklare Lage in Altenglan<\/td>\n<\/tr>\n<tr>\n<td style=\"width: 44.7667px;\">5<\/td>\n<td style=\"width: 85.7667px;\">08.03.2014<\/td>\n<td style=\"width: 525.467px;\">Unterst\u00fctzung Feuerwehr Kusel bei Wohnungsbrand<\/td>\n<\/tr>\n<tr>\n<td style=\"width: 44.7667px;\">4<\/td>\n<td style=\"width: 85.7667px;\">22.02.2014<\/td>\n<td style=\"width: 525.467px;\">Notfallt\u00fcr\u00f6ffnung in M\u00fchlbach<\/td>\n<\/tr>\n<tr>\n<td style=\"width: 44.7667px;\">3<\/td>\n<td style=\"width: 85.7667px;\">14.02.2014<\/td>\n<td style=\"width: 525.467px;\">Wassernotstand in Altenglan<\/td>\n<\/tr>\n<tr>\n<td style=\"width: 44.7667px;\">2<\/td>\n<td style=\"width: 85.7667px;\">13.02.2014<\/td>\n<td style=\"width: 525.467px;\">Auslaufende Betriebsstoffe in Bedesbach<\/td>\n<\/tr>\n<tr>\n<td style=\"width: 44.7667px;\">1<\/td>\n<td style=\"width: 85.7667px;\">11.02.2014<\/td>\n<td style=\"width: 525.467px;\">Kaminbrand in M\u00fchlbach<\/td>\n<\/tr>\n<\/tbody>\n<\/table>\n<p>[\/et_pb_text][\/et_pb_column][et_pb_column type=&#8220;1_3&#8243; _builder_version=&#8220;4.27.4&#8243; _module_preset=&#8220;default&#8220; background_color=&#8220;#f5f5f5&#8243; custom_padding=&#8220;3em|3em|3em|3em|true|true&#8220; border_radii=&#8220;on|15px|15px|15px|15px&#8220; global_colors_info=&#8220;{}&#8220; theme_builder_area=&#8220;post_content&#8220;][et_pb_blurb title=&#8220;N\u00e4chste Termine&#8220; _builder_version=&#8220;4.27.4&#8243; _module_preset=&#8220;default&#8220; header_font=&#8220;|600|||||||&#8220; header_text_align=&#8220;center&#8220; header_line_height=&#8220;2em&#8220; body_line_height=&#8220;1em&#8220; custom_padding=&#8220;1em|1em|1em|1em|true|true&#8220; border_width_all=&#8220;2px&#8220; border_color_all=&#8220;#dbdbdb&#8220; global_colors_info=&#8220;{}&#8220; theme_builder_area=&#8220;post_content&#8220;]\n<section class=\" ics-calendar layout-basic stickymonths\" id=\"r69f2e4f02e03ce6\" style=\"opacity: 1;\">\n\n\t\t\t<article class=\"ics-calendar-basic-wrapper\">\n\n\t\t\t\n\t\t\t<ul class=\"events r34ics-basic-events\">\n\t\t\t\t\t\t\t\t\t\n\t\t\t\t\t\t\t\t\t\t<li class=\"event t190000\" data-dow=\"4\" data-wknum=\"18\" data-rel2today=\"today\" data-feed-key=\"0\">\n\t\t\t\t\t\t\t\t\t\t\t<div class=\"date\"><span data-date-format=\"l\">Donnerstag<\/span> <span data-date-format=\"j\">30<\/span> <span data-date-format=\"F\">April<\/span><\/div>\n\n\t\t\t\t\t\t\t\t\t\t\t<div class=\"event-info\">\n\t\t\t\t\t\t\t\t\t\t\t\t\t\t\t\t\t\t\t\t\t\t\t\t\t<div class=\"time\">\n\t\t\t\t\t\t\t\t\t\t\t\t\t\t<span class=\"start_time\">19:00<\/span>\n\t\t\t\t\t\t\t\t\t\t\t\t\t\t\t\t\t\t\t\t\t\t\t\t\t\t\t\t\t<span class=\"end_time\">&#8211; 21:00<\/span>\n\t\t\t\t\t\t\t\t\t\t\t\t\t\t\t\t\t\t\t\t\t\t\t\t\t\t\t\t<\/div>\n\t\t\t\t\t\t\t\t\t\t\t\t\t<div class=\"title\">\u00dcbung<\/div>\t\t\t\t\t\t\t\t\t\t\t<\/div>\n\t\t\t\t\t\t\t\t\t\t\n\t\t\t\t\t\t\t\t\t\t<\/li>\n\n\t\t\t\t\t\t\t\t\t\t\t\t\t\t\t\n\t\t\t\t\t\t\t\t\t\t<li class=\"event t190000\" data-dow=\"4\" data-wknum=\"19\" data-rel2today=\"future\" data-feed-key=\"0\">\n\t\t\t\t\t\t\t\t\t\t\t<div class=\"date\"><span data-date-format=\"l\">Donnerstag<\/span> <span data-date-format=\"j\">7<\/span> <span data-date-format=\"F\">Mai<\/span><\/div>\n\n\t\t\t\t\t\t\t\t\t\t\t<div class=\"event-info\">\n\t\t\t\t\t\t\t\t\t\t\t\t\t\t\t\t\t\t\t\t\t\t\t\t\t<div class=\"time\">\n\t\t\t\t\t\t\t\t\t\t\t\t\t\t<span class=\"start_time\">19:00<\/span>\n\t\t\t\t\t\t\t\t\t\t\t\t\t\t\t\t\t\t\t\t\t\t\t\t\t\t\t\t\t<span class=\"end_time\">&#8211; 21:00<\/span>\n\t\t\t\t\t\t\t\t\t\t\t\t\t\t\t\t\t\t\t\t\t\t\t\t\t\t\t\t<\/div>\n\t\t\t\t\t\t\t\t\t\t\t\t\t<div class=\"title\">\u00dcbung<\/div>\t\t\t\t\t\t\t\t\t\t\t<\/div>\n\t\t\t\t\t\t\t\t\t\t\n\t\t\t\t\t\t\t\t\t\t<\/li>\n\n\t\t\t\t\t\t\t\t\t\t\t\t\t<\/ul>\n\t\t<\/article>\n\n\t\t\n<\/section>\n[\/et_pb_blurb][et_pb_blurb title=&#8220;Katwarn&#8220; _builder_version=&#8220;4.27.4&#8243; _module_preset=&#8220;default&#8220; header_font=&#8220;|600|||||||&#8220; header_text_align=&#8220;center&#8220; header_line_height=&#8220;2em&#8220; body_line_height=&#8220;1em&#8220; custom_padding=&#8220;1em|1em|1em|1em|true|true&#8220; border_width_all=&#8220;2px&#8220; border_color_all=&#8220;#dbdbdb&#8220; global_colors_info=&#8220;{}&#8220; theme_builder_area=&#8220;post_content&#8220;]<a href=\"https:\/\/warnungen.katwarn.de\/\" target=\"_blank\" rel=\"noopener noreferrer\"><img decoding=\"async\" style=\"display: block; margin-left: auto; margin-right: auto;\" src=\"https:\/\/warnungen.katwarn.de\/widget\/kus_box.png\" alt=\"Katwarn Warnungen\" \/><\/a>[\/et_pb_blurb][et_pb_blurb title=&#8220;Wetterwarnungen&#8220; _builder_version=&#8220;4.27.4&#8243; _module_preset=&#8220;default&#8220; header_font=&#8220;|600|||||||&#8220; header_text_align=&#8220;center&#8220; header_line_height=&#8220;2em&#8220; body_line_height=&#8220;1em&#8220; custom_padding=&#8220;1em|1em|1em|1em|true|true&#8220; border_width_all=&#8220;2px&#8220; border_color_all=&#8220;#dbdbdb&#8220; global_colors_info=&#8220;{}&#8220; theme_builder_area=&#8220;post_content&#8220;]<\/p>\n<p><img decoding=\"async\" src=\"https:\/\/www.dwd.de\/DWD\/warnungen\/warnapp_gemeinden\/json\/warnungen_gemeinde_map_rps.png\" \/><\/p>\n<p>[\/et_pb_blurb][\/et_pb_column][\/et_pb_row][\/et_pb_section]<\/p>\n","protected":false},"excerpt":{"rendered":"<p>Lfd. Nr. Datum Einsatz 58 22.12.2014 Notfallt\u00fcr\u00f6ffnung in Ulmet 57 22.12.2014 Stromleitung auf Fahrbahn in Altenglan 56 19.12.2014 M\u00fcllcontainerbrand in Altenglan 55 17.12.2014 Notfallt\u00fcr\u00f6ffnung in Rathsweiler 54 09.12.2014 Verkehrsunfall Niederalben Fahrtrichtung Baumholder 53 06.12.2014 Notfallt\u00fcr\u00f6ffnung in F\u00f6ckelberg 52 25.11.2014 Person von Zug erfasst zwischen Rammelsbach und Kusel 51 11.11.2014 Absicherung Martinsumzug in Altenglan, Bedesbach und [&hellip;]<\/p>\n","protected":false},"author":1,"featured_media":0,"parent":0,"menu_order":0,"comment_status":"closed","ping_status":"closed","template":"","meta":{"_et_pb_use_builder":"on","_et_pb_old_content":"<!-- wp:divi\/placeholder \/-->","_et_gb_content_width":"","footnotes":""},"class_list":["post-1417","page","type-page","status-publish","hentry"],"_links":{"self":[{"href":"https:\/\/www.feuerwehr-altenglan.de\/index.php?rest_route=\/wp\/v2\/pages\/1417","targetHints":{"allow":["GET"]}}],"collection":[{"href":"https:\/\/www.feuerwehr-altenglan.de\/index.php?rest_route=\/wp\/v2\/pages"}],"about":[{"href":"https:\/\/www.feuerwehr-altenglan.de\/index.php?rest_route=\/wp\/v2\/types\/page"}],"author":[{"embeddable":true,"href":"https:\/\/www.feuerwehr-altenglan.de\/index.php?rest_route=\/wp\/v2\/users\/1"}],"replies":[{"embeddable":true,"href":"https:\/\/www.feuerwehr-altenglan.de\/index.php?rest_route=%2Fwp%2Fv2%2Fcomments&post=1417"}],"version-history":[{"count":3,"href":"https:\/\/www.feuerwehr-altenglan.de\/index.php?rest_route=\/wp\/v2\/pages\/1417\/revisions"}],"predecessor-version":[{"id":1530,"href":"https:\/\/www.feuerwehr-altenglan.de\/index.php?rest_route=\/wp\/v2\/pages\/1417\/revisions\/1530"}],"wp:attachment":[{"href":"https:\/\/www.feuerwehr-altenglan.de\/index.php?rest_route=%2Fwp%2Fv2%2Fmedia&parent=1417"}],"curies":[{"name":"wp","href":"https:\/\/api.w.org\/{rel}","templated":true}]}}