{"id":1413,"date":"2025-01-19T13:47:44","date_gmt":"2025-01-19T12:47:44","guid":{"rendered":"https:\/\/www.feuerwehr-altenglan.de\/?page_id=1413"},"modified":"2025-01-20T09:01:29","modified_gmt":"2025-01-20T08:01:29","slug":"einsaetze-2012","status":"publish","type":"page","link":"https:\/\/www.feuerwehr-altenglan.de\/?page_id=1413","title":{"rendered":"Eins\u00e4tze 2012"},"content":{"rendered":"<p>[et_pb_section fb_built=&#8220;1&#8243; _builder_version=&#8220;4.27.4&#8243; _module_preset=&#8220;default&#8220; custom_padding=&#8220;0px||0px||true|false&#8220; global_colors_info=&#8220;{}&#8220; theme_builder_area=&#8220;post_content&#8220;][et_pb_row column_structure=&#8220;2_3,1_3&#8243; _builder_version=&#8220;4.27.4&#8243; _module_preset=&#8220;default&#8220; width=&#8220;100%&#8220; max_width=&#8220;80%&#8220; module_alignment=&#8220;center&#8220; global_colors_info=&#8220;{}&#8220; theme_builder_area=&#8220;post_content&#8220;][et_pb_column type=&#8220;2_3&#8243; _builder_version=&#8220;4.27.4&#8243; _module_preset=&#8220;default&#8220; background_color=&#8220;#f5f5f5&#8243; custom_padding=&#8220;3em|3em|3em|3em|true|true&#8220; border_radii=&#8220;on|15px|15px|15px|15px&#8220; global_colors_info=&#8220;{}&#8220; theme_builder_area=&#8220;post_content&#8220;][et_pb_heading title=&#8220;Eins\u00e4tze im Jahr 2012&#8243; _builder_version=&#8220;4.27.4&#8243; _module_preset=&#8220;default&#8220; title_text_align=&#8220;center&#8220; hover_enabled=&#8220;0&#8243; global_colors_info=&#8220;{}&#8220; theme_builder_area=&#8220;post_content&#8220; sticky_enabled=&#8220;0&#8243;][\/et_pb_heading][et_pb_text module_class=&#8220;einsaetze-tabelle&#8220; _builder_version=&#8220;4.27.4&#8243; _module_preset=&#8220;default&#8220; text_font_size=&#8220;16px&#8220; hover_enabled=&#8220;0&#8243; global_colors_info=&#8220;{}&#8220; theme_builder_area=&#8220;post_content&#8220; sticky_enabled=&#8220;0&#8243;]<\/p>\n<table>\n<thead>\n<tr>\n<th>Lfd. Nr.<\/th>\n<th>Datum<\/th>\n<th>Einsatz<\/th>\n<\/tr>\n<\/thead>\n<tbody>\n<tr>\n<td style=\"width: 45.8167px;\">88<\/td>\n<td style=\"width: 84.85px;\">29.12.2012<\/td>\n<td style=\"width: 652.333px;\">\n<div>Ger\u00f6ll und Schlamm auf Radweg in Altenglan<\/div>\n<\/td>\n<\/tr>\n<tr>\n<td style=\"width: 45.8167px;\">85-87<\/td>\n<td style=\"width: 84.85px;\">27.12.2012<\/td>\n<td style=\"width: 652.333px;\">\n<div>Hochwassereins\u00e4tze VG<\/div>\n<\/td>\n<\/tr>\n<tr>\n<td style=\"width: 45.8167px;\">84<\/td>\n<td style=\"width: 84.85px;\">24.12.2012<\/td>\n<td style=\"width: 652.333px;\">\n<div>Notfallt\u00fcr\u00f6ffnung in M\u00fchlbach<\/div>\n<\/td>\n<\/tr>\n<tr>\n<td style=\"width: 45.8167px;\">83<\/td>\n<td style=\"width: 84.85px;\">23.12.2012<\/td>\n<td style=\"width: 652.333px;\">\n<div>Brand einer Elektroheizung in Bedesbach<\/div>\n<\/td>\n<\/tr>\n<tr>\n<td style=\"width: 45.8167px;\">82<\/td>\n<td style=\"width: 84.85px;\">21.12.2012<\/td>\n<td style=\"width: 652.333px;\">\n<div>Wasser im Keller in Altenglan<\/div>\n<\/td>\n<\/tr>\n<tr>\n<td style=\"width: 45.8167px;\">81<\/td>\n<td style=\"width: 84.85px;\">19.12.2012<\/td>\n<td style=\"width: 652.333px;\">\n<div>Saunabrand Felschbachhof in Ulmet<\/div>\n<\/td>\n<\/tr>\n<tr>\n<td style=\"width: 45.8167px;\">80<\/td>\n<td style=\"width: 84.85px;\">17.12.2012<\/td>\n<td style=\"width: 652.333px;\">\n<div>PKW Brand B420 in Rammelsbach<\/div>\n<\/td>\n<\/tr>\n<tr>\n<td style=\"width: 45.8167px;\">79<\/td>\n<td style=\"width: 84.85px;\">13.12.2012<\/td>\n<td style=\"width: 652.333px;\">\n<div>Notfallt\u00fcr\u00f6ffung in Bosenbach<\/div>\n<\/td>\n<\/tr>\n<tr>\n<td style=\"width: 45.8167px;\">78<\/td>\n<td style=\"width: 84.85px;\">10.12.2012<\/td>\n<td style=\"width: 652.333px;\">\n<div>Auslaufende Betriebstoffe aus Radlader in Altenglan<\/div>\n<\/td>\n<\/tr>\n<tr>\n<td style=\"width: 45.8167px;\">77<\/td>\n<td style=\"width: 84.85px;\">15.11.2012<\/td>\n<td style=\"width: 652.333px;\">\n<div>VU auslaufende Betriebsstoffe Altenglan B420<\/div>\n<\/td>\n<\/tr>\n<tr>\n<td style=\"width: 45.8167px;\">76<\/td>\n<td style=\"width: 84.85px;\">12.11.2012<\/td>\n<td style=\"width: 652.333px;\">\n<div>Sicherung St. Martinsumzug in Bedesbach<\/div>\n<\/td>\n<\/tr>\n<tr>\n<td style=\"width: 45.8167px;\">75<\/td>\n<td style=\"width: 84.85px;\">12.11.2012<\/td>\n<td style=\"width: 652.333px;\">\n<div>Sicherung St. Martinsumzug in Altenglan<\/div>\n<\/td>\n<\/tr>\n<tr>\n<td style=\"width: 45.8167px;\">74<\/td>\n<td style=\"width: 84.85px;\">08.11.2012<\/td>\n<td style=\"width: 652.333px;\">\n<div>Notfallt\u00fcr\u00f6ffnung in Altenglan<\/div>\n<\/td>\n<\/tr>\n<tr>\n<td style=\"width: 45.8167px;\">73<\/td>\n<td style=\"width: 84.85px;\">06.11.2012<\/td>\n<td style=\"width: 652.333px;\">\n<div>VU unklare Lage Niederalben -&gt; Baumholder<\/div>\n<\/td>\n<\/tr>\n<tr>\n<td style=\"width: 45.8167px;\">72<\/td>\n<td style=\"width: 84.85px;\">31.10.2012<\/td>\n<td style=\"width: 652.333px;\">\n<div>Brandsicherheitswache in Altenglan<\/div>\n<\/td>\n<\/tr>\n<tr>\n<td style=\"width: 45.8167px;\">71<\/td>\n<td style=\"width: 84.85px;\">18.10.2012<\/td>\n<td style=\"width: 652.333px;\">\n<div>\u00d6lspur nach VU in M\u00fchlbach am Glan<\/div>\n<\/td>\n<\/tr>\n<tr>\n<td style=\"width: 45.8167px;\">70<\/td>\n<td style=\"width: 84.85px;\">16.10.2012<\/td>\n<td style=\"width: 652.333px;\">\n<div>VU K22 Ulmet -&gt; Mayweilerhof<\/div>\n<\/td>\n<\/tr>\n<tr>\n<td style=\"width: 45.8167px;\">69<\/td>\n<td style=\"width: 84.85px;\">15.10.2012<\/td>\n<td style=\"width: 652.333px;\">\n<div>Notfallt\u00fcr\u00f6ffnung in Erdesbach<\/div>\n<\/td>\n<\/tr>\n<tr>\n<td style=\"width: 45.8167px;\">68<\/td>\n<td style=\"width: 84.85px;\">06.10.2012<\/td>\n<td style=\"width: 652.333px;\">\n<div>Notfallt\u00fcr\u00f6ffnung in Ruthsweiler am Glan<\/div>\n<\/td>\n<\/tr>\n<tr>\n<td style=\"width: 45.8167px;\">67<\/td>\n<td style=\"width: 84.85px;\">19.09.2012<\/td>\n<td style=\"width: 652.333px;\">\n<div>Rauchentwicklung in Oberstaufenbach<\/div>\n<\/td>\n<\/tr>\n<tr>\n<td style=\"width: 45.8167px;\">66<\/td>\n<td style=\"width: 84.85px;\">16.09.2012<\/td>\n<td style=\"width: 652.333px;\">\n<div>Sicherheitswache Bauernmarkt<\/div>\n<\/td>\n<\/tr>\n<tr>\n<td style=\"width: 45.8167px;\">65<\/td>\n<td style=\"width: 84.85px;\">15.09.2012<\/td>\n<td style=\"width: 652.333px;\">\n<div>Sicherheitswache Bauernmarkt<\/div>\n<\/td>\n<\/tr>\n<tr>\n<td style=\"width: 45.8167px;\">64<\/td>\n<td style=\"width: 84.85px;\">11.09.2012<\/td>\n<td style=\"width: 652.333px;\">\n<div>Gefahrstoffeinsatz<\/div>\n<\/td>\n<\/tr>\n<tr>\n<td style=\"width: 45.8167px;\">63<\/td>\n<td style=\"width: 84.85px;\">06.09.2012<\/td>\n<td style=\"width: 652.333px;\">\n<div>BMA Sparkasse Altenglan<\/div>\n<\/td>\n<\/tr>\n<tr>\n<td style=\"width: 45.8167px;\">62<\/td>\n<td style=\"width: 84.85px;\">04.09.2012<\/td>\n<td style=\"width: 652.333px;\">\n<div>Fehlalarm durch Leitstelle Kaiser<\/div>\n<\/td>\n<\/tr>\n<tr>\n<td style=\"width: 45.8167px;\">61<\/td>\n<td style=\"width: 84.85px;\">02.09.2012<\/td>\n<td style=\"width: 652.333px;\">\n<div>Brand im Sportheim Altenglan<\/div>\n<\/td>\n<\/tr>\n<tr>\n<td style=\"width: 45.8167px;\">60<\/td>\n<td style=\"width: 84.85px;\">01.09.2012<\/td>\n<td style=\"width: 652.333px;\">\n<div>Notfallt\u00fcr\u00f6ffnung in Patersbach<\/div>\n<\/td>\n<\/tr>\n<tr>\n<td style=\"width: 45.8167px;\">57-59<\/td>\n<td style=\"width: 84.85px;\">29.08.2012<\/td>\n<td style=\"width: 652.333px;\">\n<div>3 \u00dcberschwemmte Wohnungen in Rathsweiler<\/div>\n<\/td>\n<\/tr>\n<tr>\n<td style=\"width: 45.8167px;\">56<\/td>\n<td style=\"width: 84.85px;\">29.08.2012<\/td>\n<td style=\"width: 652.333px;\">\n<div>\u00dcberschwemmte Stra\u00dfe in Rathsweiler<\/div>\n<\/td>\n<\/tr>\n<tr>\n<td style=\"width: 45.8167px;\">55<\/td>\n<td style=\"width: 84.85px;\">24.08.2012<\/td>\n<td style=\"width: 652.333px;\">\n<div>Eigentumssicherung in Elzweiler<\/div>\n<\/td>\n<\/tr>\n<tr>\n<td style=\"width: 45.8167px;\">54<\/td>\n<td style=\"width: 84.85px;\">23.08.2012<\/td>\n<td style=\"width: 652.333px;\">\n<div>Rauchentwicklung auf dem Truppen\u00fcbungsplatz<\/div>\n<\/td>\n<\/tr>\n<tr>\n<td style=\"width: 45.8167px;\">53<\/td>\n<td style=\"width: 84.85px;\">05.08.2012<\/td>\n<td style=\"width: 652.333px;\">\n<div>Wassernotstand in Altenglan Bahnhofstra\u00dfe<\/div>\n<\/td>\n<\/tr>\n<tr>\n<td style=\"width: 45.8167px;\">52<\/td>\n<td style=\"width: 84.85px;\">25.07.2012<\/td>\n<td style=\"width: 652.333px;\">\n<div>Baby im PKW eingeschlossen<\/div>\n<\/td>\n<\/tr>\n<tr>\n<td style=\"width: 45.8167px;\">51<\/td>\n<td style=\"width: 84.85px;\">24.07.2012<\/td>\n<td style=\"width: 652.333px;\">\n<div>Umgest\u00fcrzter Baum auf der Draisinenstrecke in Altenglan<\/div>\n<\/td>\n<\/tr>\n<tr>\n<td style=\"width: 45.8167px;\">50<\/td>\n<td style=\"width: 84.85px;\">24.07.2012<\/td>\n<td style=\"width: 652.333px;\">\n<div>Schwelbrand unter Solarzellen am Penny Markt in Altenglan<\/div>\n<\/td>\n<\/tr>\n<tr>\n<td style=\"width: 45.8167px;\">49<\/td>\n<td style=\"width: 84.85px;\">22.07.2012<\/td>\n<td style=\"width: 652.333px;\">\n<div>Kellerbrand in M\u00fchlbach<\/div>\n<\/td>\n<\/tr>\n<tr>\n<td style=\"width: 45.8167px;\">48<\/td>\n<td style=\"width: 84.85px;\">20.07.2012<\/td>\n<td style=\"width: 652.333px;\">\n<div>Trocknerbrand in Rammelsbach<\/div>\n<\/td>\n<\/tr>\n<tr>\n<td style=\"width: 45.8167px;\">47<\/td>\n<td style=\"width: 84.85px;\">17.07.2012<\/td>\n<td style=\"width: 652.333px;\">\n<div>Mehrmaliges Knallen aus Kanal in Bosenbach<\/div>\n<\/td>\n<\/tr>\n<tr>\n<td style=\"width: 45.8167px;\">46<\/td>\n<td style=\"width: 84.85px;\">10.07.2012<\/td>\n<td style=\"width: 652.333px;\">\n<div>Ausgel\u00f6ste BMA Firma RME in Rammelsbach<\/div>\n<\/td>\n<\/tr>\n<tr>\n<td style=\"width: 45.8167px;\">42-45<\/td>\n<td style=\"width: 84.85px;\">05.07.2012<\/td>\n<td style=\"width: 652.333px;\">\n<div>3 Unwettereins\u00e4tze VG Alt + 1x BMA Realschule Plus in Altenglan<\/div>\n<\/td>\n<\/tr>\n<tr>\n<td style=\"width: 45.8167px;\">41<\/td>\n<td style=\"width: 84.85px;\">17.06.2012<\/td>\n<td style=\"width: 652.333px;\">\n<div>Umgest\u00fcrzter Baum L367 Friedelhausen<\/div>\n<\/td>\n<\/tr>\n<tr>\n<td style=\"width: 45.8167px;\">40<\/td>\n<td style=\"width: 84.85px;\">15.06.2012<\/td>\n<td style=\"width: 652.333px;\">\n<div>VU unklare Lage B420 Patersbach<\/div>\n<\/td>\n<\/tr>\n<tr>\n<td style=\"width: 45.8167px;\">39<\/td>\n<td style=\"width: 84.85px;\">13.06.2012<\/td>\n<td style=\"width: 652.333px;\">\n<div>Umgest\u00fcrzter Baum in Friedelhausen<\/div>\n<\/td>\n<\/tr>\n<tr>\n<td style=\"width: 45.8167px;\">38<\/td>\n<td style=\"width: 84.85px;\">08.06.2012<\/td>\n<td style=\"width: 652.333px;\">\n<div>Umgest\u00fcrzter Baum in Rammelsbach Kandelbrunnerstra\u00dfe<\/div>\n<\/td>\n<\/tr>\n<tr>\n<td style=\"width: 45.8167px;\">37<\/td>\n<td style=\"width: 84.85px;\">31.05.2012<\/td>\n<td style=\"width: 652.333px;\">\n<div>VU auslaufende Betriebsstoffe in Rammelsbach<\/div>\n<\/td>\n<\/tr>\n<tr>\n<td style=\"width: 45.8167px;\">36<\/td>\n<td style=\"width: 84.85px;\">30.05.2012<\/td>\n<td style=\"width: 652.333px;\">\n<div>Notfallt\u00fcr\u00f6ffnung in M\u00fchlbach<\/div>\n<\/td>\n<\/tr>\n<tr>\n<td style=\"width: 45.8167px;\">35<\/td>\n<td style=\"width: 84.85px;\">17.05.2012<\/td>\n<td style=\"width: 652.333px;\">\n<div>Hilfllose Person im Glan in Ulmet<\/div>\n<\/td>\n<\/tr>\n<tr>\n<td style=\"width: 45.8167px;\">34<\/td>\n<td style=\"width: 84.85px;\">16.05.2012<\/td>\n<td style=\"width: 652.333px;\">\n<div>Fundtier in Niederalben<\/div>\n<\/td>\n<\/tr>\n<tr>\n<td style=\"width: 45.8167px;\">33<\/td>\n<td style=\"width: 84.85px;\">12.05.2012<\/td>\n<td style=\"width: 652.333px;\">\n<div>VU 2 PKW L368 i.R. Hoschbach<\/div>\n<\/td>\n<\/tr>\n<tr>\n<td style=\"width: 45.8167px;\">32<\/td>\n<td style=\"width: 84.85px;\">05.05.2012<\/td>\n<td style=\"width: 652.333px;\">\n<div>VU \u00fcberschlagener Personentransporter B420 Patersbach i. R. Erdesbach<\/div>\n<\/td>\n<\/tr>\n<tr>\n<td style=\"width: 45.8167px;\">31<\/td>\n<td style=\"width: 84.85px;\">04.05.2012<\/td>\n<td style=\"width: 652.333px;\">\n<div>Garagenbrand in Altenglan<\/div>\n<\/td>\n<\/tr>\n<tr>\n<td style=\"width: 45.8167px;\">30<\/td>\n<td style=\"width: 84.85px;\">01.05.2012<\/td>\n<td style=\"width: 652.333px;\">\n<div>Kleinbrand Sportheim in Altenglan<\/div>\n<\/td>\n<\/tr>\n<tr>\n<td style=\"width: 45.8167px;\">29<\/td>\n<td style=\"width: 84.85px;\">01.05.2012<\/td>\n<td style=\"width: 652.333px;\">\n<div>Heckenbrand Streitm\u00fchle<\/div>\n<\/td>\n<\/tr>\n<tr>\n<td style=\"width: 45.8167px;\">28<\/td>\n<td style=\"width: 84.85px;\">28.04.2012<\/td>\n<td style=\"width: 652.333px;\">\n<div>Gefahrstoffzugeinsatz, Unterst\u00fctzung GWG Konken Gasaustritt in Dennweiler-Frohnbach<\/div>\n<\/td>\n<\/tr>\n<tr>\n<td style=\"width: 45.8167px;\">27<\/td>\n<td style=\"width: 84.85px;\">27.04.2012<\/td>\n<td style=\"width: 652.333px;\">\n<div>Kaminbrand in Niederstaufenbach<\/div>\n<\/td>\n<\/tr>\n<tr>\n<td style=\"width: 45.8167px;\">26<\/td>\n<td style=\"width: 84.85px;\">05.04.2012<\/td>\n<td style=\"width: 652.333px;\">\n<div>Kaminbrand in Altenglan<\/div>\n<\/td>\n<\/tr>\n<tr>\n<td style=\"width: 45.8167px;\">25<\/td>\n<td style=\"width: 84.85px;\">31.03.2012<\/td>\n<td style=\"width: 652.333px;\">\n<div>Traktorbrand in Obertstaufenbach<\/div>\n<\/td>\n<\/tr>\n<tr>\n<td style=\"width: 45.8167px;\">24<\/td>\n<td style=\"width: 84.85px;\">29.03.2012<\/td>\n<td style=\"width: 652.333px;\">\n<div>Notfallt\u00fcr\u00f6ffnung in Bedesbach<\/div>\n<\/td>\n<\/tr>\n<tr>\n<td style=\"width: 45.8167px;\">23<\/td>\n<td style=\"width: 84.85px;\">27.03.2012<\/td>\n<td style=\"width: 652.333px;\">\n<div>Person in Zwangslage, Medizinischer Notfall in Altenglan<\/div>\n<\/td>\n<\/tr>\n<tr>\n<td style=\"width: 45.8167px;\">22<\/td>\n<td style=\"width: 84.85px;\">25.03.2012<\/td>\n<td style=\"width: 652.333px;\">\n<div>VU Ulmet Kreuzung Austra\u00dfe &#8211; B420<\/div>\n<\/td>\n<\/tr>\n<tr>\n<td style=\"width: 45.8167px;\">21<\/td>\n<td style=\"width: 84.85px;\">23.03.2012<\/td>\n<td style=\"width: 652.333px;\">\n<div>Kellerbrand in M\u00fchlbach<\/div>\n<\/td>\n<\/tr>\n<tr>\n<td style=\"width: 45.8167px;\">20<\/td>\n<td style=\"width: 84.85px;\">22.03.2012<\/td>\n<td style=\"width: 652.333px;\">\n<div>Einsatz f\u00fcr den Schornsteinfeger Altenglan in Deimberg VG Lauterecken<\/div>\n<\/td>\n<\/tr>\n<tr>\n<td style=\"width: 45.8167px;\">19<\/td>\n<td style=\"width: 84.85px;\">21.03.2012<\/td>\n<td style=\"width: 652.333px;\">\n<div>Waldbrand in F\u00f6ckelberg<\/div>\n<\/td>\n<\/tr>\n<tr>\n<td style=\"width: 45.8167px;\">18<\/td>\n<td style=\"width: 84.85px;\">20.03.2012<\/td>\n<td style=\"width: 652.333px;\">\n<div>PKW Brand K22 Ulmet -&gt; Mayweilerhof<\/div>\n<\/td>\n<\/tr>\n<tr>\n<td style=\"width: 45.8167px;\">17<\/td>\n<td style=\"width: 84.85px;\">18.03.2012<\/td>\n<td style=\"width: 652.333px;\">\n<div>Eigentumsicherung nach Einbruch im Penny Markt<\/div>\n<\/td>\n<\/tr>\n<tr>\n<td style=\"width: 45.8167px;\">16<\/td>\n<td style=\"width: 84.85px;\">17.03.2012<\/td>\n<td style=\"width: 652.333px;\">\n<div>VU, unklare Lage in Ulmet<\/div>\n<\/td>\n<\/tr>\n<tr>\n<td style=\"width: 45.8167px;\">15<\/td>\n<td style=\"width: 84.85px;\">17.03.2012<\/td>\n<td style=\"width: 652.333px;\">\n<div>Fl\u00e4chenbrand in Bedesbach ehemaliges Nato Tanklager<\/div>\n<\/td>\n<\/tr>\n<tr>\n<td style=\"width: 45.8167px;\">14<\/td>\n<td style=\"width: 84.85px;\">02.03.2012<\/td>\n<td style=\"width: 652.333px;\">\n<div>Gefahrstoffzugeinsatz, Unterst\u00fctzung GWG Konken auslaufende Betriebstoffe aus Zug in Kusel<\/div>\n<\/td>\n<\/tr>\n<tr>\n<td style=\"width: 45.8167px;\">13<\/td>\n<td style=\"width: 84.85px;\">17.02.2012<\/td>\n<td style=\"width: 652.333px;\">\n<div>Wasser im Keller nach Wasserrohrbruch in Altenglan<\/div>\n<\/td>\n<\/tr>\n<tr>\n<td style=\"width: 45.8167px;\">12<\/td>\n<td style=\"width: 84.85px;\">14.02.2012<\/td>\n<td style=\"width: 652.333px;\">\n<div>Wasser im Keller nach Wasserrohrbruch in Altenglan<\/div>\n<\/td>\n<\/tr>\n<tr>\n<td style=\"width: 45.8167px;\">11<\/td>\n<td style=\"width: 84.85px;\">13.02.2012<\/td>\n<td style=\"width: 652.333px;\">\n<div>Kaminbrand in Altenglan<\/div>\n<\/td>\n<\/tr>\n<tr>\n<td style=\"width: 45.8167px;\">10<\/td>\n<td style=\"width: 84.85px;\">07.02.2012<\/td>\n<td style=\"width: 652.333px;\">\n<div>Wasserrohrbruch in Bosenbach<\/div>\n<\/td>\n<\/tr>\n<tr>\n<td style=\"width: 45.8167px;\">09<\/td>\n<td style=\"width: 84.85px;\">07.02.2012<\/td>\n<td style=\"width: 652.333px;\">\n<div>Kleinbrand in Altenglan<\/div>\n<\/td>\n<\/tr>\n<tr>\n<td style=\"width: 45.8167px;\">08<\/td>\n<td style=\"width: 84.85px;\">06.02.2012<\/td>\n<td style=\"width: 652.333px;\">\n<div>Tierrettung in Ulmet<\/div>\n<\/td>\n<\/tr>\n<tr>\n<td style=\"width: 45.8167px;\">07<\/td>\n<td style=\"width: 84.85px;\">06.02.2012<\/td>\n<td style=\"width: 652.333px;\">\n<div>Kaminbrand in Rammelsbach<\/div>\n<\/td>\n<\/tr>\n<tr>\n<td style=\"width: 45.8167px;\">06<\/td>\n<td style=\"width: 84.85px;\">29.01.2012<\/td>\n<td style=\"width: 652.333px;\">\n<div>Containerbrand in Altenglan<\/div>\n<\/td>\n<\/tr>\n<tr>\n<td style=\"width: 45.8167px;\">05<\/td>\n<td style=\"width: 84.85px;\">15.01.2012<\/td>\n<td style=\"width: 652.333px;\">\n<div>Kaminbrand in Rammelsbach<\/div>\n<\/td>\n<\/tr>\n<tr>\n<td style=\"width: 45.8167px;\">04<\/td>\n<td style=\"width: 84.85px;\">14.01.2012<\/td>\n<td style=\"width: 652.333px;\">\n<div>VU unklare Lage K21 Rammelsbach -&gt; Haschbach<\/div>\n<\/td>\n<\/tr>\n<tr>\n<td style=\"width: 45.8167px;\">03<\/td>\n<td style=\"width: 84.85px;\">14.01.2012<\/td>\n<td style=\"width: 652.333px;\">\n<div>Starke Rauchentwicklung in Altenglan<\/div>\n<\/td>\n<\/tr>\n<tr>\n<td style=\"width: 45.8167px;\">02<\/td>\n<td style=\"width: 84.85px;\">06.01.2012<\/td>\n<td style=\"width: 652.333px;\">\n<div>Kaminbrand in Bedesbach<\/div>\n<\/td>\n<\/tr>\n<tr>\n<td style=\"width: 45.8167px;\">01<\/td>\n<td style=\"width: 84.85px;\">05.01.2012<\/td>\n<td style=\"width: 652.333px;\">\n<div>Stra\u00dfensperrung in Rammelsbach wegen Hochwasser<\/div>\n<\/td>\n<\/tr>\n<\/tbody>\n<\/table>\n<p>[\/et_pb_text][\/et_pb_column][et_pb_column type=&#8220;1_3&#8243; _builder_version=&#8220;4.27.4&#8243; _module_preset=&#8220;default&#8220; background_color=&#8220;#f5f5f5&#8243; custom_padding=&#8220;3em|3em|3em|3em|true|true&#8220; border_radii=&#8220;on|15px|15px|15px|15px&#8220; global_colors_info=&#8220;{}&#8220; theme_builder_area=&#8220;post_content&#8220;][et_pb_blurb title=&#8220;N\u00e4chste Termine&#8220; _builder_version=&#8220;4.27.4&#8243; _module_preset=&#8220;default&#8220; header_font=&#8220;|600|||||||&#8220; header_text_align=&#8220;center&#8220; header_line_height=&#8220;2em&#8220; body_line_height=&#8220;1em&#8220; custom_padding=&#8220;1em|1em|1em|1em|true|true&#8220; border_width_all=&#8220;2px&#8220; border_color_all=&#8220;#dbdbdb&#8220; global_colors_info=&#8220;{}&#8220; theme_builder_area=&#8220;post_content&#8220;]\n<section class=\" ics-calendar layout-basic stickymonths\" id=\"r69f2f4c9d808c84\" style=\"opacity: 1;\">\n\n\t\t\t<article class=\"ics-calendar-basic-wrapper\">\n\n\t\t\t\n\t\t\t<ul class=\"events r34ics-basic-events\">\n\t\t\t\t\t\t\t\t\t\n\t\t\t\t\t\t\t\t\t\t<li class=\"event t190000\" data-dow=\"4\" data-wknum=\"18\" data-rel2today=\"today\" data-feed-key=\"0\">\n\t\t\t\t\t\t\t\t\t\t\t<div class=\"date\"><span data-date-format=\"l\">Donnerstag<\/span> <span data-date-format=\"j\">30<\/span> <span data-date-format=\"F\">April<\/span><\/div>\n\n\t\t\t\t\t\t\t\t\t\t\t<div class=\"event-info\">\n\t\t\t\t\t\t\t\t\t\t\t\t\t\t\t\t\t\t\t\t\t\t\t\t\t<div class=\"time\">\n\t\t\t\t\t\t\t\t\t\t\t\t\t\t<span class=\"start_time\">19:00<\/span>\n\t\t\t\t\t\t\t\t\t\t\t\t\t\t\t\t\t\t\t\t\t\t\t\t\t\t\t\t\t<span class=\"end_time\">&#8211; 21:00<\/span>\n\t\t\t\t\t\t\t\t\t\t\t\t\t\t\t\t\t\t\t\t\t\t\t\t\t\t\t\t<\/div>\n\t\t\t\t\t\t\t\t\t\t\t\t\t<div class=\"title\">\u00dcbung<\/div>\t\t\t\t\t\t\t\t\t\t\t<\/div>\n\t\t\t\t\t\t\t\t\t\t\n\t\t\t\t\t\t\t\t\t\t<\/li>\n\n\t\t\t\t\t\t\t\t\t\t\t\t\t\t\t\n\t\t\t\t\t\t\t\t\t\t<li class=\"event t190000\" data-dow=\"4\" data-wknum=\"19\" data-rel2today=\"future\" data-feed-key=\"0\">\n\t\t\t\t\t\t\t\t\t\t\t<div class=\"date\"><span data-date-format=\"l\">Donnerstag<\/span> <span data-date-format=\"j\">7<\/span> <span data-date-format=\"F\">Mai<\/span><\/div>\n\n\t\t\t\t\t\t\t\t\t\t\t<div class=\"event-info\">\n\t\t\t\t\t\t\t\t\t\t\t\t\t\t\t\t\t\t\t\t\t\t\t\t\t<div class=\"time\">\n\t\t\t\t\t\t\t\t\t\t\t\t\t\t<span class=\"start_time\">19:00<\/span>\n\t\t\t\t\t\t\t\t\t\t\t\t\t\t\t\t\t\t\t\t\t\t\t\t\t\t\t\t\t<span class=\"end_time\">&#8211; 21:00<\/span>\n\t\t\t\t\t\t\t\t\t\t\t\t\t\t\t\t\t\t\t\t\t\t\t\t\t\t\t\t<\/div>\n\t\t\t\t\t\t\t\t\t\t\t\t\t<div class=\"title\">\u00dcbung<\/div>\t\t\t\t\t\t\t\t\t\t\t<\/div>\n\t\t\t\t\t\t\t\t\t\t\n\t\t\t\t\t\t\t\t\t\t<\/li>\n\n\t\t\t\t\t\t\t\t\t\t\t\t\t<\/ul>\n\t\t<\/article>\n\n\t\t\n<\/section>\n[\/et_pb_blurb][et_pb_blurb title=&#8220;Katwarn&#8220; _builder_version=&#8220;4.27.4&#8243; _module_preset=&#8220;default&#8220; header_font=&#8220;|600|||||||&#8220; header_text_align=&#8220;center&#8220; header_line_height=&#8220;2em&#8220; body_line_height=&#8220;1em&#8220; custom_padding=&#8220;1em|1em|1em|1em|true|true&#8220; border_width_all=&#8220;2px&#8220; border_color_all=&#8220;#dbdbdb&#8220; global_colors_info=&#8220;{}&#8220; theme_builder_area=&#8220;post_content&#8220;]<a href=\"https:\/\/warnungen.katwarn.de\/\" target=\"_blank\" rel=\"noopener noreferrer\"><img decoding=\"async\" style=\"display: block; margin-left: auto; margin-right: auto;\" src=\"https:\/\/warnungen.katwarn.de\/widget\/kus_box.png\" alt=\"Katwarn Warnungen\" \/><\/a>[\/et_pb_blurb][et_pb_blurb title=&#8220;Wetterwarnungen&#8220; _builder_version=&#8220;4.27.4&#8243; _module_preset=&#8220;default&#8220; header_font=&#8220;|600|||||||&#8220; header_text_align=&#8220;center&#8220; header_line_height=&#8220;2em&#8220; body_line_height=&#8220;1em&#8220; custom_padding=&#8220;1em|1em|1em|1em|true|true&#8220; border_width_all=&#8220;2px&#8220; border_color_all=&#8220;#dbdbdb&#8220; global_colors_info=&#8220;{}&#8220; theme_builder_area=&#8220;post_content&#8220;]<\/p>\n<p><img decoding=\"async\" src=\"https:\/\/www.dwd.de\/DWD\/warnungen\/warnapp_gemeinden\/json\/warnungen_gemeinde_map_rps.png\" \/><\/p>\n<p>[\/et_pb_blurb][\/et_pb_column][\/et_pb_row][\/et_pb_section]<\/p>\n","protected":false},"excerpt":{"rendered":"<p>Lfd. Nr. Datum Einsatz 88 29.12.2012 Ger\u00f6ll und Schlamm auf Radweg in Altenglan 85-87 27.12.2012 Hochwassereins\u00e4tze VG 84 24.12.2012 Notfallt\u00fcr\u00f6ffnung in M\u00fchlbach 83 23.12.2012 Brand einer Elektroheizung in Bedesbach 82 21.12.2012 Wasser im Keller in Altenglan 81 19.12.2012 Saunabrand Felschbachhof in Ulmet 80 17.12.2012 PKW Brand B420 in Rammelsbach 79 13.12.2012 Notfallt\u00fcr\u00f6ffung in Bosenbach 78 [&hellip;]<\/p>\n","protected":false},"author":1,"featured_media":0,"parent":0,"menu_order":0,"comment_status":"closed","ping_status":"closed","template":"","meta":{"_et_pb_use_builder":"on","_et_pb_old_content":"<!-- wp:divi\/placeholder \/-->","_et_gb_content_width":"","footnotes":""},"class_list":["post-1413","page","type-page","status-publish","hentry"],"_links":{"self":[{"href":"https:\/\/www.feuerwehr-altenglan.de\/index.php?rest_route=\/wp\/v2\/pages\/1413","targetHints":{"allow":["GET"]}}],"collection":[{"href":"https:\/\/www.feuerwehr-altenglan.de\/index.php?rest_route=\/wp\/v2\/pages"}],"about":[{"href":"https:\/\/www.feuerwehr-altenglan.de\/index.php?rest_route=\/wp\/v2\/types\/page"}],"author":[{"embeddable":true,"href":"https:\/\/www.feuerwehr-altenglan.de\/index.php?rest_route=\/wp\/v2\/users\/1"}],"replies":[{"embeddable":true,"href":"https:\/\/www.feuerwehr-altenglan.de\/index.php?rest_route=%2Fwp%2Fv2%2Fcomments&post=1413"}],"version-history":[{"count":3,"href":"https:\/\/www.feuerwehr-altenglan.de\/index.php?rest_route=\/wp\/v2\/pages\/1413\/revisions"}],"predecessor-version":[{"id":1524,"href":"https:\/\/www.feuerwehr-altenglan.de\/index.php?rest_route=\/wp\/v2\/pages\/1413\/revisions\/1524"}],"wp:attachment":[{"href":"https:\/\/www.feuerwehr-altenglan.de\/index.php?rest_route=%2Fwp%2Fv2%2Fmedia&parent=1413"}],"curies":[{"name":"wp","href":"https:\/\/api.w.org\/{rel}","templated":true}]}}