{"id":1411,"date":"2025-01-19T13:47:31","date_gmt":"2025-01-19T12:47:31","guid":{"rendered":"https:\/\/www.feuerwehr-altenglan.de\/?page_id=1411"},"modified":"2025-01-20T08:58:42","modified_gmt":"2025-01-20T07:58:42","slug":"einsaetze-2011","status":"publish","type":"page","link":"https:\/\/www.feuerwehr-altenglan.de\/?page_id=1411","title":{"rendered":"Eins\u00e4tze 2011"},"content":{"rendered":"<p>[et_pb_section fb_built=&#8220;1&#8243; _builder_version=&#8220;4.27.4&#8243; _module_preset=&#8220;default&#8220; custom_padding=&#8220;0px||0px||true|false&#8220; global_colors_info=&#8220;{}&#8220; theme_builder_area=&#8220;post_content&#8220;][et_pb_row column_structure=&#8220;2_3,1_3&#8243; _builder_version=&#8220;4.27.4&#8243; _module_preset=&#8220;default&#8220; width=&#8220;100%&#8220; max_width=&#8220;80%&#8220; module_alignment=&#8220;center&#8220; global_colors_info=&#8220;{}&#8220; theme_builder_area=&#8220;post_content&#8220;][et_pb_column type=&#8220;2_3&#8243; _builder_version=&#8220;4.27.4&#8243; _module_preset=&#8220;default&#8220; background_color=&#8220;#f5f5f5&#8243; custom_padding=&#8220;3em|3em|3em|3em|true|true&#8220; border_radii=&#8220;on|15px|15px|15px|15px&#8220; global_colors_info=&#8220;{}&#8220; theme_builder_area=&#8220;post_content&#8220;][et_pb_heading title=&#8220;Eins\u00e4tze im Jahr 2011&#8243; _builder_version=&#8220;4.27.4&#8243; _module_preset=&#8220;default&#8220; title_text_align=&#8220;center&#8220; hover_enabled=&#8220;0&#8243; global_colors_info=&#8220;{}&#8220; theme_builder_area=&#8220;post_content&#8220; sticky_enabled=&#8220;0&#8243;][\/et_pb_heading][et_pb_text module_class=&#8220;einsaetze-tabelle&#8220; _builder_version=&#8220;4.27.4&#8243; _module_preset=&#8220;default&#8220; text_font_size=&#8220;16px&#8220; hover_enabled=&#8220;0&#8243; global_colors_info=&#8220;{}&#8220; theme_builder_area=&#8220;post_content&#8220; sticky_enabled=&#8220;0&#8243;]<\/p>\n<table style=\"height: 1680px;\">\n<thead>\n<tr style=\"height: 48px;\">\n<th style=\"height: 48px; width: 44.8333px;\">Lfd. Nr.<\/th>\n<th style=\"height: 48px; width: 82.8333px;\">Datum<\/th>\n<th style=\"height: 48px; width: 586.333px;\">Einsatz<\/th>\n<\/tr>\n<\/thead>\n<tbody>\n<tr style=\"height: 24px;\">\n<td style=\"width: 44.8333px; height: 24px;\">117<\/td>\n<td style=\"width: 82.8333px; height: 24px;\">16.12.2011<\/td>\n<td style=\"width: 586.333px; height: 24px;\">\n<div>Wassernotstand in Altenglan Kusler Str.<\/div>\n<\/td>\n<\/tr>\n<tr style=\"height: 24px;\">\n<td style=\"width: 44.8333px; height: 24px;\">116<\/td>\n<td style=\"width: 82.8333px; height: 24px;\">16.12.2011<\/td>\n<td style=\"width: 586.333px; height: 24px;\">\n<div>Wassernotstand in Rammelsbach Haschbacherstr.<\/div>\n<\/td>\n<\/tr>\n<tr style=\"height: 24px;\">\n<td style=\"width: 44.8333px; height: 24px;\">115<\/td>\n<td style=\"width: 82.8333px; height: 24px;\">16.12.2011<\/td>\n<td style=\"width: 586.333px; height: 24px;\">\n<div>Wassernotstand in Niederalben Steinalbstra\u00dfe<\/div>\n<\/td>\n<\/tr>\n<tr style=\"height: 24px;\">\n<td style=\"width: 44.8333px; height: 24px;\">114<\/td>\n<td style=\"width: 82.8333px; height: 24px;\">16.12.2011<\/td>\n<td style=\"width: 586.333px; height: 24px;\">\n<div>Wassernotstand in Rammelsbach Kindergarten<\/div>\n<\/td>\n<\/tr>\n<tr style=\"height: 24px;\">\n<td style=\"width: 44.8333px; height: 24px;\">113<\/td>\n<td style=\"width: 82.8333px; height: 24px;\">16.12.2011<\/td>\n<td style=\"width: 586.333px; height: 24px;\">\n<div>Stra\u00dfensperrung in Rammelsbach wegen Hochwasser<\/div>\n<\/td>\n<\/tr>\n<tr style=\"height: 24px;\">\n<td style=\"width: 44.8333px; height: 24px;\">112<\/td>\n<td style=\"width: 82.8333px; height: 24px;\">08.12.2011<\/td>\n<td style=\"width: 586.333px; height: 24px;\">\n<div>VU unklare Lage B420 bei Ulmet<\/div>\n<\/td>\n<\/tr>\n<tr style=\"height: 24px;\">\n<td style=\"width: 44.8333px; height: 24px;\">111<\/td>\n<td style=\"width: 82.8333px; height: 24px;\">05.12.2011<\/td>\n<td style=\"width: 586.333px; height: 24px;\">\n<div>Medizinischer Notfall + RTH Landesicherung<\/div>\n<\/td>\n<\/tr>\n<tr style=\"height: 24px;\">\n<td style=\"width: 44.8333px; height: 24px;\">110<\/td>\n<td style=\"width: 82.8333px; height: 24px;\">27.11.2011<\/td>\n<td style=\"width: 586.333px; height: 24px;\">\n<div>Notfallt\u00fcr\u00f6ffnung in Rammelsbach<\/div>\n<\/td>\n<\/tr>\n<tr style=\"height: 24px;\">\n<td style=\"width: 44.8333px; height: 24px;\">109<\/td>\n<td style=\"width: 82.8333px; height: 24px;\">13.11.2011<\/td>\n<td style=\"width: 586.333px; height: 24px;\">\n<div>VU 1 Person klemmt, Rathsweiler B420 &#8211;&gt; Erdesbach<\/div>\n<\/td>\n<\/tr>\n<tr style=\"height: 24px;\">\n<td style=\"width: 44.8333px; height: 24px;\">106-8<\/td>\n<td style=\"width: 82.8333px; height: 24px;\">11.11.2011<\/td>\n<td style=\"width: 586.333px; height: 24px;\">\n<div>Verkehrabsicherung Martinsumzug in Altenglan, M\u00fchlbach, Bedesbach<\/div>\n<\/td>\n<\/tr>\n<tr style=\"height: 24px;\">\n<td style=\"width: 44.8333px; height: 24px;\">105<\/td>\n<td style=\"width: 82.8333px; height: 24px;\">01.10.2011<\/td>\n<td style=\"width: 586.333px; height: 24px;\">\n<div>Kind in PKW eingesperrt, Welchweiler<\/div>\n<\/td>\n<\/tr>\n<tr style=\"height: 24px;\">\n<td style=\"width: 44.8333px; height: 24px;\">104<\/td>\n<td style=\"width: 82.8333px; height: 24px;\">24.09.2011<\/td>\n<td style=\"width: 586.333px; height: 24px;\">\n<div>Medizinischer Einsatz nach VU in Altenglan<\/div>\n<\/td>\n<\/tr>\n<tr style=\"height: 24px;\">\n<td style=\"width: 44.8333px; height: 24px;\">103<\/td>\n<td style=\"width: 82.8333px; height: 24px;\">21.09.2011<\/td>\n<td style=\"width: 586.333px; height: 24px;\">\n<div>VU in Kusel h\u00f6he Ziegelh\u00fctte<\/div>\n<\/td>\n<\/tr>\n<tr style=\"height: 24px;\">\n<td style=\"width: 44.8333px; height: 24px;\">102<\/td>\n<td style=\"width: 82.8333px; height: 24px;\">15.09.2011<\/td>\n<td style=\"width: 586.333px; height: 24px;\">\n<div>Messeinsatz (Mef-G) beim Gro\u00dfbrand einer Schreinerei in Sch\u00f6nenberg-K\u00fcbelberg<\/div>\n<\/td>\n<\/tr>\n<tr style=\"height: 24px;\">\n<td style=\"width: 44.8333px; height: 24px;\">101<\/td>\n<td style=\"width: 82.8333px; height: 24px;\">13.09.2011<\/td>\n<td style=\"width: 586.333px; height: 24px;\">\n<div>Kellerbrand in Altenglan, Kusler Stra\u00dfe<\/div>\n<\/td>\n<\/tr>\n<tr style=\"height: 24px;\">\n<td style=\"width: 44.8333px; height: 24px;\">100<\/td>\n<td style=\"width: 82.8333px; height: 24px;\">06.09.2011<\/td>\n<td style=\"width: 586.333px; height: 24px;\">\n<div>Messeinsatz (Mef -G) in Lauterecken, Ausl\u00f6sung einer CO2 L\u00f6schanlage<\/div>\n<\/td>\n<\/tr>\n<tr style=\"height: 24px;\">\n<td style=\"width: 44.8333px; height: 24px;\">99<\/td>\n<td style=\"width: 82.8333px; height: 24px;\">05.09.2011<\/td>\n<td style=\"width: 586.333px; height: 24px;\">\n<div>VU unklare Lage, L367 Friedelhausen -&gt; Altenglan<\/div>\n<\/td>\n<\/tr>\n<tr style=\"height: 24px;\">\n<td style=\"width: 44.8333px; height: 24px;\">98<\/td>\n<td style=\"width: 82.8333px; height: 24px;\">02.09.2011<\/td>\n<td style=\"width: 586.333px; height: 24px;\">\n<div>Rauchentwicklung zwischen Rammelsbach und Kusel n\u00e4he Tierheim<\/div>\n<\/td>\n<\/tr>\n<tr style=\"height: 24px;\">\n<td style=\"width: 44.8333px; height: 24px;\">97<\/td>\n<td style=\"width: 82.8333px; height: 24px;\">20.08.2011<\/td>\n<td style=\"width: 586.333px; height: 24px;\">\n<div>Waldbrand in Neunkirchen am Potzberg<\/div>\n<\/td>\n<\/tr>\n<tr style=\"height: 24px;\">\n<td style=\"width: 44.8333px; height: 24px;\">96<\/td>\n<td style=\"width: 82.8333px; height: 24px;\">13.08.2011<\/td>\n<td style=\"width: 586.333px; height: 24px;\">\n<div>Kellerbrand in Oberstaufenbach<\/div>\n<\/td>\n<\/tr>\n<tr style=\"height: 24px;\">\n<td style=\"width: 44.8333px; height: 24px;\">95<\/td>\n<td style=\"width: 82.8333px; height: 24px;\">10.08.2011<\/td>\n<td style=\"width: 586.333px; height: 24px;\">\n<div>Medizinischer Einsatz nach VU in Niederstaufenbach<\/div>\n<\/td>\n<\/tr>\n<tr style=\"height: 24px;\">\n<td style=\"width: 44.8333px; height: 24px;\">94<\/td>\n<td style=\"width: 82.8333px; height: 24px;\">06.08.2011<\/td>\n<td style=\"width: 586.333px; height: 24px;\">\n<div>Notfallt\u00fcr\u00f6ffnung in Niederalben<\/div>\n<\/td>\n<\/tr>\n<tr style=\"height: 24px;\">\n<td style=\"width: 44.8333px; height: 24px;\">93<\/td>\n<td style=\"width: 82.8333px; height: 24px;\">02.08.2011<\/td>\n<td style=\"width: 586.333px; height: 24px;\">\n<div>M\u00fclltonnenbrand in Altenglan<\/div>\n<\/td>\n<\/tr>\n<tr style=\"height: 24px;\">\n<td style=\"width: 44.8333px; height: 24px;\">92<\/td>\n<td style=\"width: 82.8333px; height: 24px;\">19.07.2011<\/td>\n<td style=\"width: 586.333px; height: 24px;\">\n<div>Traktor im Glan in Altenglan<\/div>\n<\/td>\n<\/tr>\n<tr style=\"height: 24px;\">\n<td style=\"width: 44.8333px; height: 24px;\">91<\/td>\n<td style=\"width: 82.8333px; height: 24px;\">14.07.2011<\/td>\n<td style=\"width: 586.333px; height: 24px;\">\n<div>Verletztes Kleinkind durch herabst\u00fcrzende Decketeile in Altenglan<\/div>\n<\/td>\n<\/tr>\n<tr style=\"height: 24px;\">\n<td style=\"width: 44.8333px; height: 24px;\">90<\/td>\n<td style=\"width: 82.8333px; height: 24px;\">14.07.2011<\/td>\n<td style=\"width: 586.333px; height: 24px;\">\n<div>Notfallt\u00fcr\u00f6ffnung in Niederstaufenbach<\/div>\n<\/td>\n<\/tr>\n<tr style=\"height: 48px;\">\n<td style=\"width: 44.8333px; height: 48px;\">89<\/td>\n<td style=\"width: 82.8333px; height: 48px;\">02.07.2011<\/td>\n<td style=\"width: 586.333px; height: 48px;\">\n<div>Motorrad VU, auslaufende Betriebstoffe L169 zwischen Niederalben und Baumholder<\/div>\n<\/td>\n<\/tr>\n<tr style=\"height: 24px;\">\n<td style=\"width: 44.8333px; height: 24px;\">88<\/td>\n<td style=\"width: 82.8333px; height: 24px;\">14.06.2011<\/td>\n<td style=\"width: 586.333px; height: 24px;\">\n<div>Gr\u00fcnschnittbrand im Grund in Patersbach zum 2.<a href=\"http:\/\/feuerwehr-altenglan.de\/einsaetze\/2011\/14_06\/default.htm\" target=\"_top\"><\/a><\/div>\n<\/td>\n<\/tr>\n<tr style=\"height: 24px;\">\n<td style=\"width: 44.8333px; height: 24px;\">87<\/td>\n<td style=\"width: 82.8333px; height: 24px;\">14.06.2011<\/td>\n<td style=\"width: 586.333px; height: 24px;\">\n<div>BMA bei der RME in Rammelsbach<\/div>\n<\/td>\n<\/tr>\n<tr style=\"height: 24px;\">\n<td style=\"width: 44.8333px; height: 24px;\">86<\/td>\n<td style=\"width: 82.8333px; height: 24px;\">13.06.2011<\/td>\n<td style=\"width: 586.333px; height: 24px;\">\n<div>Sicherheitswache Mittelaltermarkt Wildpark Potzberg<\/div>\n<\/td>\n<\/tr>\n<tr style=\"height: 24px;\">\n<td style=\"width: 44.8333px; height: 24px;\">85<\/td>\n<td style=\"width: 82.8333px; height: 24px;\">12.06.2011<\/td>\n<td style=\"width: 586.333px; height: 24px;\">\n<div>Sicherheitswache Mittelaltermarkt Wildpark Potzberg<\/div>\n<\/td>\n<\/tr>\n<tr style=\"height: 24px;\">\n<td style=\"width: 44.8333px; height: 24px;\">84<\/td>\n<td style=\"width: 82.8333px; height: 24px;\">11.06.2011<\/td>\n<td style=\"width: 586.333px; height: 24px;\">\n<div>Sicherheitswache Mittelaltermarkt Wildpark Potzberg<\/div>\n<\/td>\n<\/tr>\n<tr style=\"height: 24px;\">\n<td style=\"width: 44.8333px; height: 24px;\">83<\/td>\n<td style=\"width: 82.8333px; height: 24px;\">09.06.2011<\/td>\n<td style=\"width: 586.333px; height: 24px;\">Gr\u00fcnschnittbrand im Grund in Patersbach<\/td>\n<\/tr>\n<tr style=\"height: 24px;\">\n<td style=\"width: 44.8333px; height: 24px;\">82<\/td>\n<td style=\"width: 82.8333px; height: 24px;\">31.05.2011<\/td>\n<td style=\"width: 586.333px; height: 24px;\">\n<div>M\u00fclltonnenbrand in Altenglan<\/div>\n<\/td>\n<\/tr>\n<tr style=\"height: 24px;\">\n<td style=\"width: 44.8333px; height: 24px;\">81<\/td>\n<td style=\"width: 82.8333px; height: 24px;\">28.05.2011<\/td>\n<td style=\"width: 586.333px; height: 24px;\">\n<div>Waldbrand Betonstra\u00dfe gemarkung Bosenbach &#8211; Jettenbach<\/div>\n<\/td>\n<\/tr>\n<tr style=\"height: 24px;\">\n<td style=\"width: 44.8333px; height: 24px;\">80<\/td>\n<td style=\"width: 82.8333px; height: 24px;\">26.05.2011<\/td>\n<td style=\"width: 586.333px; height: 24px;\">\n<div>Kadaverbeseitigung im Glan in Rutsweiler am Glan<\/div>\n<\/td>\n<\/tr>\n<tr style=\"height: 24px;\">\n<td style=\"width: 44.8333px; height: 24px;\">79<\/td>\n<td style=\"width: 82.8333px; height: 24px;\">21.05.2011<\/td>\n<td style=\"width: 586.333px; height: 24px;\">\n<div>VU Motorrad unklare Lage K34 M\u00fchlbach -&gt; F\u00f6ckelberg<\/div>\n<\/td>\n<\/tr>\n<tr style=\"height: 24px;\">\n<td style=\"width: 44.8333px; height: 24px;\">78<\/td>\n<td style=\"width: 82.8333px; height: 24px;\">14.05.2011<\/td>\n<td style=\"width: 586.333px; height: 24px;\">\n<div>Brandnachschau in Patersbach<\/div>\n<\/td>\n<\/tr>\n<tr style=\"height: 24px;\">\n<td style=\"width: 44.8333px; height: 24px;\">77<\/td>\n<td style=\"width: 82.8333px; height: 24px;\">14.05.2011<\/td>\n<td style=\"width: 586.333px; height: 24px;\">\n<div>M\u00fclltonnenbrand in Elzweiler<\/div>\n<\/td>\n<\/tr>\n<tr style=\"height: 24px;\">\n<td style=\"width: 44.8333px; height: 24px;\">76<\/td>\n<td style=\"width: 82.8333px; height: 24px;\">21.04.2011<\/td>\n<td style=\"width: 586.333px; height: 24px;\">\n<div>Kleinbrand in Altenglan n\u00e4he Bahnhof<\/div>\n<\/td>\n<\/tr>\n<tr style=\"height: 24px;\">\n<td style=\"width: 44.8333px; height: 24px;\">75<\/td>\n<td style=\"width: 82.8333px; height: 24px;\">19.04.2011<\/td>\n<td style=\"width: 586.333px; height: 24px;\">\n<div>Kleinbrand in einem Waldgrundst\u00fcck in Patersbach<\/div>\n<\/td>\n<\/tr>\n<tr style=\"height: 24px;\">\n<td style=\"width: 44.8333px; height: 24px;\">74<\/td>\n<td style=\"width: 82.8333px; height: 24px;\">15.04.2011<\/td>\n<td style=\"width: 586.333px; height: 24px;\">\n<div>VU \u00fcberschlagener PKW, Person klemmt, L367 Niederstaufenbach<\/div>\n<\/td>\n<\/tr>\n<tr style=\"height: 24px;\">\n<td style=\"width: 44.8333px; height: 24px;\">73<\/td>\n<td style=\"width: 82.8333px; height: 24px;\">12.04.2011<\/td>\n<td style=\"width: 586.333px; height: 24px;\">\n<div>Umgest\u00fcrzter Baum, B420 Patersbach -&gt; Erdesbach<\/div>\n<\/td>\n<\/tr>\n<tr style=\"height: 24px;\">\n<td style=\"width: 44.8333px; height: 24px;\">72<\/td>\n<td style=\"width: 82.8333px; height: 24px;\">31.03.2011<\/td>\n<td style=\"width: 586.333px; height: 24px;\">\n<div>Starke Rauchentwicklung bei den Windr\u00e4dern in Patersbach<\/div>\n<\/td>\n<\/tr>\n<tr style=\"height: 24px;\">\n<td style=\"width: 44.8333px; height: 24px;\">71<\/td>\n<td style=\"width: 82.8333px; height: 24px;\">26.03.2011<\/td>\n<td style=\"width: 586.333px; height: 24px;\">\n<div>Sicherheitswache Draisinentage<\/div>\n<\/td>\n<\/tr>\n<tr style=\"height: 24px;\">\n<td style=\"width: 44.8333px; height: 24px;\">70<\/td>\n<td style=\"width: 82.8333px; height: 24px;\">16.03.2011<\/td>\n<td style=\"width: 586.333px; height: 24px;\">\n<div>BMA bei der RME in Rammelsbach<\/div>\n<\/td>\n<\/tr>\n<tr style=\"height: 24px;\">\n<td style=\"width: 44.8333px; height: 24px;\">69<\/td>\n<td style=\"width: 82.8333px; height: 24px;\">06.03.2011<\/td>\n<td style=\"width: 586.333px; height: 24px;\">\n<div>Sicherheitswache Kinderfasching in Altenglan<\/div>\n<\/td>\n<\/tr>\n<tr style=\"height: 24px;\">\n<td style=\"width: 44.8333px; height: 24px;\">68<\/td>\n<td style=\"width: 82.8333px; height: 24px;\">05.03.2011<\/td>\n<td style=\"width: 586.333px; height: 24px;\">\n<div>Sicherheitswache Prunksitzung in Altenglan<\/div>\n<\/td>\n<\/tr>\n<tr style=\"height: 24px;\">\n<td style=\"width: 44.8333px; height: 24px;\">67<\/td>\n<td style=\"width: 82.8333px; height: 24px;\">03.03.2011<\/td>\n<td style=\"width: 586.333px; height: 24px;\">\n<div>Sicherheitswache Speckball in Altenglan<\/div>\n<\/td>\n<\/tr>\n<tr style=\"height: 24px;\">\n<td style=\"width: 44.8333px; height: 24px;\">66<\/td>\n<td style=\"width: 82.8333px; height: 24px;\">19.02.2011<\/td>\n<td style=\"width: 586.333px; height: 24px;\">\n<div>VU in Altenglan Kreuzung B420 \/ B423<\/div>\n<\/td>\n<\/tr>\n<tr style=\"height: 24px;\">\n<td style=\"width: 44.8333px; height: 24px;\">65<\/td>\n<td style=\"width: 82.8333px; height: 24px;\">19.02.2011<\/td>\n<td style=\"width: 586.333px; height: 24px;\">\n<div>Brandnachschau durch sehr starke Rauchentwicklung aus Wald in M\u00fchlbach<\/div>\n<\/td>\n<\/tr>\n<tr style=\"height: 24px;\">\n<td style=\"width: 44.8333px; height: 24px;\">64<\/td>\n<td style=\"width: 82.8333px; height: 24px;\">18.02.2011<\/td>\n<td style=\"width: 586.333px; height: 24px;\">\n<div>Kaminbrand in Erdesbach<\/div>\n<\/td>\n<\/tr>\n<tr style=\"height: 24px;\">\n<td style=\"width: 44.8333px; height: 24px;\">63<\/td>\n<td style=\"width: 82.8333px; height: 24px;\">18.02.2011<\/td>\n<td style=\"width: 586.333px; height: 24px;\">\n<div>Kleinbrand in Altenglan am alten G\u00fcterbahnhof<\/div>\n<\/td>\n<\/tr>\n<tr style=\"height: 24px;\">\n<td style=\"width: 44.8333px; height: 24px;\">62<\/td>\n<td style=\"width: 82.8333px; height: 24px;\">17.02.2011<\/td>\n<td style=\"width: 586.333px; height: 24px;\">\n<div>Kaminbrand in Bedesbach<\/div>\n<\/td>\n<\/tr>\n<tr style=\"height: 24px;\">\n<td style=\"width: 44.8333px; height: 24px;\">61<\/td>\n<td style=\"width: 82.8333px; height: 24px;\">14.02.2011<\/td>\n<td style=\"width: 586.333px; height: 24px;\">\n<div>Heuballenbrand in Kusel (Unterst\u00fctzung mit Altenglan 24)<\/div>\n<\/td>\n<\/tr>\n<tr style=\"height: 24px;\">\n<td style=\"width: 44.8333px; height: 24px;\">60<\/td>\n<td style=\"width: 82.8333px; height: 24px;\">12.02.2011<\/td>\n<td style=\"width: 586.333px; height: 24px;\">\n<div>TH &#8211; Einsatz in Altenglan<\/div>\n<\/td>\n<\/tr>\n<tr style=\"height: 24px;\">\n<td style=\"width: 44.8333px; height: 24px;\">59<\/td>\n<td style=\"width: 82.8333px; height: 24px;\">26.01.2011<\/td>\n<td style=\"width: 586.333px; height: 24px;\">\n<div>Notfallt\u00fcr\u00f6ffnung in Altenglan Ortsteil M\u00fchlbach<\/div>\n<\/td>\n<\/tr>\n<tr style=\"height: 24px;\">\n<td style=\"width: 44.8333px; height: 24px;\">58<\/td>\n<td style=\"width: 82.8333px; height: 24px;\">21.01.2011<\/td>\n<td style=\"width: 586.333px; height: 24px;\">\n<div>Kaminbrand in Bedesbach<\/div>\n<\/td>\n<\/tr>\n<tr style=\"height: 24px;\">\n<td style=\"width: 44.8333px; height: 24px;\">57<\/td>\n<td style=\"width: 82.8333px; height: 24px;\">20.01.2011<\/td>\n<td style=\"width: 586.333px; height: 24px;\">\n<div>LKW droht umzust\u00fcrzen K22 Ulmet Richtung Mayweilerhof<\/div>\n<\/td>\n<\/tr>\n<tr style=\"height: 24px;\">\n<td style=\"width: 44.8333px; height: 24px;\">56<\/td>\n<td style=\"width: 82.8333px; height: 24px;\">20.01.2011<\/td>\n<td style=\"width: 586.333px; height: 24px;\">\n<div>VU Person klemmt K22 Ulmet Richtung Mayweilerhof<\/div>\n<\/td>\n<\/tr>\n<tr style=\"height: 24px;\">\n<td style=\"width: 44.8333px; height: 24px;\">55<\/td>\n<td style=\"width: 82.8333px; height: 24px;\">11.01.2011<\/td>\n<td style=\"width: 586.333px; height: 24px;\">\n<div>Notfallt\u00fcr\u00f6ffnung in Altenglan<\/div>\n<\/td>\n<\/tr>\n<tr style=\"height: 24px;\">\n<td style=\"width: 44.8333px; height: 24px;\">54<\/td>\n<td style=\"width: 82.8333px; height: 24px;\">10.01.2011<\/td>\n<td style=\"width: 586.333px; height: 24px;\">\n<div>Wasser im Keller (Glan zu Besuch)<\/div>\n<\/td>\n<\/tr>\n<tr style=\"height: 24px;\">\n<td style=\"width: 44.8333px; height: 24px;\">53<\/td>\n<td style=\"width: 82.8333px; height: 24px;\">08.01.2011<\/td>\n<td style=\"width: 586.333px; height: 24px;\">\n<div>\u00d6lofenbrand in Altenglan<\/div>\n<\/td>\n<\/tr>\n<tr style=\"height: 24px;\">\n<td style=\"width: 44.8333px; height: 24px;\">52<\/td>\n<td style=\"width: 82.8333px; height: 24px;\">08.01.2011<\/td>\n<td style=\"width: 586.333px; height: 24px;\">\n<div>Wassernotstand in Niederalben FEZ besetzt<\/div>\n<\/td>\n<\/tr>\n<tr style=\"height: 24px;\">\n<td style=\"width: 44.8333px; height: 24px;\">19-51<\/td>\n<td style=\"width: 82.8333px; height: 24px;\">07.01.2011<\/td>\n<td style=\"width: 586.333px; height: 24px;\">\n<div>Hochwassereins\u00e4tze in der VG<\/div>\n<\/td>\n<\/tr>\n<tr style=\"height: 24px;\">\n<td style=\"width: 44.8333px; height: 24px;\">02-18<\/td>\n<td style=\"width: 82.8333px; height: 24px;\">06.01.2011<\/td>\n<td style=\"width: 586.333px; height: 24px;\">\n<div>Hochwassereins\u00e4tze in der VG<\/div>\n<\/td>\n<\/tr>\n<tr style=\"height: 24px;\">\n<td style=\"width: 44.8333px; height: 24px;\">1<\/td>\n<td style=\"width: 82.8333px; height: 24px;\">05.01.2011<\/td>\n<td style=\"width: 586.333px; height: 24px;\">\n<div>Hochwasser vorbereitungen getroffen<\/div>\n<\/td>\n<\/tr>\n<\/tbody>\n<\/table>\n<p>[\/et_pb_text][\/et_pb_column][et_pb_column type=&#8220;1_3&#8243; _builder_version=&#8220;4.27.4&#8243; _module_preset=&#8220;default&#8220; background_color=&#8220;#f5f5f5&#8243; custom_padding=&#8220;3em|3em|3em|3em|true|true&#8220; border_radii=&#8220;on|15px|15px|15px|15px&#8220; global_colors_info=&#8220;{}&#8220; theme_builder_area=&#8220;post_content&#8220;][et_pb_blurb title=&#8220;N\u00e4chste Termine&#8220; _builder_version=&#8220;4.27.4&#8243; _module_preset=&#8220;default&#8220; header_font=&#8220;|600|||||||&#8220; header_text_align=&#8220;center&#8220; header_line_height=&#8220;2em&#8220; body_line_height=&#8220;1em&#8220; custom_padding=&#8220;1em|1em|1em|1em|true|true&#8220; border_width_all=&#8220;2px&#8220; border_color_all=&#8220;#dbdbdb&#8220; global_colors_info=&#8220;{}&#8220; theme_builder_area=&#8220;post_content&#8220;]\n<section class=\" ics-calendar layout-basic stickymonths\" id=\"r69f2e4f02e03ce6\" style=\"opacity: 1;\">\n\n\t\t\t<article class=\"ics-calendar-basic-wrapper\">\n\n\t\t\t\n\t\t\t<ul class=\"events r34ics-basic-events\">\n\t\t\t\t\t\t\t\t\t\n\t\t\t\t\t\t\t\t\t\t<li class=\"event t190000\" data-dow=\"4\" data-wknum=\"18\" data-rel2today=\"today\" data-feed-key=\"0\">\n\t\t\t\t\t\t\t\t\t\t\t<div class=\"date\"><span data-date-format=\"l\">Donnerstag<\/span> <span data-date-format=\"j\">30<\/span> <span data-date-format=\"F\">April<\/span><\/div>\n\n\t\t\t\t\t\t\t\t\t\t\t<div class=\"event-info\">\n\t\t\t\t\t\t\t\t\t\t\t\t\t\t\t\t\t\t\t\t\t\t\t\t\t<div class=\"time\">\n\t\t\t\t\t\t\t\t\t\t\t\t\t\t<span class=\"start_time\">19:00<\/span>\n\t\t\t\t\t\t\t\t\t\t\t\t\t\t\t\t\t\t\t\t\t\t\t\t\t\t\t\t\t<span class=\"end_time\">&#8211; 21:00<\/span>\n\t\t\t\t\t\t\t\t\t\t\t\t\t\t\t\t\t\t\t\t\t\t\t\t\t\t\t\t<\/div>\n\t\t\t\t\t\t\t\t\t\t\t\t\t<div class=\"title\">\u00dcbung<\/div>\t\t\t\t\t\t\t\t\t\t\t<\/div>\n\t\t\t\t\t\t\t\t\t\t\n\t\t\t\t\t\t\t\t\t\t<\/li>\n\n\t\t\t\t\t\t\t\t\t\t\t\t\t\t\t\n\t\t\t\t\t\t\t\t\t\t<li class=\"event t190000\" data-dow=\"4\" data-wknum=\"19\" data-rel2today=\"future\" data-feed-key=\"0\">\n\t\t\t\t\t\t\t\t\t\t\t<div class=\"date\"><span data-date-format=\"l\">Donnerstag<\/span> <span data-date-format=\"j\">7<\/span> <span data-date-format=\"F\">Mai<\/span><\/div>\n\n\t\t\t\t\t\t\t\t\t\t\t<div class=\"event-info\">\n\t\t\t\t\t\t\t\t\t\t\t\t\t\t\t\t\t\t\t\t\t\t\t\t\t<div class=\"time\">\n\t\t\t\t\t\t\t\t\t\t\t\t\t\t<span class=\"start_time\">19:00<\/span>\n\t\t\t\t\t\t\t\t\t\t\t\t\t\t\t\t\t\t\t\t\t\t\t\t\t\t\t\t\t<span class=\"end_time\">&#8211; 21:00<\/span>\n\t\t\t\t\t\t\t\t\t\t\t\t\t\t\t\t\t\t\t\t\t\t\t\t\t\t\t\t<\/div>\n\t\t\t\t\t\t\t\t\t\t\t\t\t<div class=\"title\">\u00dcbung<\/div>\t\t\t\t\t\t\t\t\t\t\t<\/div>\n\t\t\t\t\t\t\t\t\t\t\n\t\t\t\t\t\t\t\t\t\t<\/li>\n\n\t\t\t\t\t\t\t\t\t\t\t\t\t<\/ul>\n\t\t<\/article>\n\n\t\t\n<\/section>\n[\/et_pb_blurb][et_pb_blurb title=&#8220;Katwarn&#8220; _builder_version=&#8220;4.27.4&#8243; _module_preset=&#8220;default&#8220; header_font=&#8220;|600|||||||&#8220; header_text_align=&#8220;center&#8220; header_line_height=&#8220;2em&#8220; body_line_height=&#8220;1em&#8220; custom_padding=&#8220;1em|1em|1em|1em|true|true&#8220; border_width_all=&#8220;2px&#8220; border_color_all=&#8220;#dbdbdb&#8220; global_colors_info=&#8220;{}&#8220; theme_builder_area=&#8220;post_content&#8220;]<a href=\"https:\/\/warnungen.katwarn.de\/\" target=\"_blank\" rel=\"noopener noreferrer\"><img decoding=\"async\" style=\"display: block; margin-left: auto; margin-right: auto;\" src=\"https:\/\/warnungen.katwarn.de\/widget\/kus_box.png\" alt=\"Katwarn Warnungen\" \/><\/a>[\/et_pb_blurb][et_pb_blurb title=&#8220;Wetterwarnungen&#8220; _builder_version=&#8220;4.27.4&#8243; _module_preset=&#8220;default&#8220; header_font=&#8220;|600|||||||&#8220; header_text_align=&#8220;center&#8220; header_line_height=&#8220;2em&#8220; body_line_height=&#8220;1em&#8220; custom_padding=&#8220;1em|1em|1em|1em|true|true&#8220; border_width_all=&#8220;2px&#8220; border_color_all=&#8220;#dbdbdb&#8220; global_colors_info=&#8220;{}&#8220; theme_builder_area=&#8220;post_content&#8220;]<\/p>\n<p><img decoding=\"async\" src=\"https:\/\/www.dwd.de\/DWD\/warnungen\/warnapp_gemeinden\/json\/warnungen_gemeinde_map_rps.png\" \/><\/p>\n<p>[\/et_pb_blurb][\/et_pb_column][\/et_pb_row][\/et_pb_section]<\/p>\n","protected":false},"excerpt":{"rendered":"<p>Lfd. Nr. Datum Einsatz 117 16.12.2011 Wassernotstand in Altenglan Kusler Str. 116 16.12.2011 Wassernotstand in Rammelsbach Haschbacherstr. 115 16.12.2011 Wassernotstand in Niederalben Steinalbstra\u00dfe 114 16.12.2011 Wassernotstand in Rammelsbach Kindergarten 113 16.12.2011 Stra\u00dfensperrung in Rammelsbach wegen Hochwasser 112 08.12.2011 VU unklare Lage B420 bei Ulmet 111 05.12.2011 Medizinischer Notfall + RTH Landesicherung 110 27.11.2011 Notfallt\u00fcr\u00f6ffnung in [&hellip;]<\/p>\n","protected":false},"author":1,"featured_media":0,"parent":0,"menu_order":0,"comment_status":"closed","ping_status":"closed","template":"","meta":{"_et_pb_use_builder":"on","_et_pb_old_content":"<!-- wp:divi\/placeholder \/-->","_et_gb_content_width":"","footnotes":""},"class_list":["post-1411","page","type-page","status-publish","hentry"],"_links":{"self":[{"href":"https:\/\/www.feuerwehr-altenglan.de\/index.php?rest_route=\/wp\/v2\/pages\/1411","targetHints":{"allow":["GET"]}}],"collection":[{"href":"https:\/\/www.feuerwehr-altenglan.de\/index.php?rest_route=\/wp\/v2\/pages"}],"about":[{"href":"https:\/\/www.feuerwehr-altenglan.de\/index.php?rest_route=\/wp\/v2\/types\/page"}],"author":[{"embeddable":true,"href":"https:\/\/www.feuerwehr-altenglan.de\/index.php?rest_route=\/wp\/v2\/users\/1"}],"replies":[{"embeddable":true,"href":"https:\/\/www.feuerwehr-altenglan.de\/index.php?rest_route=%2Fwp%2Fv2%2Fcomments&post=1411"}],"version-history":[{"count":3,"href":"https:\/\/www.feuerwehr-altenglan.de\/index.php?rest_route=\/wp\/v2\/pages\/1411\/revisions"}],"predecessor-version":[{"id":1521,"href":"https:\/\/www.feuerwehr-altenglan.de\/index.php?rest_route=\/wp\/v2\/pages\/1411\/revisions\/1521"}],"wp:attachment":[{"href":"https:\/\/www.feuerwehr-altenglan.de\/index.php?rest_route=%2Fwp%2Fv2%2Fmedia&parent=1411"}],"curies":[{"name":"wp","href":"https:\/\/api.w.org\/{rel}","templated":true}]}}